{"id":11855,"date":"2025-09-16T19:40:49","date_gmt":"2025-09-16T19:40:49","guid":{"rendered":"https:\/\/plexo.edu.uy\/?page_id=11855"},"modified":"2025-10-21T18:22:36","modified_gmt":"2025-10-21T18:22:36","slug":"lecturas-recomendadas","status":"publish","type":"page","link":"https:\/\/plexo.edu.uy\/index.php\/lecturas-recomendadas\/","title":{"rendered":"Lecturas recomendadas"},"content":{"rendered":"<p>[et_pb_section fb_built=&#8221;1&#8243; _builder_version=&#8221;4.27.4&#8243; _module_preset=&#8221;default&#8221; background_color=&#8221;rgba(0,0,0,0.5)&#8221; background_image=&#8221;https:\/\/plexo.edu.uy\/wp-content\/uploads\/2025\/09\/San-Francisco.jpg&#8221; background_blend=&#8221;overlay&#8221; global_colors_info=&#8221;{}&#8221;][et_pb_row _builder_version=&#8221;4.27.4&#8243; _module_preset=&#8221;default&#8221; max_width=&#8221;2560px&#8221; custom_margin=&#8221;75px||-50px||false|false&#8221; custom_padding=&#8221;||0px||false|false&#8221; global_colors_info=&#8221;{}&#8221;][et_pb_column type=&#8221;4_4&#8243; _builder_version=&#8221;4.27.4&#8243; _module_preset=&#8221;default&#8221; global_colors_info=&#8221;{}&#8221;][et_pb_text _builder_version=&#8221;4.27.4&#8243; _module_preset=&#8221;default&#8221; header_font=&#8221;&#8211;et_global_body_font||||||||&#8221; header_text_align=&#8221;left&#8221; header_text_color=&#8221;#FFFFFF&#8221; header_font_size=&#8221;80px&#8221; hover_enabled=&#8221;0&#8243; global_colors_info=&#8221;{}&#8221; header_font_size_last_edited=&#8221;on|phone&#8221; header_font_size_phone=&#8221;35px&#8221; sticky_enabled=&#8221;0&#8243; header_font_size_tablet=&#8221;80px&#8221;]<\/p>\n<h1>LECTURAS RECOMENDADAS<\/h1>\n<p>[\/et_pb_text][\/et_pb_column][\/et_pb_row][\/et_pb_section][et_pb_section fb_built=&#8221;1&#8243; _builder_version=&#8221;4.27.4&#8243; _module_preset=&#8221;default&#8221; background_color=&#8221;#f1f1fa&#8221; global_colors_info=&#8221;{}&#8221;][et_pb_row column_structure=&#8221;1_2,1_2&#8243; _builder_version=&#8221;4.27.4&#8243; _module_preset=&#8221;default&#8221; max_width=&#8221;2560px&#8221; global_colors_info=&#8221;{}&#8221;][et_pb_column type=&#8221;1_2&#8243; _builder_version=&#8221;4.27.4&#8243; _module_preset=&#8221;default&#8221; global_colors_info=&#8221;{}&#8221;][dipl_breadcrumb breadcrumb_layout=&#8221;layout2&#8243; use_home_link_custom_text=&#8221;off&#8221; _builder_version=&#8221;4.27.4&#8243; _module_preset=&#8221;default&#8221; link_text_color=&#8221;#e44b5b&#8221; global_colors_info=&#8221;{}&#8221;][\/dipl_breadcrumb][et_pb_text _builder_version=&#8221;4.27.4&#8243; _module_preset=&#8221;default&#8221; global_colors_info=&#8221;{}&#8221;]<\/p>\n<p style=\"text-align: left;\">Todas las lecturas est\u00e1n disponibles para descargar en formato <strong data-start=\"125\" data-end=\"133\">EPUB<\/strong>. Este formato puede abrirse en la mayor\u00eda de lectores de libros electr\u00f3nicos, as\u00ed como en computadoras, tablets y tel\u00e9fonos mediante aplicaciones compatibles como Calibre, Apple Books o Google Play Books. Para acceder a cada lectura, solo es necesario seleccionar el t\u00edtulo y hacer clic en <strong data-start=\"424\" data-end=\"455\">\u201cDescargar aqu\u00ed&#8221;.<\/strong><\/p>\n<p>[\/et_pb_text][\/et_pb_column][et_pb_column type=&#8221;1_2&#8243; _builder_version=&#8221;4.27.4&#8243; _module_preset=&#8221;default&#8221; global_colors_info=&#8221;{}&#8221;][\/et_pb_column][\/et_pb_row][et_pb_row column_structure=&#8221;1_6,1_6,1_6,1_6,1_6,1_6&#8243; use_custom_gutter=&#8221;on&#8221; gutter_width=&#8221;2&#8243; make_equal=&#8221;on&#8221; _builder_version=&#8221;4.27.4&#8243; _module_preset=&#8221;default&#8221; max_width=&#8221;2560px&#8221; global_colors_info=&#8221;{}&#8221;][et_pb_column type=&#8221;1_6&#8243; _builder_version=&#8221;4.27.4&#8243; _module_preset=&#8221;default&#8221; global_colors_info=&#8221;{}&#8221;][dipl_image_card title=&#8221;1Q84 &#8211; Haruki Murakami&#8221; image=&#8221;https:\/\/plexo.edu.uy\/wp-content\/uploads\/2025\/09\/1Q84-Haruki-Murakami.jpg&#8221; enable_lightbox=&#8221;on&#8221; show_button=&#8221;on&#8221; button_text=&#8221;Descargar aqu\u00ed&#8221; button_url=&#8221;https:\/\/drive.google.com\/file\/d\/1s8-QYiBgfUl4AdhdXLzW4RvDNV3ppv21\/view?usp=drive_link&#8221; content_custom_padding=&#8221;8px|0px|0px|0px|false|true&#8221; module_class=&#8221;lecturas-uniformes&#8221; _builder_version=&#8221;4.27.4&#8243; _module_preset=&#8221;default&#8221; title_font=&#8221;&#8211;et_global_body_font||||||||&#8221; title_font_size=&#8221;14px&#8221; custom_button=&#8221;on&#8221; button_text_size=&#8221;13px&#8221; button_icon=&#8221;&#xe092;||divi||400&#8243; button_alignment=&#8221;center&#8221; hover_enabled=&#8221;0&#8243; global_colors_info=&#8221;{}&#8221; sticky_enabled=&#8221;0&#8243;][\/dipl_image_card][\/et_pb_column][et_pb_column type=&#8221;1_6&#8243; _builder_version=&#8221;4.27.4&#8243; _module_preset=&#8221;default&#8221; global_colors_info=&#8221;{}&#8221;][dipl_image_card title=&#8221;1984 &#8211; George Orwell&#8221; image=&#8221;https:\/\/plexo.edu.uy\/wp-content\/uploads\/2025\/09\/1984-George-Orwell.jpg&#8221; enable_lightbox=&#8221;on&#8221; show_button=&#8221;on&#8221; button_text=&#8221;Descargar aqu\u00ed&#8221; button_url=&#8221;https:\/\/drive.google.com\/file\/d\/1-tkum3V0lEYY7Ib7Am0PFHLTzOCZGS3n\/view?usp=drive_link&#8221; content_custom_padding=&#8221;8px|0px|0px|0px|false|true&#8221; module_class=&#8221;lecturas-uniformes&#8221; _builder_version=&#8221;4.27.4&#8243; _module_preset=&#8221;default&#8221; title_font=&#8221;&#8211;et_global_body_font||||||||&#8221; title_font_size=&#8221;14px&#8221; title_line_height=&#8221;2em&#8221; custom_button=&#8221;on&#8221; button_text_size=&#8221;13px&#8221; button_icon=&#8221;&#xe092;||divi||400&#8243; button_alignment=&#8221;center&#8221; title_line_height_tablet=&#8221;2em&#8221; title_line_height_phone=&#8221;2em&#8221; title_line_height_last_edited=&#8221;on|desktop&#8221; global_colors_info=&#8221;{}&#8221;][\/dipl_image_card][\/et_pb_column][et_pb_column type=&#8221;1_6&#8243; _builder_version=&#8221;4.27.4&#8243; _module_preset=&#8221;default&#8221; global_colors_info=&#8221;{}&#8221;][dipl_image_card title=&#8221;After Dark &#8211; Haruki Murakami&#8221; image=&#8221;https:\/\/plexo.edu.uy\/wp-content\/uploads\/2025\/09\/After-Dark-Haruki-Murakami.jpg&#8221; enable_lightbox=&#8221;on&#8221; show_button=&#8221;on&#8221; button_text=&#8221;Descargar aqu\u00ed&#8221; button_url=&#8221;https:\/\/drive.google.com\/file\/d\/1nqjTZqIp0N_Qyv3vxe5a92oL6up8fOaJ\/view?usp=drive_link&#8221; content_custom_padding=&#8221;8px|0px|0px|0px|false|true&#8221; module_class=&#8221;lecturas-uniformes&#8221; _builder_version=&#8221;4.27.4&#8243; _module_preset=&#8221;default&#8221; title_font=&#8221;&#8211;et_global_body_font||||||||&#8221; title_font_size=&#8221;14px&#8221; custom_button=&#8221;on&#8221; button_text_size=&#8221;13px&#8221; button_icon=&#8221;&#xe092;||divi||400&#8243; button_alignment=&#8221;center&#8221; global_colors_info=&#8221;{}&#8221;][\/dipl_image_card][\/et_pb_column][et_pb_column type=&#8221;1_6&#8243; _builder_version=&#8221;4.27.4&#8243; _module_preset=&#8221;default&#8221; global_colors_info=&#8221;{}&#8221;][dipl_image_card title=&#8221;Al sur de la frontera, al oeste del sol &#8211; Haruki Murakami&#8221; image=&#8221;https:\/\/plexo.edu.uy\/wp-content\/uploads\/2025\/09\/Al-sur-de-la-frontera-al-oeste-del-sol-Haruki-Murakami.jpg&#8221; enable_lightbox=&#8221;on&#8221; show_button=&#8221;on&#8221; button_text=&#8221;Descargar aqu\u00ed&#8221; button_url=&#8221;https:\/\/drive.google.com\/file\/d\/1JHO8GK8nZTGUdwJdFQWpU3FOVV5I9hjy\/view?usp=drive_link&#8221; content_custom_padding=&#8221;8px|0px|0px|0px|false|true&#8221; module_class=&#8221;lecturas-uniformes&#8221; _builder_version=&#8221;4.27.4&#8243; _module_preset=&#8221;default&#8221; title_font=&#8221;&#8211;et_global_body_font||||||||&#8221; title_font_size=&#8221;11px&#8221; title_line_height=&#8221;0.9em&#8221; custom_button=&#8221;on&#8221; button_text_size=&#8221;13px&#8221; button_icon=&#8221;&#xe092;||divi||400&#8243; button_alignment=&#8221;center&#8221; title_font_size_tablet=&#8221;11px&#8221; title_font_size_phone=&#8221;14px&#8221; title_font_size_last_edited=&#8221;on|phone&#8221; title_line_height_tablet=&#8221;0.9em&#8221; title_line_height_phone=&#8221;1.2em&#8221; title_line_height_last_edited=&#8221;on|desktop&#8221; global_colors_info=&#8221;{}&#8221;][\/dipl_image_card][\/et_pb_column][et_pb_column type=&#8221;1_6&#8243; _builder_version=&#8221;4.27.4&#8243; _module_preset=&#8221;default&#8221; global_colors_info=&#8221;{}&#8221;][dipl_image_card title=&#8221;American psycho &#8211; Bret Easton Ellis&#8221; image=&#8221;https:\/\/plexo.edu.uy\/wp-content\/uploads\/2025\/09\/American-psycho-Bret-Easton-Ellis.jpg&#8221; enable_lightbox=&#8221;on&#8221; show_button=&#8221;on&#8221; button_text=&#8221;Descargar aqu\u00ed&#8221; button_url=&#8221;https:\/\/drive.google.com\/file\/d\/1fgkPpP6guoHuVgEBHNsB0l3002QWtR-6\/view?usp=drive_link&#8221; content_custom_padding=&#8221;8px|0px|0px|0px|false|true&#8221; module_class=&#8221;lecturas-uniformes&#8221; _builder_version=&#8221;4.27.4&#8243; _module_preset=&#8221;default&#8221; title_font=&#8221;&#8211;et_global_body_font||||||||&#8221; title_font_size=&#8221;14px&#8221; custom_button=&#8221;on&#8221; button_text_size=&#8221;13px&#8221; button_icon=&#8221;&#xe092;||divi||400&#8243; button_alignment=&#8221;center&#8221; global_colors_info=&#8221;{}&#8221;][\/dipl_image_card][\/et_pb_column][et_pb_column type=&#8221;1_6&#8243; _builder_version=&#8221;4.27.4&#8243; _module_preset=&#8221;default&#8221; global_colors_info=&#8221;{}&#8221;][dipl_image_card title=&#8221;Ampliacion del campo de batalla &#8211; Michel Houellebecq&#8221; image=&#8221;https:\/\/plexo.edu.uy\/wp-content\/uploads\/2025\/09\/Ampliacion-del-campo-de-batalla-Michel-Houellebecq.jpeg&#8221; enable_lightbox=&#8221;on&#8221; show_button=&#8221;on&#8221; button_text=&#8221;Descargar aqu\u00ed&#8221; button_url=&#8221;https:\/\/drive.google.com\/file\/d\/10li9CcJ8584zFVeQto30ZMEUIhdD1I8L\/view?usp=drive_link&#8221; content_custom_padding=&#8221;8px|0px|0px|0px|false|true&#8221; module_class=&#8221;lecturas-uniformes&#8221; _builder_version=&#8221;4.27.4&#8243; _module_preset=&#8221;default&#8221; title_font=&#8221;&#8211;et_global_body_font||||||||&#8221; title_font_size=&#8221;11px&#8221; title_line_height=&#8221;0.9em&#8221; custom_button=&#8221;on&#8221; button_text_size=&#8221;13px&#8221; button_icon=&#8221;&#xe092;||divi||400&#8243; button_alignment=&#8221;center&#8221; title_font_size_tablet=&#8221;11px&#8221; title_font_size_phone=&#8221;14px&#8221; title_font_size_last_edited=&#8221;on|desktop&#8221; title_line_height_tablet=&#8221;0.9em&#8221; title_line_height_phone=&#8221;1.2em&#8221; title_line_height_last_edited=&#8221;on|phone&#8221; global_colors_info=&#8221;{}&#8221;][\/dipl_image_card][\/et_pb_column][\/et_pb_row][et_pb_row column_structure=&#8221;1_6,1_6,1_6,1_6,1_6,1_6&#8243; use_custom_gutter=&#8221;on&#8221; gutter_width=&#8221;2&#8243; make_equal=&#8221;on&#8221; _builder_version=&#8221;4.27.4&#8243; _module_preset=&#8221;default&#8221; max_width=&#8221;2560px&#8221; global_colors_info=&#8221;{}&#8221;][et_pb_column type=&#8221;1_6&#8243; _builder_version=&#8221;4.27.4&#8243; _module_preset=&#8221;default&#8221; global_colors_info=&#8221;{}&#8221;][dipl_image_card title=&#8221;Aurora boreal &#8211; Asa Larsson&#8221; image=&#8221;https:\/\/plexo.edu.uy\/wp-content\/uploads\/2025\/09\/Aurora-boreal-Asa-Larsson.jpg&#8221; enable_lightbox=&#8221;on&#8221; show_button=&#8221;on&#8221; button_text=&#8221;Descargar aqu\u00ed&#8221; button_url=&#8221;https:\/\/drive.google.com\/file\/d\/16oTbmxRcefb6wrn4t&#8211;Cpq0nCtoB73rt\/view?usp=drive_link&#8221; content_custom_padding=&#8221;8px|0px|0px|0px|false|true&#8221; module_class=&#8221;lecturas-uniformes&#8221; _builder_version=&#8221;4.27.4&#8243; _module_preset=&#8221;default&#8221; title_font=&#8221;&#8211;et_global_body_font||||||||&#8221; title_font_size=&#8221;14px&#8221; custom_button=&#8221;on&#8221; button_text_size=&#8221;13px&#8221; button_icon=&#8221;&#xe092;||divi||400&#8243; button_alignment=&#8221;center&#8221; global_colors_info=&#8221;{}&#8221;][\/dipl_image_card][\/et_pb_column][et_pb_column type=&#8221;1_6&#8243; _builder_version=&#8221;4.27.4&#8243; _module_preset=&#8221;default&#8221; global_colors_info=&#8221;{}&#8221;][dipl_image_card title=&#8221;Baudolino &#8211; Umberto Eco&#8221; image=&#8221;https:\/\/plexo.edu.uy\/wp-content\/uploads\/2025\/09\/Baudolino-Umberto-Eco.jpg&#8221; enable_lightbox=&#8221;on&#8221; show_button=&#8221;on&#8221; button_text=&#8221;Descargar aqu\u00ed&#8221; button_url=&#8221;https:\/\/drive.google.com\/file\/d\/15SEaiUQG8lXYyJjiMtj9RnCUHy0gOg8v\/view?usp=drive_link&#8221; content_custom_padding=&#8221;8px|0px|0px|0px|false|true&#8221; module_class=&#8221;lecturas-uniformes&#8221; _builder_version=&#8221;4.27.4&#8243; _module_preset=&#8221;default&#8221; title_font=&#8221;&#8211;et_global_body_font||||||||&#8221; title_font_size=&#8221;14px&#8221; custom_button=&#8221;on&#8221; button_text_size=&#8221;13px&#8221; button_icon=&#8221;&#xe092;||divi||400&#8243; button_alignment=&#8221;center&#8221; global_colors_info=&#8221;{}&#8221;][\/dipl_image_card][\/et_pb_column][et_pb_column type=&#8221;1_6&#8243; _builder_version=&#8221;4.27.4&#8243; _module_preset=&#8221;default&#8221; global_colors_info=&#8221;{}&#8221;][dipl_image_card title=&#8221;Bovedas de acero &#8211; Isaac Asimov&#8221; image=&#8221;https:\/\/plexo.edu.uy\/wp-content\/uploads\/2025\/09\/Bovedas-de-acero-Isaac-Asimov.jpg&#8221; enable_lightbox=&#8221;on&#8221; show_button=&#8221;on&#8221; button_text=&#8221;Descargar aqu\u00ed&#8221; button_url=&#8221;https:\/\/drive.google.com\/file\/d\/1SpbRYxpVJLVLDKlt5V84qGh6fIgwfxNR\/view?usp=drive_link&#8221; content_custom_padding=&#8221;8px|0px|0px|0px|false|true&#8221; module_class=&#8221;lecturas-uniformes&#8221; _builder_version=&#8221;4.27.4&#8243; _module_preset=&#8221;default&#8221; title_font=&#8221;&#8211;et_global_body_font||||||||&#8221; title_font_size=&#8221;14px&#8221; custom_button=&#8221;on&#8221; button_text_size=&#8221;13px&#8221; button_icon=&#8221;&#xe092;||divi||400&#8243; button_alignment=&#8221;center&#8221; global_colors_info=&#8221;{}&#8221;][\/dipl_image_card][\/et_pb_column][et_pb_column type=&#8221;1_6&#8243; _builder_version=&#8221;4.27.4&#8243; _module_preset=&#8221;default&#8221; global_colors_info=&#8221;{}&#8221;][dipl_image_card title=&#8221;Brooklyn Follies &#8211; Paul Auster&#8221; image=&#8221;https:\/\/plexo.edu.uy\/wp-content\/uploads\/2025\/09\/Brooklyn-Follies-Paul-Auster-e1757978823747.jpeg&#8221; enable_lightbox=&#8221;on&#8221; show_button=&#8221;on&#8221; button_text=&#8221;Descargar aqu\u00ed&#8221; button_url=&#8221;https:\/\/drive.google.com\/file\/d\/1zfXheGPsXo5raxF6L-xp9hXSx_Y8UIMo\/view?usp=drive_link&#8221; content_custom_padding=&#8221;8px|0px|0px|0px|false|true&#8221; module_class=&#8221;lecturas-uniformes&#8221; _builder_version=&#8221;4.27.4&#8243; _module_preset=&#8221;default&#8221; title_font=&#8221;&#8211;et_global_body_font||||||||&#8221; title_font_size=&#8221;14px&#8221; custom_button=&#8221;on&#8221; button_text_size=&#8221;13px&#8221; button_icon=&#8221;&#xe092;||divi||400&#8243; button_alignment=&#8221;center&#8221; global_colors_info=&#8221;{}&#8221;][\/dipl_image_card][\/et_pb_column][et_pb_column type=&#8221;1_6&#8243; _builder_version=&#8221;4.27.4&#8243; _module_preset=&#8221;default&#8221; global_colors_info=&#8221;{}&#8221;][dipl_image_card title=&#8221;Calle de las Tiendas Oscuras &#8211; Patrick Modiano&#8221; image=&#8221;https:\/\/plexo.edu.uy\/wp-content\/uploads\/2025\/09\/Calle-de-las-Tiendas-Oscuras-Patrick-Modiano.jpeg&#8221; enable_lightbox=&#8221;on&#8221; show_button=&#8221;on&#8221; button_text=&#8221;Descargar aqu\u00ed&#8221; button_url=&#8221;https:\/\/drive.google.com\/file\/d\/1MMDsBLRm-L0QCesgawMNniDkMfISJd1p\/view?usp=drive_link&#8221; content_custom_padding=&#8221;8px|0px|0px|0px|false|true&#8221; module_class=&#8221;lecturas-uniformes&#8221; _builder_version=&#8221;4.27.4&#8243; _module_preset=&#8221;default&#8221; title_font=&#8221;&#8211;et_global_body_font||||||||&#8221; title_font_size=&#8221;11.5px&#8221; title_line_height=&#8221;1.25em&#8221; custom_button=&#8221;on&#8221; button_text_size=&#8221;13px&#8221; button_icon=&#8221;&#xe092;||divi||400&#8243; button_alignment=&#8221;center&#8221; title_font_size_tablet=&#8221;11.5px&#8221; title_font_size_phone=&#8221;16px&#8221; title_font_size_last_edited=&#8221;on|phone&#8221; title_line_height_tablet=&#8221;1.25em&#8221; title_line_height_phone=&#8221;1.2em&#8221; title_line_height_last_edited=&#8221;on|desktop&#8221; global_colors_info=&#8221;{}&#8221;][\/dipl_image_card][\/et_pb_column][et_pb_column type=&#8221;1_6&#8243; _builder_version=&#8221;4.27.4&#8243; _module_preset=&#8221;default&#8221; global_colors_info=&#8221;{}&#8221;][dipl_image_card title=&#8221;Candido o el optimismo &#8211; Voltaire&#8221; image=&#8221;https:\/\/plexo.edu.uy\/wp-content\/uploads\/2025\/09\/Candido-o-el-optimismo-Voltaire.jpg&#8221; enable_lightbox=&#8221;on&#8221; show_button=&#8221;on&#8221; button_text=&#8221;Descargar aqu\u00ed&#8221; button_url=&#8221;https:\/\/drive.google.com\/file\/d\/1FJ_UUTSum9MRsJdNfWszVLKstpS9MCQg\/view?usp=drive_link&#8221; content_custom_padding=&#8221;8px|0px|0px|0px|false|true&#8221; module_class=&#8221;lecturas-uniformes&#8221; _builder_version=&#8221;4.27.4&#8243; _module_preset=&#8221;default&#8221; title_font=&#8221;&#8211;et_global_body_font||||||||&#8221; title_font_size=&#8221;14px&#8221; custom_button=&#8221;on&#8221; button_text_size=&#8221;13px&#8221; button_icon=&#8221;&#xe092;||divi||400&#8243; button_alignment=&#8221;center&#8221; global_colors_info=&#8221;{}&#8221;][\/dipl_image_card][\/et_pb_column][\/et_pb_row][et_pb_row column_structure=&#8221;1_6,1_6,1_6,1_6,1_6,1_6&#8243; use_custom_gutter=&#8221;on&#8221; gutter_width=&#8221;2&#8243; make_equal=&#8221;on&#8221; _builder_version=&#8221;4.27.4&#8243; _module_preset=&#8221;default&#8221; max_width=&#8221;2560px&#8221; global_colors_info=&#8221;{}&#8221;][et_pb_column type=&#8221;1_6&#8243; _builder_version=&#8221;4.27.4&#8243; _module_preset=&#8221;default&#8221; global_colors_info=&#8221;{}&#8221;][dipl_image_card title=&#8221;Cartas de la conquista de Mexico &#8211; Hernan Cortes&#8221; image=&#8221;https:\/\/plexo.edu.uy\/wp-content\/uploads\/2025\/09\/Cartas-de-la-conquista-de-Mexico-Hernan-Cortes.jpg&#8221; enable_lightbox=&#8221;on&#8221; show_button=&#8221;on&#8221; button_text=&#8221;Descargar aqu\u00ed&#8221; button_url=&#8221;https:\/\/drive.google.com\/file\/d\/1sotIvfwcYsUElUZ4rv9o95SMYc-UYPkV\/view?usp=drive_link&#8221; content_custom_padding=&#8221;8px|0px|0px|0px|false|true&#8221; module_class=&#8221;lecturas-uniformes&#8221; _builder_version=&#8221;4.27.4&#8243; _module_preset=&#8221;default&#8221; title_font=&#8221;&#8211;et_global_body_font||||||||&#8221; title_font_size=&#8221;11px&#8221; title_line_height=&#8221;1.3em&#8221; custom_button=&#8221;on&#8221; button_text_size=&#8221;13px&#8221; button_icon=&#8221;&#xe092;||divi||400&#8243; button_alignment=&#8221;center&#8221; title_font_size_tablet=&#8221;11px&#8221; title_font_size_phone=&#8221;14px&#8221; title_font_size_last_edited=&#8221;on|phone&#8221; title_line_height_tablet=&#8221;1.3em&#8221; title_line_height_phone=&#8221;1.2em&#8221; title_line_height_last_edited=&#8221;on|phone&#8221; global_colors_info=&#8221;{}&#8221;][\/dipl_image_card][\/et_pb_column][et_pb_column type=&#8221;1_6&#8243; _builder_version=&#8221;4.27.4&#8243; _module_preset=&#8221;default&#8221; global_colors_info=&#8221;{}&#8221;][dipl_image_card title=&#8221;Catedral &#8211; Raymond Carver&#8221; image=&#8221;https:\/\/plexo.edu.uy\/wp-content\/uploads\/2025\/09\/Catedral-Raymond-Carver.jpeg&#8221; enable_lightbox=&#8221;on&#8221; show_button=&#8221;on&#8221; button_text=&#8221;Descargar aqu\u00ed&#8221; button_url=&#8221;https:\/\/drive.google.com\/file\/d\/1_IvtFrWKnKxYJyDRM_ya183AsTbRjgXc\/view?usp=drive_link&#8221; content_custom_padding=&#8221;8px|0px|0px|0px|false|true&#8221; module_class=&#8221;lecturas-uniformes&#8221; _builder_version=&#8221;4.27.4&#8243; _module_preset=&#8221;default&#8221; title_font=&#8221;&#8211;et_global_body_font||||||||&#8221; title_font_size=&#8221;14px&#8221; custom_button=&#8221;on&#8221; button_text_size=&#8221;13px&#8221; button_icon=&#8221;&#xe092;||divi||400&#8243; button_alignment=&#8221;center&#8221; global_colors_info=&#8221;{}&#8221;][\/dipl_image_card][\/et_pb_column][et_pb_column type=&#8221;1_6&#8243; _builder_version=&#8221;4.27.4&#8243; _module_preset=&#8221;default&#8221; global_colors_info=&#8221;{}&#8221;][dipl_image_card title=&#8221;City &#8211; Alessandro Baricco&#8221; image=&#8221;https:\/\/plexo.edu.uy\/wp-content\/uploads\/2025\/09\/City-Alessandro-Baricco.jpg&#8221; enable_lightbox=&#8221;on&#8221; show_button=&#8221;on&#8221; button_text=&#8221;Descargar aqu\u00ed&#8221; button_url=&#8221;https:\/\/drive.google.com\/file\/d\/10ivPtGWwqcyf14g14IpmxfAErW9B0mkE\/view?usp=drive_link&#8221; content_custom_padding=&#8221;8px|0px|0px|0px|false|true&#8221; module_class=&#8221;lecturas-uniformes&#8221; _builder_version=&#8221;4.27.4&#8243; _module_preset=&#8221;default&#8221; title_font=&#8221;&#8211;et_global_body_font||||||||&#8221; title_font_size=&#8221;14px&#8221; custom_button=&#8221;on&#8221; button_text_size=&#8221;13px&#8221; button_icon=&#8221;&#xe092;||divi||400&#8243; button_alignment=&#8221;center&#8221; global_colors_info=&#8221;{}&#8221;][\/dipl_image_card][\/et_pb_column][et_pb_column type=&#8221;1_6&#8243; _builder_version=&#8221;4.27.4&#8243; _module_preset=&#8221;default&#8221; global_colors_info=&#8221;{}&#8221;][dipl_image_card title=&#8221;Con el agua al cuello &#8211; Petros Markaris&#8221; image=&#8221;https:\/\/plexo.edu.uy\/wp-content\/uploads\/2025\/09\/Con-el-agua-al-cuello-Petros-Markaris.jpg&#8221; enable_lightbox=&#8221;on&#8221; show_button=&#8221;on&#8221; button_text=&#8221;Descargar aqu\u00ed&#8221; button_url=&#8221;https:\/\/drive.google.com\/file\/d\/1h1WbC4NR9NJ8f2svuP2x4L9hUuq0GXhd\/view?usp=drive_link&#8221; content_custom_padding=&#8221;8px|0px|0px|0px|false|true&#8221; module_class=&#8221;lecturas-uniformes&#8221; _builder_version=&#8221;4.27.4&#8243; _module_preset=&#8221;default&#8221; title_font=&#8221;&#8211;et_global_body_font||||||||&#8221; title_font_size=&#8221;14px&#8221; custom_button=&#8221;on&#8221; button_text_size=&#8221;13px&#8221; button_icon=&#8221;&#xe092;||divi||400&#8243; button_alignment=&#8221;center&#8221; global_colors_info=&#8221;{}&#8221;][\/dipl_image_card][\/et_pb_column][et_pb_column type=&#8221;1_6&#8243; _builder_version=&#8221;4.27.4&#8243; _module_preset=&#8221;default&#8221; global_colors_info=&#8221;{}&#8221;][dipl_image_card title=&#8221;Confesiones de una mascara &#8211; Yukio Mishima&#8221; image=&#8221;https:\/\/plexo.edu.uy\/wp-content\/uploads\/2025\/09\/Confesiones-de-una-mascara-Yukio-Mishima.jpg&#8221; enable_lightbox=&#8221;on&#8221; show_button=&#8221;on&#8221; button_text=&#8221;Descargar aqu\u00ed&#8221; button_url=&#8221;https:\/\/drive.google.com\/file\/d\/1l2QpMgpD9wgEj3jy34YkHq6EObHAne53\/view?usp=drive_link&#8221; content_custom_padding=&#8221;8px|0px|0px|0px|false|true&#8221; module_class=&#8221;lecturas-uniformes&#8221; _builder_version=&#8221;4.27.4&#8243; _module_preset=&#8221;default&#8221; title_font=&#8221;&#8211;et_global_body_font||||||||&#8221; title_font_size=&#8221;12px&#8221; custom_button=&#8221;on&#8221; button_text_size=&#8221;13px&#8221; button_icon=&#8221;&#xe092;||divi||400&#8243; button_alignment=&#8221;center&#8221; title_font_size_tablet=&#8221;12px&#8221; title_font_size_phone=&#8221;14px&#8221; title_font_size_last_edited=&#8221;on|desktop&#8221; global_colors_info=&#8221;{}&#8221;][\/dipl_image_card][\/et_pb_column][et_pb_column type=&#8221;1_6&#8243; _builder_version=&#8221;4.27.4&#8243; _module_preset=&#8221;default&#8221; global_colors_info=&#8221;{}&#8221;][dipl_image_card title=&#8221;Crepusculo en Oslo &#8211; Anne Holt&#8221; image=&#8221;https:\/\/plexo.edu.uy\/wp-content\/uploads\/2025\/09\/Crepusculo-en-Oslo-Anne-Holt.jpg&#8221; enable_lightbox=&#8221;on&#8221; show_button=&#8221;on&#8221; button_text=&#8221;Descargar aqu\u00ed&#8221; button_url=&#8221;https:\/\/drive.google.com\/file\/d\/1O2d6QMgD4BG3K033QNE88mnGlhaEel6C\/view?usp=drive_link&#8221; content_custom_padding=&#8221;8px|0px|0px|0px|false|true&#8221; module_class=&#8221;lecturas-uniformes&#8221; _builder_version=&#8221;4.27.4&#8243; _module_preset=&#8221;default&#8221; title_font=&#8221;&#8211;et_global_body_font||||||||&#8221; title_font_size=&#8221;14px&#8221; custom_button=&#8221;on&#8221; button_text_size=&#8221;13px&#8221; button_icon=&#8221;&#xe092;||divi||400&#8243; button_alignment=&#8221;center&#8221; global_colors_info=&#8221;{}&#8221;][\/dipl_image_card][\/et_pb_column][\/et_pb_row][et_pb_row column_structure=&#8221;1_6,1_6,1_6,1_6,1_6,1_6&#8243; use_custom_gutter=&#8221;on&#8221; gutter_width=&#8221;2&#8243; make_equal=&#8221;on&#8221; _builder_version=&#8221;4.27.4&#8243; _module_preset=&#8221;default&#8221; max_width=&#8221;2560px&#8221; global_colors_info=&#8221;{}&#8221;][et_pb_column type=&#8221;1_6&#8243; _builder_version=&#8221;4.27.4&#8243; _module_preset=&#8221;default&#8221; global_colors_info=&#8221;{}&#8221;][dipl_image_card title=&#8221;Cronica del pajaro que da cuerda al mundo &#8211; Haruki Murakami&#8221; image=&#8221;https:\/\/plexo.edu.uy\/wp-content\/uploads\/2025\/09\/Cronica-del-pajaro-que-da-cuerda-al-mundo-Haruki-Murakami.jpg&#8221; enable_lightbox=&#8221;on&#8221; show_button=&#8221;on&#8221; button_text=&#8221;Descargar aqu\u00ed&#8221; button_url=&#8221;https:\/\/drive.google.com\/file\/d\/1TpiyCS9z0Osg721yDL85JQ3U0thy-Rdd\/view?usp=drive_link&#8221; content_custom_padding=&#8221;8px|0px|0px|0px|false|true&#8221; module_class=&#8221;lecturas-uniformes&#8221; _builder_version=&#8221;4.27.4&#8243; _module_preset=&#8221;default&#8221; title_font=&#8221;&#8211;et_global_body_font||||||||&#8221; title_font_size=&#8221;14px&#8221; custom_button=&#8221;on&#8221; button_text_size=&#8221;13px&#8221; button_icon=&#8221;&#xe092;||divi||400&#8243; button_alignment=&#8221;center&#8221; global_colors_info=&#8221;{}&#8221;][\/dipl_image_card][\/et_pb_column][et_pb_column type=&#8221;1_6&#8243; _builder_version=&#8221;4.27.4&#8243; _module_preset=&#8221;default&#8221; global_colors_info=&#8221;{}&#8221;][dipl_image_card title=&#8221;El arca de Noe &#8211; Khaled Al Khamissi&#8221; image=&#8221;https:\/\/plexo.edu.uy\/wp-content\/uploads\/2025\/09\/El-arca-de-Noe-Khaled-Al-Khamissi.jpg&#8221; enable_lightbox=&#8221;on&#8221; show_button=&#8221;on&#8221; button_text=&#8221;Descargar aqu\u00ed&#8221; button_url=&#8221;https:\/\/drive.google.com\/file\/d\/1qsZ2oIFPfIiD7GpsT_WUxFI8KMlVQqbS\/view?usp=drive_link&#8221; content_custom_padding=&#8221;8px|0px|0px|0px|false|true&#8221; module_class=&#8221;lecturas-uniformes&#8221; _builder_version=&#8221;4.27.4&#8243; _module_preset=&#8221;default&#8221; title_font=&#8221;&#8211;et_global_body_font||||||||&#8221; title_font_size=&#8221;14px&#8221; custom_button=&#8221;on&#8221; button_text_size=&#8221;13px&#8221; button_icon=&#8221;&#xe092;||divi||400&#8243; button_alignment=&#8221;center&#8221; global_colors_info=&#8221;{}&#8221;][\/dipl_image_card][\/et_pb_column][et_pb_column type=&#8221;1_6&#8243; _builder_version=&#8221;4.27.4&#8243; _module_preset=&#8221;default&#8221; global_colors_info=&#8221;{}&#8221;][dipl_image_card title=&#8221;El castillo blanco &#8211; Orhan Pamuk&#8221; image=&#8221;https:\/\/plexo.edu.uy\/wp-content\/uploads\/2025\/09\/El-castillo-blanco-Orhan-Pamuk.jpg&#8221; enable_lightbox=&#8221;on&#8221; show_button=&#8221;on&#8221; button_text=&#8221;Descargar aqu\u00ed&#8221; button_url=&#8221;https:\/\/drive.google.com\/file\/d\/13Qd8pJB9QkJA-tgmLeyOcyQPuqzdk_7A\/view?usp=drive_link&#8221; content_custom_padding=&#8221;8px|0px|0px|0px|false|true&#8221; module_class=&#8221;lecturas-uniformes&#8221; _builder_version=&#8221;4.27.4&#8243; _module_preset=&#8221;default&#8221; title_font=&#8221;&#8211;et_global_body_font||||||||&#8221; title_font_size=&#8221;14px&#8221; custom_button=&#8221;on&#8221; button_text_size=&#8221;13px&#8221; button_icon=&#8221;&#xe092;||divi||400&#8243; button_alignment=&#8221;center&#8221; global_colors_info=&#8221;{}&#8221;][\/dipl_image_card][\/et_pb_column][et_pb_column type=&#8221;1_6&#8243; _builder_version=&#8221;4.27.4&#8243; _module_preset=&#8221;default&#8221; global_colors_info=&#8221;{}&#8221;][dipl_image_card title=&#8221;El cementerio de Praga &#8211; Umberto Eco&#8221; image=&#8221;https:\/\/plexo.edu.uy\/wp-content\/uploads\/2025\/09\/El-cementerio-de-Praga-Umberto-Eco.jpg&#8221; enable_lightbox=&#8221;on&#8221; show_button=&#8221;on&#8221; button_text=&#8221;Descargar aqu\u00ed&#8221; button_url=&#8221;https:\/\/drive.google.com\/file\/d\/1MNOCKTw5-wU6UU-DRhL7B0oM_Ppj719k\/view?usp=drive_link&#8221; content_custom_padding=&#8221;8px|0px|0px|0px|false|true&#8221; module_class=&#8221;lecturas-uniformes&#8221; _builder_version=&#8221;4.27.4&#8243; _module_preset=&#8221;default&#8221; title_font=&#8221;&#8211;et_global_body_font||||||||&#8221; title_font_size=&#8221;14px&#8221; custom_button=&#8221;on&#8221; button_text_size=&#8221;13px&#8221; button_icon=&#8221;&#xe092;||divi||400&#8243; button_alignment=&#8221;center&#8221; global_colors_info=&#8221;{}&#8221;][\/dipl_image_card][\/et_pb_column][et_pb_column type=&#8221;1_6&#8243; _builder_version=&#8221;4.27.4&#8243; _module_preset=&#8221;default&#8221; global_colors_info=&#8221;{}&#8221;][dipl_image_card title=&#8221;El dia de los Trifidos &#8211; John Wyndham&#8221; image=&#8221;https:\/\/plexo.edu.uy\/wp-content\/uploads\/2025\/09\/El-dia-de-los-Trifidos-John-Wyndham.jpg&#8221; enable_lightbox=&#8221;on&#8221; show_button=&#8221;on&#8221; button_text=&#8221;Descargar aqu\u00ed&#8221; button_url=&#8221;https:\/\/drive.google.com\/file\/d\/1vJev3-V8-oSVN3fZShL2llsmSYri4feE\/view?usp=drive_link&#8221; content_custom_padding=&#8221;8px|0px|0px|0px|false|true&#8221; module_class=&#8221;lecturas-uniformes&#8221; _builder_version=&#8221;4.27.4&#8243; _module_preset=&#8221;default&#8221; title_font=&#8221;&#8211;et_global_body_font||||||||&#8221; title_font_size=&#8221;14px&#8221; custom_button=&#8221;on&#8221; button_text_size=&#8221;13px&#8221; button_icon=&#8221;&#xe092;||divi||400&#8243; button_alignment=&#8221;center&#8221; global_colors_info=&#8221;{}&#8221;][\/dipl_image_card][\/et_pb_column][et_pb_column type=&#8221;1_6&#8243; _builder_version=&#8221;4.27.4&#8243; _module_preset=&#8221;default&#8221; global_colors_info=&#8221;{}&#8221;][dipl_image_card title=&#8221;El extrano caso del Dr Jekyll y Mr Hyde &#8211; Robert Louis Stevenson&#8221; image=&#8221;https:\/\/plexo.edu.uy\/wp-content\/uploads\/2025\/09\/El-extrano-caso-del-Dr-Jekyll-y-Mr-Hyde-Robert-Louis-Stevenson.jpg&#8221; enable_lightbox=&#8221;on&#8221; show_button=&#8221;on&#8221; button_text=&#8221;Descargar aqu\u00ed&#8221; button_url=&#8221;https:\/\/drive.google.com\/file\/d\/1kZ9TIAy0soBULpqgdhhNe2Ld2r0UobB1\/view?usp=drive_link&#8221; content_custom_padding=&#8221;8px|0px|0px|0px|false|true&#8221; module_class=&#8221;lecturas-uniformes&#8221; _builder_version=&#8221;4.27.4&#8243; _module_preset=&#8221;default&#8221; title_font=&#8221;&#8211;et_global_body_font||||||||&#8221; title_font_size=&#8221;14px&#8221; custom_button=&#8221;on&#8221; button_text_size=&#8221;13px&#8221; button_icon=&#8221;&#xe092;||divi||400&#8243; button_alignment=&#8221;center&#8221; global_colors_info=&#8221;{}&#8221;][\/dipl_image_card][\/et_pb_column][\/et_pb_row][et_pb_row column_structure=&#8221;1_6,1_6,1_6,1_6,1_6,1_6&#8243; use_custom_gutter=&#8221;on&#8221; gutter_width=&#8221;2&#8243; make_equal=&#8221;on&#8221; _builder_version=&#8221;4.27.4&#8243; _module_preset=&#8221;default&#8221; max_width=&#8221;2560px&#8221; global_colors_info=&#8221;{}&#8221;][et_pb_column type=&#8221;1_6&#8243; _builder_version=&#8221;4.27.4&#8243; _module_preset=&#8221;default&#8221; global_colors_info=&#8221;{}&#8221;][dipl_image_card title=&#8221;El fantasma de la opera &#8211; Gaston Leroux&#8221; image=&#8221;https:\/\/plexo.edu.uy\/wp-content\/uploads\/2025\/09\/El-fantasma-de-la-opera-Gaston-Leroux.jpg&#8221; enable_lightbox=&#8221;on&#8221; show_button=&#8221;on&#8221; button_text=&#8221;Descargar aqu\u00ed&#8221; button_url=&#8221;https:\/\/drive.google.com\/file\/d\/1EVB1g9NvN0fvWvN9RSf-9vFv50eYzThq\/view?usp=drive_link&#8221; content_custom_padding=&#8221;8px|0px|0px|0px|false|true&#8221; module_class=&#8221;lecturas-uniformes&#8221; _builder_version=&#8221;4.27.4&#8243; _module_preset=&#8221;default&#8221; title_font=&#8221;&#8211;et_global_body_font||||||||&#8221; title_font_size=&#8221;14px&#8221; custom_button=&#8221;on&#8221; button_text_size=&#8221;13px&#8221; button_icon=&#8221;&#xe092;||divi||400&#8243; button_alignment=&#8221;center&#8221; global_colors_info=&#8221;{}&#8221;][\/dipl_image_card][\/et_pb_column][et_pb_column type=&#8221;1_6&#8243; _builder_version=&#8221;4.27.4&#8243; _module_preset=&#8221;default&#8221; global_colors_info=&#8221;{}&#8221;][dipl_image_card title=&#8221;El hereje &#8211; Miguel Delibes&#8221; image=&#8221;https:\/\/plexo.edu.uy\/wp-content\/uploads\/2025\/09\/El-hereje-Miguel-Delibes.jpg&#8221; enable_lightbox=&#8221;on&#8221; show_button=&#8221;on&#8221; button_text=&#8221;Descargar aqu\u00ed&#8221; button_url=&#8221;https:\/\/drive.google.com\/file\/d\/1zfnEPo3vbuS28H0Uv8gWD12qU89p9BMa\/view?usp=drive_link&#8221; content_custom_padding=&#8221;8px|0px|0px|0px|false|true&#8221; module_class=&#8221;lecturas-uniformes&#8221; _builder_version=&#8221;4.27.4&#8243; _module_preset=&#8221;default&#8221; title_font=&#8221;&#8211;et_global_body_font||||||||&#8221; title_font_size=&#8221;14px&#8221; custom_button=&#8221;on&#8221; button_text_size=&#8221;13px&#8221; button_icon=&#8221;&#xe092;||divi||400&#8243; button_alignment=&#8221;center&#8221; global_colors_info=&#8221;{}&#8221;][\/dipl_image_card][\/et_pb_column][et_pb_column type=&#8221;1_6&#8243; _builder_version=&#8221;4.27.4&#8243; _module_preset=&#8221;default&#8221; global_colors_info=&#8221;{}&#8221;][dipl_image_card title=&#8221;El libro de Saladino &#8211; Tariq Ali&#8221; image=&#8221;https:\/\/plexo.edu.uy\/wp-content\/uploads\/2025\/09\/El-libro-de-Saladino-Tariq-Ali.jpg&#8221; enable_lightbox=&#8221;on&#8221; show_button=&#8221;on&#8221; button_text=&#8221;Descargar aqu\u00ed&#8221; button_url=&#8221;https:\/\/drive.google.com\/file\/d\/1_WQHj95M3ktx7iVusBjrVUptWkppV9so\/view?usp=drive_link&#8221; content_custom_padding=&#8221;8px|0px|0px|0px|false|true&#8221; module_class=&#8221;lecturas-uniformes&#8221; _builder_version=&#8221;4.27.4&#8243; _module_preset=&#8221;default&#8221; title_font=&#8221;&#8211;et_global_body_font||||||||&#8221; title_font_size=&#8221;14px&#8221; custom_button=&#8221;on&#8221; button_text_size=&#8221;13px&#8221; button_icon=&#8221;&#xe092;||divi||400&#8243; button_alignment=&#8221;center&#8221; global_colors_info=&#8221;{}&#8221;][\/dipl_image_card][\/et_pb_column][et_pb_column type=&#8221;1_6&#8243; _builder_version=&#8221;4.27.4&#8243; _module_preset=&#8221;default&#8221; global_colors_info=&#8221;{}&#8221;][dipl_image_card title=&#8221;El manantial &#8211; Ayn Rand&#8221; image=&#8221;https:\/\/plexo.edu.uy\/wp-content\/uploads\/2025\/09\/El-manantial-Ayn-Rand.jpg&#8221; enable_lightbox=&#8221;on&#8221; show_button=&#8221;on&#8221; button_text=&#8221;Descargar aqu\u00ed&#8221; button_url=&#8221;https:\/\/drive.google.com\/file\/d\/1vvWAku5_6iP8HcVbAKM0K_6uU_dHN-Xx\/view?usp=drive_link&#8221; content_custom_padding=&#8221;8px|0px|0px|0px|false|true&#8221; module_class=&#8221;lecturas-uniformes&#8221; _builder_version=&#8221;4.27.4&#8243; _module_preset=&#8221;default&#8221; title_font=&#8221;&#8211;et_global_body_font||||||||&#8221; title_font_size=&#8221;14px&#8221; custom_button=&#8221;on&#8221; button_text_size=&#8221;13px&#8221; button_icon=&#8221;&#xe092;||divi||400&#8243; button_alignment=&#8221;center&#8221; global_colors_info=&#8221;{}&#8221;][\/dipl_image_card][\/et_pb_column][et_pb_column type=&#8221;1_6&#8243; _builder_version=&#8221;4.27.4&#8243; _module_preset=&#8221;default&#8221; global_colors_info=&#8221;{}&#8221;][dipl_image_card title=&#8221;El mapa y el territorio &#8211; Michel Houellebecq&#8221; image=&#8221;https:\/\/plexo.edu.uy\/wp-content\/uploads\/2025\/09\/El-mapa-y-el-territorio-Michel-Houellebecq.jpeg&#8221; enable_lightbox=&#8221;on&#8221; show_button=&#8221;on&#8221; button_text=&#8221;Descargar aqu\u00ed&#8221; button_url=&#8221;https:\/\/drive.google.com\/file\/d\/1k13L7kanUqpTuTHN7N2YXViXKBXM0KH5\/view?usp=drive_link&#8221; content_custom_padding=&#8221;8px|0px|0px|0px|false|true&#8221; module_class=&#8221;lecturas-uniformes&#8221; _builder_version=&#8221;4.27.4&#8243; _module_preset=&#8221;default&#8221; title_font=&#8221;&#8211;et_global_body_font||||||||&#8221; title_font_size=&#8221;14px&#8221; custom_button=&#8221;on&#8221; button_text_size=&#8221;13px&#8221; button_icon=&#8221;&#xe092;||divi||400&#8243; button_alignment=&#8221;center&#8221; global_colors_info=&#8221;{}&#8221;][\/dipl_image_card][\/et_pb_column][et_pb_column type=&#8221;1_6&#8243; _builder_version=&#8221;4.27.4&#8243; _module_preset=&#8221;default&#8221; global_colors_info=&#8221;{}&#8221;][dipl_image_card title=&#8221;El nombre de la rosa &#8211; Umberto Eco&#8221; image=&#8221;https:\/\/plexo.edu.uy\/wp-content\/uploads\/2025\/09\/El-nombre-de-la-rosa-Umberto-Eco.jpg&#8221; enable_lightbox=&#8221;on&#8221; show_button=&#8221;on&#8221; button_text=&#8221;Descargar aqu\u00ed&#8221; button_url=&#8221;https:\/\/drive.google.com\/file\/d\/1wmIBU4JdbsNeZTYAKpfBkTedNRpsbKQh\/view?usp=drive_link&#8221; content_custom_padding=&#8221;8px|0px|0px|0px|false|true&#8221; module_class=&#8221;lecturas-uniformes&#8221; _builder_version=&#8221;4.27.4&#8243; _module_preset=&#8221;default&#8221; title_font=&#8221;&#8211;et_global_body_font||||||||&#8221; title_font_size=&#8221;14px&#8221; custom_button=&#8221;on&#8221; button_text_size=&#8221;13px&#8221; button_icon=&#8221;&#xe092;||divi||400&#8243; button_alignment=&#8221;center&#8221; global_colors_info=&#8221;{}&#8221;][\/dipl_image_card][\/et_pb_column][\/et_pb_row][et_pb_row column_structure=&#8221;1_6,1_6,1_6,1_6,1_6,1_6&#8243; use_custom_gutter=&#8221;on&#8221; gutter_width=&#8221;2&#8243; make_equal=&#8221;on&#8221; _builder_version=&#8221;4.27.4&#8243; _module_preset=&#8221;default&#8221; max_width=&#8221;2560px&#8221; global_colors_info=&#8221;{}&#8221;][et_pb_column type=&#8221;1_6&#8243; _builder_version=&#8221;4.27.4&#8243; _module_preset=&#8221;default&#8221; global_colors_info=&#8221;{}&#8221;][dipl_image_card title=&#8221;El Padrino &#8211; Mario Puzo&#8221; image=&#8221;https:\/\/plexo.edu.uy\/wp-content\/uploads\/2025\/09\/El-Padrino-Mario-Puzo.jpg&#8221; enable_lightbox=&#8221;on&#8221; show_button=&#8221;on&#8221; button_text=&#8221;Descargar aqu\u00ed&#8221; button_url=&#8221;https:\/\/drive.google.com\/file\/d\/1mu4RqpURAy1DW_xo3uKUi5YiIoqRKYOw\/view?usp=drive_link&#8221; content_custom_padding=&#8221;8px|0px|0px|0px|false|true&#8221; module_class=&#8221;lecturas-uniformes&#8221; _builder_version=&#8221;4.27.4&#8243; _module_preset=&#8221;default&#8221; title_font=&#8221;&#8211;et_global_body_font||||||||&#8221; title_font_size=&#8221;14px&#8221; custom_button=&#8221;on&#8221; button_text_size=&#8221;13px&#8221; button_icon=&#8221;&#xe092;||divi||400&#8243; button_alignment=&#8221;center&#8221; global_colors_info=&#8221;{}&#8221;][\/dipl_image_card][\/et_pb_column][et_pb_column type=&#8221;1_6&#8243; _builder_version=&#8221;4.27.4&#8243; _module_preset=&#8221;default&#8221; global_colors_info=&#8221;{}&#8221;][dipl_image_card title=&#8221;El palacio de la Luna &#8211; Paul Auster&#8221; image=&#8221;https:\/\/plexo.edu.uy\/wp-content\/uploads\/2025\/09\/El-palacio-de-la-Luna-Paul-Auster.jpg&#8221; enable_lightbox=&#8221;on&#8221; show_button=&#8221;on&#8221; button_text=&#8221;Descargar aqu\u00ed&#8221; button_url=&#8221;https:\/\/drive.google.com\/file\/d\/1gC5U8wbGPfkgGwRGdp-y6S-pOHQV4p3L\/view?usp=drive_link&#8221; content_custom_padding=&#8221;8px|0px|0px|0px|false|true&#8221; module_class=&#8221;lecturas-uniformes&#8221; _builder_version=&#8221;4.27.4&#8243; _module_preset=&#8221;default&#8221; title_font=&#8221;&#8211;et_global_body_font||||||||&#8221; title_font_size=&#8221;14px&#8221; custom_button=&#8221;on&#8221; button_text_size=&#8221;13px&#8221; button_icon=&#8221;&#xe092;||divi||400&#8243; button_alignment=&#8221;center&#8221; global_colors_info=&#8221;{}&#8221;][\/dipl_image_card][\/et_pb_column][et_pb_column type=&#8221;1_6&#8243; _builder_version=&#8221;4.27.4&#8243; _module_preset=&#8221;default&#8221; global_colors_info=&#8221;{}&#8221;][dipl_image_card title=&#8221;El pendulo de Foucault &#8211; Umberto Eco&#8221; image=&#8221;https:\/\/plexo.edu.uy\/wp-content\/uploads\/2025\/09\/El-pendulo-de-Foucault-Umberto-Eco.jpg&#8221; enable_lightbox=&#8221;on&#8221; show_button=&#8221;on&#8221; button_text=&#8221;Descargar aqu\u00ed&#8221; button_url=&#8221;https:\/\/drive.google.com\/file\/d\/1fFqM8SjgrCwCDeF3Rflbnc429l7llAY2\/view?usp=sharing&#8221; content_custom_padding=&#8221;8px|0px|0px|0px|false|true&#8221; module_class=&#8221;lecturas-uniformes&#8221; _builder_version=&#8221;4.27.4&#8243; _module_preset=&#8221;default&#8221; title_font=&#8221;&#8211;et_global_body_font||||||||&#8221; title_font_size=&#8221;14px&#8221; custom_button=&#8221;on&#8221; button_text_size=&#8221;13px&#8221; button_icon=&#8221;&#xe092;||divi||400&#8243; button_alignment=&#8221;center&#8221; global_colors_info=&#8221;{}&#8221;][\/dipl_image_card][\/et_pb_column][et_pb_column type=&#8221;1_6&#8243; _builder_version=&#8221;4.27.4&#8243; _module_preset=&#8221;default&#8221; global_colors_info=&#8221;{}&#8221;][dipl_image_card title=&#8221;El Perfume &#8211; Patrick Suskind&#8221; image=&#8221;https:\/\/plexo.edu.uy\/wp-content\/uploads\/2025\/09\/El-Perfume-Patrick-Suskind.jpg&#8221; enable_lightbox=&#8221;on&#8221; show_button=&#8221;on&#8221; button_text=&#8221;Descargar aqu\u00ed&#8221; button_url=&#8221;https:\/\/drive.google.com\/file\/d\/1WRT2eEiHqN8c98hV8_bkbmuO4FRDtKeB\/view?usp=drive_link&#8221; content_custom_padding=&#8221;8px|0px|0px|0px|false|true&#8221; module_class=&#8221;lecturas-uniformes&#8221; _builder_version=&#8221;4.27.4&#8243; _module_preset=&#8221;default&#8221; title_font=&#8221;&#8211;et_global_body_font||||||||&#8221; title_font_size=&#8221;14px&#8221; custom_button=&#8221;on&#8221; button_text_size=&#8221;13px&#8221; button_icon=&#8221;&#xe092;||divi||400&#8243; button_alignment=&#8221;center&#8221; global_colors_info=&#8221;{}&#8221;][\/dipl_image_card][\/et_pb_column][et_pb_column type=&#8221;1_6&#8243; _builder_version=&#8221;4.27.4&#8243; _module_preset=&#8221;default&#8221; global_colors_info=&#8221;{}&#8221;][dipl_image_card title=&#8221;El pianista del gueto de Varsovia &#8211; Wladyslaw Szpilman&#8221; image=&#8221;https:\/\/plexo.edu.uy\/wp-content\/uploads\/2025\/09\/El-pianista-del-gueto-de-Varsovia-Wladyslaw-Szpilman.jpg&#8221; enable_lightbox=&#8221;on&#8221; show_button=&#8221;on&#8221; button_text=&#8221;Descargar aqu\u00ed&#8221; button_url=&#8221;https:\/\/drive.google.com\/file\/d\/1UV8HxRP_L-Pr8FPG3zPsosa_nTCypYwg\/view?usp=drive_link&#8221; content_custom_padding=&#8221;8px|0px|0px|0px|false|true&#8221; module_class=&#8221;lecturas-uniformes&#8221; _builder_version=&#8221;4.27.4&#8243; _module_preset=&#8221;default&#8221; title_font=&#8221;&#8211;et_global_body_font||||||||&#8221; title_font_size=&#8221;14px&#8221; custom_button=&#8221;on&#8221; button_text_size=&#8221;13px&#8221; button_icon=&#8221;&#xe092;||divi||400&#8243; button_alignment=&#8221;center&#8221; global_colors_info=&#8221;{}&#8221;][\/dipl_image_card][\/et_pb_column][et_pb_column type=&#8221;1_6&#8243; _builder_version=&#8221;4.27.4&#8243; _module_preset=&#8221;default&#8221; global_colors_info=&#8221;{}&#8221;][dipl_image_card title=&#8221;El principito &#8211; Antoine de Saint-Exupery&#8221; image=&#8221;https:\/\/plexo.edu.uy\/wp-content\/uploads\/2025\/09\/El-principito-Antoine-de-Saint-Exupery.jpg&#8221; enable_lightbox=&#8221;on&#8221; show_button=&#8221;on&#8221; button_text=&#8221;Descargar aqu\u00ed&#8221; button_url=&#8221;https:\/\/drive.google.com\/file\/d\/1X8IXJEihopaKn1XQm9ki2P0mGcfgE18V\/view?usp=drive_link&#8221; content_custom_padding=&#8221;8px|0px|0px|0px|false|true&#8221; module_class=&#8221;lecturas-uniformes&#8221; _builder_version=&#8221;4.27.4&#8243; _module_preset=&#8221;default&#8221; title_font=&#8221;&#8211;et_global_body_font||||||||&#8221; title_font_size=&#8221;14px&#8221; custom_button=&#8221;on&#8221; button_text_size=&#8221;13px&#8221; button_icon=&#8221;&#xe092;||divi||400&#8243; button_alignment=&#8221;center&#8221; global_colors_info=&#8221;{}&#8221;][\/dipl_image_card][\/et_pb_column][\/et_pb_row][et_pb_row column_structure=&#8221;1_6,1_6,1_6,1_6,1_6,1_6&#8243; use_custom_gutter=&#8221;on&#8221; gutter_width=&#8221;2&#8243; make_equal=&#8221;on&#8221; _builder_version=&#8221;4.27.4&#8243; _module_preset=&#8221;default&#8221; max_width=&#8221;2560px&#8221; global_colors_info=&#8221;{}&#8221;][et_pb_column type=&#8221;1_6&#8243; _builder_version=&#8221;4.27.4&#8243; _module_preset=&#8221;default&#8221; global_colors_info=&#8221;{}&#8221;][dipl_image_card title=&#8221;El sabueso de los Baskerville &#8211; Arthur Conan Doyle&#8221; image=&#8221;https:\/\/plexo.edu.uy\/wp-content\/uploads\/2025\/09\/El-sabueso-de-los-Baskerville-Arthur-Conan-Doyle.jpg&#8221; enable_lightbox=&#8221;on&#8221; show_button=&#8221;on&#8221; button_text=&#8221;Descargar aqu\u00ed&#8221; button_url=&#8221;https:\/\/drive.google.com\/file\/d\/1X4QRUwGQd3CCBI2Hf3pM5u0F0EkTraW9\/view?usp=drive_link&#8221; content_custom_padding=&#8221;8px|0px|0px|0px|false|true&#8221; module_class=&#8221;lecturas-uniformes&#8221; _builder_version=&#8221;4.27.4&#8243; _module_preset=&#8221;default&#8221; title_font=&#8221;&#8211;et_global_body_font||||||||&#8221; title_font_size=&#8221;14px&#8221; custom_button=&#8221;on&#8221; button_text_size=&#8221;13px&#8221; button_icon=&#8221;&#xe092;||divi||400&#8243; button_alignment=&#8221;center&#8221; global_colors_info=&#8221;{}&#8221;][\/dipl_image_card][\/et_pb_column][et_pb_column type=&#8221;1_6&#8243; _builder_version=&#8221;4.27.4&#8243; _module_preset=&#8221;default&#8221; global_colors_info=&#8221;{}&#8221;][dipl_image_card title=&#8221;El secreto del fuego &#8211; Henning Mankell&#8221; image=&#8221;https:\/\/plexo.edu.uy\/wp-content\/uploads\/2025\/09\/El-secreto-del-fuego-Henning-Mankell.jpg&#8221; enable_lightbox=&#8221;on&#8221; show_button=&#8221;on&#8221; button_text=&#8221;Descargar aqu\u00ed&#8221; button_url=&#8221;https:\/\/drive.google.com\/file\/d\/1jWZpdv4scthySFshyilJ24uVKdsI7eAf\/view?usp=drive_link&#8221; content_custom_padding=&#8221;8px|0px|0px|0px|false|true&#8221; module_class=&#8221;lecturas-uniformes&#8221; _builder_version=&#8221;4.27.4&#8243; _module_preset=&#8221;default&#8221; title_font=&#8221;&#8211;et_global_body_font||||||||&#8221; title_font_size=&#8221;14px&#8221; custom_button=&#8221;on&#8221; button_text_size=&#8221;13px&#8221; button_icon=&#8221;&#xe092;||divi||400&#8243; button_alignment=&#8221;center&#8221; global_colors_info=&#8221;{}&#8221;][\/dipl_image_card][\/et_pb_column][et_pb_column type=&#8221;1_6&#8243; _builder_version=&#8221;4.27.4&#8243; _module_preset=&#8221;default&#8221; global_colors_info=&#8221;{}&#8221;][dipl_image_card title=&#8221;El tiempo que querria &#8211; Fabio Volo&#8221; image=&#8221;https:\/\/plexo.edu.uy\/wp-content\/uploads\/2025\/09\/El-tiempo-que-querria-Fabio-Volo.jpg&#8221; enable_lightbox=&#8221;on&#8221; show_button=&#8221;on&#8221; button_text=&#8221;Descargar aqu\u00ed&#8221; button_url=&#8221;https:\/\/drive.google.com\/file\/d\/1UfbbHzXe83b1h1CjgbgWYICNoQy9pRbI\/view?usp=drive_link&#8221; content_custom_padding=&#8221;8px|0px|0px|0px|false|true&#8221; module_class=&#8221;lecturas-uniformes&#8221; _builder_version=&#8221;4.27.4&#8243; _module_preset=&#8221;default&#8221; title_font=&#8221;&#8211;et_global_body_font||||||||&#8221; title_font_size=&#8221;14px&#8221; custom_button=&#8221;on&#8221; button_text_size=&#8221;13px&#8221; button_icon=&#8221;&#xe092;||divi||400&#8243; button_alignment=&#8221;center&#8221; global_colors_info=&#8221;{}&#8221;][\/dipl_image_card][\/et_pb_column][et_pb_column type=&#8221;1_6&#8243; _builder_version=&#8221;4.27.4&#8243; _module_preset=&#8221;default&#8221; global_colors_info=&#8221;{}&#8221;][dipl_image_card title=&#8221;El viaje de Baldassare &#8211; Amin Maalouf&#8221; image=&#8221;https:\/\/plexo.edu.uy\/wp-content\/uploads\/2025\/09\/El-viaje-de-Baldassare-Amin-Maalouf.jpg&#8221; enable_lightbox=&#8221;on&#8221; show_button=&#8221;on&#8221; button_text=&#8221;Descargar aqu\u00ed&#8221; button_url=&#8221;https:\/\/drive.google.com\/file\/d\/1NOqmZqtOdK3XFBOaDyonaRo0uWbvoXfl\/view?usp=drive_link&#8221; content_custom_padding=&#8221;8px|0px|0px|0px|false|true&#8221; module_class=&#8221;lecturas-uniformes&#8221; _builder_version=&#8221;4.27.4&#8243; _module_preset=&#8221;default&#8221; title_font=&#8221;&#8211;et_global_body_font||||||||&#8221; title_font_size=&#8221;14px&#8221; custom_button=&#8221;on&#8221; button_text_size=&#8221;13px&#8221; button_icon=&#8221;&#xe092;||divi||400&#8243; button_alignment=&#8221;center&#8221; global_colors_info=&#8221;{}&#8221;][\/dipl_image_card][\/et_pb_column][et_pb_column type=&#8221;1_6&#8243; _builder_version=&#8221;4.27.4&#8243; _module_preset=&#8221;default&#8221; global_colors_info=&#8221;{}&#8221;][dipl_image_card title=&#8221;Ensayo sobre la ceguera &#8211; Jose Saramago&#8221; image=&#8221;https:\/\/plexo.edu.uy\/wp-content\/uploads\/2025\/09\/Ensayo-sobre-la-ceguera-Jose-Saramago.jpg&#8221; enable_lightbox=&#8221;on&#8221; show_button=&#8221;on&#8221; button_text=&#8221;Descargar aqu\u00ed&#8221; button_url=&#8221;https:\/\/drive.google.com\/file\/d\/1a9q2cuJDIyt-pKtkcX6qsQrjPHFzgVB-\/view?usp=drive_link&#8221; content_custom_padding=&#8221;8px|0px|0px|0px|false|true&#8221; module_class=&#8221;lecturas-uniformes&#8221; _builder_version=&#8221;4.27.4&#8243; _module_preset=&#8221;default&#8221; title_font=&#8221;&#8211;et_global_body_font||||||||&#8221; title_font_size=&#8221;14px&#8221; custom_button=&#8221;on&#8221; button_text_size=&#8221;13px&#8221; button_icon=&#8221;&#xe092;||divi||400&#8243; button_alignment=&#8221;center&#8221; global_colors_info=&#8221;{}&#8221;][\/dipl_image_card][\/et_pb_column][et_pb_column type=&#8221;1_6&#8243; _builder_version=&#8221;4.27.4&#8243; _module_preset=&#8221;default&#8221; global_colors_info=&#8221;{}&#8221;][dipl_image_card title=&#8221;Error humano &#8211; Chuck Palahniuk&#8221; image=&#8221;https:\/\/plexo.edu.uy\/wp-content\/uploads\/2025\/09\/Error-humano-Chuck-Palahniuk.jpg&#8221; enable_lightbox=&#8221;on&#8221; show_button=&#8221;on&#8221; button_text=&#8221;Descargar aqu\u00ed&#8221; button_url=&#8221;https:\/\/drive.google.com\/file\/d\/16P3ba0HQSd7KxnslMIrI8YbAry3AI72O\/view?usp=drive_link&#8221; content_custom_padding=&#8221;8px|0px|0px|0px|false|true&#8221; module_class=&#8221;lecturas-uniformes&#8221; _builder_version=&#8221;4.27.4&#8243; _module_preset=&#8221;default&#8221; title_font=&#8221;&#8211;et_global_body_font||||||||&#8221; title_font_size=&#8221;14px&#8221; custom_button=&#8221;on&#8221; button_text_size=&#8221;13px&#8221; button_icon=&#8221;&#xe092;||divi||400&#8243; button_alignment=&#8221;center&#8221; global_colors_info=&#8221;{}&#8221;][\/dipl_image_card][\/et_pb_column][\/et_pb_row][et_pb_row column_structure=&#8221;1_6,1_6,1_6,1_6,1_6,1_6&#8243; use_custom_gutter=&#8221;on&#8221; gutter_width=&#8221;2&#8243; make_equal=&#8221;on&#8221; _builder_version=&#8221;4.27.4&#8243; _module_preset=&#8221;default&#8221; max_width=&#8221;2560px&#8221; global_colors_info=&#8221;{}&#8221;][et_pb_column type=&#8221;1_6&#8243; _builder_version=&#8221;4.27.4&#8243; _module_preset=&#8221;default&#8221; global_colors_info=&#8221;{}&#8221;][dipl_image_card title=&#8221;Forastero en tierra extrana &#8211; Robert A. Heinlein&#8221; image=&#8221;https:\/\/plexo.edu.uy\/wp-content\/uploads\/2025\/09\/Forastero-en-tierra-extrana-Robert-A.-Heinlein.jpg&#8221; enable_lightbox=&#8221;on&#8221; show_button=&#8221;on&#8221; button_text=&#8221;Descargar aqu\u00ed&#8221; content_custom_padding=&#8221;8px|0px|0px|0px|false|true&#8221; module_class=&#8221;lecturas-uniformes&#8221; _builder_version=&#8221;4.27.4&#8243; _module_preset=&#8221;default&#8221; title_font=&#8221;&#8211;et_global_body_font||||||||&#8221; title_font_size=&#8221;14px&#8221; custom_button=&#8221;on&#8221; button_text_size=&#8221;13px&#8221; button_icon=&#8221;&#xe092;||divi||400&#8243; button_alignment=&#8221;center&#8221; link_option_url=&#8221;https:\/\/drive.google.com\/file\/d\/1vtEFMLbn1AXf7H1O25aaXoK9rScZG7KY\/view?usp=drive_link&#8221; global_colors_info=&#8221;{}&#8221;][\/dipl_image_card][\/et_pb_column][et_pb_column type=&#8221;1_6&#8243; _builder_version=&#8221;4.27.4&#8243; _module_preset=&#8221;default&#8221; global_colors_info=&#8221;{}&#8221;][dipl_image_card title=&#8221;Fuentes del paraiso &#8211; Arthur C. Clarke&#8221; image=&#8221;https:\/\/plexo.edu.uy\/wp-content\/uploads\/2025\/09\/Fuentes-del-paraiso-Arthur-C.-Clarke.jpg&#8221; enable_lightbox=&#8221;on&#8221; show_button=&#8221;on&#8221; button_text=&#8221;Descargar aqu\u00ed&#8221; button_url=&#8221;https:\/\/drive.google.com\/file\/d\/1K6kxyKDHbo7mBtMFJZQrQfsoL3w2HuyT\/view?usp=drive_link&#8221; content_custom_padding=&#8221;8px|0px|0px|0px|false|true&#8221; module_class=&#8221;lecturas-uniformes&#8221; _builder_version=&#8221;4.27.4&#8243; _module_preset=&#8221;default&#8221; title_font=&#8221;&#8211;et_global_body_font||||||||&#8221; title_font_size=&#8221;14px&#8221; custom_button=&#8221;on&#8221; button_text_size=&#8221;13px&#8221; button_icon=&#8221;&#xe092;||divi||400&#8243; button_alignment=&#8221;center&#8221; global_colors_info=&#8221;{}&#8221;][\/dipl_image_card][\/et_pb_column][et_pb_column type=&#8221;1_6&#8243; _builder_version=&#8221;4.27.4&#8243; _module_preset=&#8221;default&#8221; global_colors_info=&#8221;{}&#8221;][dipl_image_card title=&#8221;Germinal &#8211; Emile Zola&#8221; image=&#8221;https:\/\/plexo.edu.uy\/wp-content\/uploads\/2025\/09\/Germinal-Emile-Zola.jpg&#8221; enable_lightbox=&#8221;on&#8221; show_button=&#8221;on&#8221; button_text=&#8221;Descargar aqu\u00ed&#8221; button_url=&#8221;https:\/\/drive.google.com\/file\/d\/1PFveXYhAwG8bAwk_xqPoDvcikFZDxdQt\/view?usp=drive_link&#8221; content_custom_padding=&#8221;8px|0px|0px|0px|false|true&#8221; module_class=&#8221;lecturas-uniformes&#8221; _builder_version=&#8221;4.27.4&#8243; _module_preset=&#8221;default&#8221; title_font=&#8221;&#8211;et_global_body_font||||||||&#8221; title_font_size=&#8221;14px&#8221; custom_button=&#8221;on&#8221; button_text_size=&#8221;13px&#8221; button_icon=&#8221;&#xe092;||divi||400&#8243; button_alignment=&#8221;center&#8221; global_colors_info=&#8221;{}&#8221;][\/dipl_image_card][\/et_pb_column][et_pb_column type=&#8221;1_6&#8243; _builder_version=&#8221;4.27.4&#8243; _module_preset=&#8221;default&#8221; global_colors_info=&#8221;{}&#8221;][dipl_image_card title=&#8221;Gomorra &#8211; Roberto Saviano&#8221; image=&#8221;https:\/\/plexo.edu.uy\/wp-content\/uploads\/2025\/09\/Gomorra-Roberto-Saviano.jpg&#8221; enable_lightbox=&#8221;on&#8221; show_button=&#8221;on&#8221; button_text=&#8221;Descargar aqu\u00ed&#8221; button_url=&#8221;https:\/\/drive.google.com\/file\/d\/1c7dft5Qs7_2HZmIjomSTEdP1r0KdvL1U\/view?usp=drive_link&#8221; content_custom_padding=&#8221;8px|0px|0px|0px|false|true&#8221; module_class=&#8221;lecturas-uniformes&#8221; _builder_version=&#8221;4.27.4&#8243; _module_preset=&#8221;default&#8221; title_font=&#8221;&#8211;et_global_body_font||||||||&#8221; title_font_size=&#8221;14px&#8221; custom_button=&#8221;on&#8221; button_text_size=&#8221;13px&#8221; button_icon=&#8221;&#xe092;||divi||400&#8243; button_alignment=&#8221;center&#8221; global_colors_info=&#8221;{}&#8221;][\/dipl_image_card][\/et_pb_column][et_pb_column type=&#8221;1_6&#8243; _builder_version=&#8221;4.27.4&#8243; _module_preset=&#8221;default&#8221; global_colors_info=&#8221;{}&#8221;][dipl_image_card title=&#8221;Goodbye Berlin &#8211; Wolfgang Herrndorf&#8221; image=&#8221;https:\/\/plexo.edu.uy\/wp-content\/uploads\/2025\/09\/Goodbye-Berlin-Wolfgang-Herrndorf.jpg&#8221; enable_lightbox=&#8221;on&#8221; show_button=&#8221;on&#8221; button_text=&#8221;Descargar aqu\u00ed&#8221; button_url=&#8221;https:\/\/drive.google.com\/file\/d\/179hXIDEwpJ4xo4uLjITpwoHm1H1-dJ0k\/view?usp=drive_link&#8221; content_custom_padding=&#8221;8px|0px|0px|0px|false|true&#8221; module_class=&#8221;lecturas-uniformes&#8221; _builder_version=&#8221;4.27.4&#8243; _module_preset=&#8221;default&#8221; title_font=&#8221;&#8211;et_global_body_font||||||||&#8221; title_font_size=&#8221;14px&#8221; custom_button=&#8221;on&#8221; button_text_size=&#8221;13px&#8221; button_icon=&#8221;&#xe092;||divi||400&#8243; button_alignment=&#8221;center&#8221; global_colors_info=&#8221;{}&#8221;][\/dipl_image_card][\/et_pb_column][et_pb_column type=&#8221;1_6&#8243; _builder_version=&#8221;4.27.4&#8243; _module_preset=&#8221;default&#8221; global_colors_info=&#8221;{}&#8221;][dipl_image_card title=&#8221;Gringo viejo &#8211; Carlos Fuentes&#8221; image=&#8221;https:\/\/plexo.edu.uy\/wp-content\/uploads\/2025\/09\/Gringo-viejo-Carlos-Fuentes.jpg&#8221; enable_lightbox=&#8221;on&#8221; show_button=&#8221;on&#8221; button_text=&#8221;Descargar aqu\u00ed&#8221; button_url=&#8221;https:\/\/drive.google.com\/file\/d\/1KWaHtQyDmih6rHoF19jQMW6Enf9tjIWg\/view?usp=drive_link&#8221; content_custom_padding=&#8221;8px|0px|0px|0px|false|true&#8221; module_class=&#8221;lecturas-uniformes&#8221; _builder_version=&#8221;4.27.4&#8243; _module_preset=&#8221;default&#8221; title_font=&#8221;&#8211;et_global_body_font||||||||&#8221; title_font_size=&#8221;14px&#8221; custom_button=&#8221;on&#8221; button_text_size=&#8221;13px&#8221; button_icon=&#8221;&#xe092;||divi||400&#8243; button_alignment=&#8221;center&#8221; global_colors_info=&#8221;{}&#8221;][\/dipl_image_card][\/et_pb_column][\/et_pb_row][et_pb_row column_structure=&#8221;1_6,1_6,1_6,1_6,1_6,1_6&#8243; use_custom_gutter=&#8221;on&#8221; gutter_width=&#8221;2&#8243; make_equal=&#8221;on&#8221; _builder_version=&#8221;4.27.4&#8243; _module_preset=&#8221;default&#8221; max_width=&#8221;2560px&#8221; global_colors_info=&#8221;{}&#8221;][et_pb_column type=&#8221;1_6&#8243; _builder_version=&#8221;4.27.4&#8243; _module_preset=&#8221;default&#8221; global_colors_info=&#8221;{}&#8221;][dipl_image_card title=&#8221;Hijos de la medianoche &#8211; Salman Rushdie&#8221; image=&#8221;https:\/\/plexo.edu.uy\/wp-content\/uploads\/2025\/09\/Hijos-de-la-medianoche-Salman-Rushdie.jpg&#8221; enable_lightbox=&#8221;on&#8221; show_button=&#8221;on&#8221; button_text=&#8221;Descargar aqu\u00ed&#8221; button_url=&#8221;https:\/\/drive.google.com\/file\/d\/1RR9DBppH2B5dMktLaHAlm6-VLzTZ_wuh\/view?usp=drive_link&#8221; content_custom_padding=&#8221;8px|0px|0px|0px|false|true&#8221; module_class=&#8221;lecturas-uniformes&#8221; _builder_version=&#8221;4.27.4&#8243; _module_preset=&#8221;default&#8221; title_font=&#8221;&#8211;et_global_body_font||||||||&#8221; title_font_size=&#8221;14px&#8221; custom_button=&#8221;on&#8221; button_text_size=&#8221;13px&#8221; button_icon=&#8221;&#xe092;||divi||400&#8243; button_alignment=&#8221;center&#8221; global_colors_info=&#8221;{}&#8221;][\/dipl_image_card][\/et_pb_column][et_pb_column type=&#8221;1_6&#8243; _builder_version=&#8221;4.27.4&#8243; _module_preset=&#8221;default&#8221; global_colors_info=&#8221;{}&#8221;][dipl_image_card title=&#8221;Historias de Londres &#8211; Enric Gonzalez&#8221; image=&#8221;https:\/\/plexo.edu.uy\/wp-content\/uploads\/2025\/09\/Historias-de-Londres-Enric-Gonzalez.jpg&#8221; enable_lightbox=&#8221;on&#8221; show_button=&#8221;on&#8221; button_text=&#8221;Descargar aqu\u00ed&#8221; button_url=&#8221;https:\/\/drive.google.com\/file\/d\/1xxROhnrE314YMIpnRhzq_gIcBCqTLmCz\/view?usp=drive_link&#8221; content_custom_padding=&#8221;8px|0px|0px|0px|false|true&#8221; module_class=&#8221;lecturas-uniformes&#8221; _builder_version=&#8221;4.27.4&#8243; _module_preset=&#8221;default&#8221; title_font=&#8221;&#8211;et_global_body_font||||||||&#8221; title_font_size=&#8221;14px&#8221; custom_button=&#8221;on&#8221; button_text_size=&#8221;13px&#8221; button_icon=&#8221;&#xe092;||divi||400&#8243; button_alignment=&#8221;center&#8221; global_colors_info=&#8221;{}&#8221;][\/dipl_image_card][\/et_pb_column][et_pb_column type=&#8221;1_6&#8243; _builder_version=&#8221;4.27.4&#8243; _module_preset=&#8221;default&#8221; global_colors_info=&#8221;{}&#8221;][dipl_image_card title=&#8221;Idoru &#8211; William Gibson&#8221; image=&#8221;https:\/\/plexo.edu.uy\/wp-content\/uploads\/2025\/09\/Idoru-William-Gibson.jpg&#8221; enable_lightbox=&#8221;on&#8221; show_button=&#8221;on&#8221; button_text=&#8221;Descargar aqu\u00ed&#8221; button_url=&#8221;https:\/\/drive.google.com\/file\/d\/1-_wA9ioVtTFS3Y1ScNHWbINj1vhPwckh\/view?usp=drive_link&#8221; content_custom_padding=&#8221;8px|0px|0px|0px|false|true&#8221; module_class=&#8221;lecturas-uniformes&#8221; _builder_version=&#8221;4.27.4&#8243; _module_preset=&#8221;default&#8221; title_font=&#8221;&#8211;et_global_body_font||||||||&#8221; title_font_size=&#8221;14px&#8221; custom_button=&#8221;on&#8221; button_text_size=&#8221;13px&#8221; button_icon=&#8221;&#xe092;||divi||400&#8243; button_alignment=&#8221;center&#8221; global_colors_info=&#8221;{}&#8221;][\/dipl_image_card][\/et_pb_column][et_pb_column type=&#8221;1_6&#8243; _builder_version=&#8221;4.27.4&#8243; _module_preset=&#8221;default&#8221; global_colors_info=&#8221;{}&#8221;][dipl_image_card title=&#8221;Kafka en la orilla &#8211; Haruki Murakami&#8221; image=&#8221;https:\/\/plexo.edu.uy\/wp-content\/uploads\/2025\/09\/Kafka-en-la-orilla-Haruki-Murakami.jpg&#8221; enable_lightbox=&#8221;on&#8221; show_button=&#8221;on&#8221; button_text=&#8221;Descargar aqu\u00ed&#8221; button_url=&#8221;https:\/\/drive.google.com\/file\/d\/1K9d4FlKVf8EWq55pdHKur3wbfG-Qkm_P\/view?usp=drive_link&#8221; content_custom_padding=&#8221;8px|0px|0px|0px|false|true&#8221; module_class=&#8221;lecturas-uniformes&#8221; _builder_version=&#8221;4.27.4&#8243; _module_preset=&#8221;default&#8221; title_font=&#8221;&#8211;et_global_body_font||||||||&#8221; title_font_size=&#8221;14px&#8221; custom_button=&#8221;on&#8221; button_text_size=&#8221;13px&#8221; button_icon=&#8221;&#xe092;||divi||400&#8243; button_alignment=&#8221;center&#8221; global_colors_info=&#8221;{}&#8221;][\/dipl_image_card][\/et_pb_column][et_pb_column type=&#8221;1_6&#8243; _builder_version=&#8221;4.27.4&#8243; _module_preset=&#8221;default&#8221; global_colors_info=&#8221;{}&#8221;][dipl_image_card title=&#8221;La condicion humana &#8211; Andre Malraux&#8221; image=&#8221;https:\/\/plexo.edu.uy\/wp-content\/uploads\/2025\/09\/La-condicion-humana-Andre-Malraux.jpg&#8221; enable_lightbox=&#8221;on&#8221; show_button=&#8221;on&#8221; button_text=&#8221;Descargar aqu\u00ed&#8221; button_url=&#8221;https:\/\/drive.google.com\/file\/d\/1-FNDQTWMPO3cjDaPgs22rz27PibkYhKq\/view?usp=drive_link&#8221; content_custom_padding=&#8221;8px|0px|0px|0px|false|true&#8221; module_class=&#8221;lecturas-uniformes&#8221; _builder_version=&#8221;4.27.4&#8243; _module_preset=&#8221;default&#8221; title_font=&#8221;&#8211;et_global_body_font||||||||&#8221; title_font_size=&#8221;14px&#8221; custom_button=&#8221;on&#8221; button_text_size=&#8221;13px&#8221; button_icon=&#8221;&#xe092;||divi||400&#8243; button_alignment=&#8221;center&#8221; global_colors_info=&#8221;{}&#8221;][\/dipl_image_card][\/et_pb_column][et_pb_column type=&#8221;1_6&#8243; _builder_version=&#8221;4.27.4&#8243; _module_preset=&#8221;default&#8221; global_colors_info=&#8221;{}&#8221;][dipl_image_card title=&#8221;La falsa pista &#8211; Henning Mankell&#8221; image=&#8221;https:\/\/plexo.edu.uy\/wp-content\/uploads\/2025\/09\/La-falsa-pista-Henning-Mankell.jpg&#8221; enable_lightbox=&#8221;on&#8221; show_button=&#8221;on&#8221; button_text=&#8221;Descargar aqu\u00ed&#8221; button_url=&#8221;https:\/\/drive.google.com\/file\/d\/1wXOn1qf_voNvIC2pw6vUP7_WifBXuGvS\/view?usp=drive_link&#8221; content_custom_padding=&#8221;8px|0px|0px|0px|false|true&#8221; module_class=&#8221;lecturas-uniformes&#8221; _builder_version=&#8221;4.27.4&#8243; _module_preset=&#8221;default&#8221; title_font=&#8221;&#8211;et_global_body_font||||||||&#8221; title_font_size=&#8221;14px&#8221; custom_button=&#8221;on&#8221; button_text_size=&#8221;13px&#8221; button_icon=&#8221;&#xe092;||divi||400&#8243; button_alignment=&#8221;center&#8221; global_colors_info=&#8221;{}&#8221;][\/dipl_image_card][\/et_pb_column][\/et_pb_row][et_pb_row column_structure=&#8221;1_6,1_6,1_6,1_6,1_6,1_6&#8243; use_custom_gutter=&#8221;on&#8221; gutter_width=&#8221;2&#8243; make_equal=&#8221;on&#8221; _builder_version=&#8221;4.27.4&#8243; _module_preset=&#8221;default&#8221; max_width=&#8221;2560px&#8221; global_colors_info=&#8221;{}&#8221;][et_pb_column type=&#8221;1_6&#8243; _builder_version=&#8221;4.27.4&#8243; _module_preset=&#8221;default&#8221; global_colors_info=&#8221;{}&#8221;][dipl_image_card title=&#8221;La fuerza de la Razon &#8211; Oriana Fallaci&#8221; image=&#8221;https:\/\/plexo.edu.uy\/wp-content\/uploads\/2025\/09\/La-fuerza-de-la-Razon-Oriana-Fallaci.jpg&#8221; enable_lightbox=&#8221;on&#8221; show_button=&#8221;on&#8221; button_text=&#8221;Descargar aqu\u00ed&#8221; button_url=&#8221;https:\/\/drive.google.com\/file\/d\/1IIn9AuVW4DxSWJ9zUMoPRE4oMv8tkH-4\/view?usp=drive_link&#8221; content_custom_padding=&#8221;8px|0px|0px|0px|false|true&#8221; module_class=&#8221;lecturas-uniformes&#8221; _builder_version=&#8221;4.27.4&#8243; _module_preset=&#8221;default&#8221; title_font=&#8221;&#8211;et_global_body_font||||||||&#8221; title_font_size=&#8221;14px&#8221; custom_button=&#8221;on&#8221; button_text_size=&#8221;13px&#8221; button_icon=&#8221;&#xe092;||divi||400&#8243; button_alignment=&#8221;center&#8221; global_colors_info=&#8221;{}&#8221;][\/dipl_image_card][\/et_pb_column][et_pb_column type=&#8221;1_6&#8243; _builder_version=&#8221;4.27.4&#8243; _module_preset=&#8221;default&#8221; global_colors_info=&#8221;{}&#8221;][dipl_image_card title=&#8221;La guerra de los mundos &#8211; H. G. Wells&#8221; image=&#8221;https:\/\/plexo.edu.uy\/wp-content\/uploads\/2025\/09\/La-guerra-de-los-mundos-H.-G.-Wells.jpg&#8221; enable_lightbox=&#8221;on&#8221; show_button=&#8221;on&#8221; button_text=&#8221;Descargar aqu\u00ed&#8221; button_url=&#8221;https:\/\/drive.google.com\/file\/d\/1J6FOSDSD0fAslOUN9dtiTKtjlt5QcQTa\/view?usp=drive_link&#8221; content_custom_padding=&#8221;8px|0px|0px|0px|false|true&#8221; module_class=&#8221;lecturas-uniformes&#8221; _builder_version=&#8221;4.27.4&#8243; _module_preset=&#8221;default&#8221; title_font=&#8221;&#8211;et_global_body_font||||||||&#8221; title_font_size=&#8221;14px&#8221; custom_button=&#8221;on&#8221; button_text_size=&#8221;13px&#8221; button_icon=&#8221;&#xe092;||divi||400&#8243; button_alignment=&#8221;center&#8221; global_colors_info=&#8221;{}&#8221;][\/dipl_image_card][\/et_pb_column][et_pb_column type=&#8221;1_6&#8243; _builder_version=&#8221;4.27.4&#8243; _module_preset=&#8221;default&#8221; global_colors_info=&#8221;{}&#8221;][dipl_image_card title=&#8221;La ley del amor &#8211; Laura Esquivel&#8221; image=&#8221;https:\/\/plexo.edu.uy\/wp-content\/uploads\/2025\/09\/La-ley-del-amor-Laura-Esquivel.jpg&#8221; enable_lightbox=&#8221;on&#8221; show_button=&#8221;on&#8221; button_text=&#8221;Descargar aqu\u00ed&#8221; button_url=&#8221;https:\/\/drive.google.com\/file\/d\/17H1vFIeWD_KM2RLZR5RX_6Ot77OlZQIN\/view?usp=drive_link&#8221; content_custom_padding=&#8221;8px|0px|0px|0px|false|true&#8221; module_class=&#8221;lecturas-uniformes&#8221; _builder_version=&#8221;4.27.4&#8243; _module_preset=&#8221;default&#8221; title_font=&#8221;&#8211;et_global_body_font||||||||&#8221; title_font_size=&#8221;14px&#8221; custom_button=&#8221;on&#8221; button_text_size=&#8221;13px&#8221; button_icon=&#8221;&#xe092;||divi||400&#8243; button_alignment=&#8221;center&#8221; global_colors_info=&#8221;{}&#8221;][\/dipl_image_card][\/et_pb_column][et_pb_column type=&#8221;1_6&#8243; _builder_version=&#8221;4.27.4&#8243; _module_preset=&#8221;default&#8221; global_colors_info=&#8221;{}&#8221;][dipl_image_card title=&#8221;La naranja mecanica &#8211; Anthony Burgess&#8221; image=&#8221;https:\/\/plexo.edu.uy\/wp-content\/uploads\/2025\/09\/La-naranja-mecanica-Anthony-Burgess.jpg&#8221; enable_lightbox=&#8221;on&#8221; show_button=&#8221;on&#8221; button_text=&#8221;Descargar aqu\u00ed&#8221; button_url=&#8221;https:\/\/drive.google.com\/file\/d\/1KWNeiEg6G134PNcdzLNJSomB4lBUOIhv\/view?usp=drive_link&#8221; content_custom_padding=&#8221;8px|0px|0px|0px|false|true&#8221; module_class=&#8221;lecturas-uniformes&#8221; _builder_version=&#8221;4.27.4&#8243; _module_preset=&#8221;default&#8221; title_font=&#8221;&#8211;et_global_body_font||||||||&#8221; title_font_size=&#8221;14px&#8221; custom_button=&#8221;on&#8221; button_text_size=&#8221;13px&#8221; button_icon=&#8221;&#xe092;||divi||400&#8243; button_alignment=&#8221;center&#8221; global_colors_info=&#8221;{}&#8221;][\/dipl_image_card][\/et_pb_column][et_pb_column type=&#8221;1_6&#8243; _builder_version=&#8221;4.27.4&#8243; _module_preset=&#8221;default&#8221; global_colors_info=&#8221;{}&#8221;][dipl_image_card title=&#8221;La paz de los sepulcros &#8211; Jorge Volpi&#8221; image=&#8221;https:\/\/plexo.edu.uy\/wp-content\/uploads\/2025\/09\/La-paz-de-los-sepulcros-Jorge-Volpi.jpg&#8221; enable_lightbox=&#8221;on&#8221; show_button=&#8221;on&#8221; button_text=&#8221;Descargar aqu\u00ed&#8221; button_url=&#8221;https:\/\/drive.google.com\/file\/d\/1QY5a_hrbO35Y1Wb2uqFuivW6SzfxyzUU\/view?usp=drive_link&#8221; content_custom_padding=&#8221;8px|0px|0px|0px|false|true&#8221; module_class=&#8221;lecturas-uniformes&#8221; _builder_version=&#8221;4.27.4&#8243; _module_preset=&#8221;default&#8221; title_font=&#8221;&#8211;et_global_body_font||||||||&#8221; title_font_size=&#8221;14px&#8221; custom_button=&#8221;on&#8221; button_text_size=&#8221;13px&#8221; button_icon=&#8221;&#xe092;||divi||400&#8243; button_alignment=&#8221;center&#8221; global_colors_info=&#8221;{}&#8221;][\/dipl_image_card][\/et_pb_column][et_pb_column type=&#8221;1_6&#8243; _builder_version=&#8221;4.27.4&#8243; _module_preset=&#8221;default&#8221; global_colors_info=&#8221;{}&#8221;][dipl_image_card title=&#8221;La sonrisa de Madrid &#8211; Salvador Maldonado&#8221; image=&#8221;https:\/\/plexo.edu.uy\/wp-content\/uploads\/2025\/09\/La-sonrisa-de-Madrid-Salvador-Maldonado.jpg&#8221; enable_lightbox=&#8221;on&#8221; show_button=&#8221;on&#8221; button_text=&#8221;Descargar aqu\u00ed&#8221; button_url=&#8221;https:\/\/drive.google.com\/file\/d\/1lW1iMkHZAmuMfXPjIM__xBqFRCJ7SdKh\/view?usp=drive_link&#8221; content_custom_padding=&#8221;8px|0px|0px|0px|false|true&#8221; module_class=&#8221;lecturas-uniformes&#8221; _builder_version=&#8221;4.27.4&#8243; _module_preset=&#8221;default&#8221; title_font=&#8221;&#8211;et_global_body_font||||||||&#8221; title_font_size=&#8221;14px&#8221; custom_button=&#8221;on&#8221; button_text_size=&#8221;13px&#8221; button_icon=&#8221;&#xe092;||divi||400&#8243; button_alignment=&#8221;center&#8221; global_colors_info=&#8221;{}&#8221;][\/dipl_image_card][\/et_pb_column][\/et_pb_row][et_pb_row column_structure=&#8221;1_6,1_6,1_6,1_6,1_6,1_6&#8243; use_custom_gutter=&#8221;on&#8221; gutter_width=&#8221;2&#8243; make_equal=&#8221;on&#8221; _builder_version=&#8221;4.27.4&#8243; _module_preset=&#8221;default&#8221; max_width=&#8221;2560px&#8221; global_colors_info=&#8221;{}&#8221;][et_pb_column type=&#8221;1_6&#8243; _builder_version=&#8221;4.27.4&#8243; _module_preset=&#8221;default&#8221; global_colors_info=&#8221;{}&#8221;][dipl_image_card title=&#8221;La tabla de Flandes &#8211; Arturo Perez-Reverte&#8221; image=&#8221;https:\/\/plexo.edu.uy\/wp-content\/uploads\/2025\/09\/La-tabla-de-Flandes-Arturo-Perez-Reverte.jpg&#8221; enable_lightbox=&#8221;on&#8221; show_button=&#8221;on&#8221; button_text=&#8221;Descargar aqu\u00ed&#8221; button_url=&#8221;https:\/\/drive.google.com\/file\/d\/1Og_hAoC9l5zq_DLZS78FUJHGvz2lusMw\/view?usp=drive_link&#8221; content_custom_padding=&#8221;8px|0px|0px|0px|false|true&#8221; module_class=&#8221;lecturas-uniformes&#8221; _builder_version=&#8221;4.27.4&#8243; _module_preset=&#8221;default&#8221; title_font=&#8221;&#8211;et_global_body_font||||||||&#8221; title_font_size=&#8221;14px&#8221; custom_button=&#8221;on&#8221; button_text_size=&#8221;13px&#8221; button_icon=&#8221;&#xe092;||divi||400&#8243; button_alignment=&#8221;center&#8221; global_colors_info=&#8221;{}&#8221;][\/dipl_image_card][\/et_pb_column][et_pb_column type=&#8221;1_6&#8243; _builder_version=&#8221;4.27.4&#8243; _module_preset=&#8221;default&#8221; global_colors_info=&#8221;{}&#8221;][dipl_image_card title=&#8221;La tournee de Dios &#8211; Enrique Jardiel Poncela&#8221; image=&#8221;https:\/\/plexo.edu.uy\/wp-content\/uploads\/2025\/09\/La-tournee-de-Dios-Enrique-Jardiel-Poncela.jpg&#8221; enable_lightbox=&#8221;on&#8221; show_button=&#8221;on&#8221; button_text=&#8221;Descargar aqu\u00ed&#8221; button_url=&#8221;https:\/\/drive.google.com\/file\/d\/13eu47YoYc5ON50EQhjT_BGk6jUcKE1X9\/view?usp=drive_link&#8221; content_custom_padding=&#8221;8px|0px|0px|0px|false|true&#8221; module_class=&#8221;lecturas-uniformes&#8221; _builder_version=&#8221;4.27.4&#8243; _module_preset=&#8221;default&#8221; title_font=&#8221;&#8211;et_global_body_font||||||||&#8221; title_font_size=&#8221;14px&#8221; custom_button=&#8221;on&#8221; button_text_size=&#8221;13px&#8221; button_icon=&#8221;&#xe092;||divi||400&#8243; button_alignment=&#8221;center&#8221; global_colors_info=&#8221;{}&#8221;][\/dipl_image_card][\/et_pb_column][et_pb_column type=&#8221;1_6&#8243; _builder_version=&#8221;4.27.4&#8243; _module_preset=&#8221;default&#8221; global_colors_info=&#8221;{}&#8221;][dipl_image_card title=&#8221;La vida de Pi &#8211; Yann Martel&#8221; image=&#8221;https:\/\/plexo.edu.uy\/wp-content\/uploads\/2025\/09\/La-vida-de-Pi-Yann-Martel.jpg&#8221; enable_lightbox=&#8221;on&#8221; show_button=&#8221;on&#8221; button_text=&#8221;Descargar aqu\u00ed&#8221; button_url=&#8221;https:\/\/drive.google.com\/file\/d\/1eTvUZpBFOvYMor1JF72H-O15omWqjGE8\/view?usp=drive_link&#8221; content_custom_padding=&#8221;8px|0px|0px|0px|false|true&#8221; module_class=&#8221;lecturas-uniformes&#8221; _builder_version=&#8221;4.27.4&#8243; _module_preset=&#8221;default&#8221; title_font=&#8221;&#8211;et_global_body_font||||||||&#8221; title_font_size=&#8221;14px&#8221; custom_button=&#8221;on&#8221; button_text_size=&#8221;13px&#8221; button_icon=&#8221;&#xe092;||divi||400&#8243; button_alignment=&#8221;center&#8221; global_colors_info=&#8221;{}&#8221;][\/dipl_image_card][\/et_pb_column][et_pb_column type=&#8221;1_6&#8243; _builder_version=&#8221;4.27.4&#8243; _module_preset=&#8221;default&#8221; global_colors_info=&#8221;{}&#8221;][dipl_image_card title=&#8221;Las cruzadas vistas por los arabes &#8211; Amin Maalouf&#8221; image=&#8221;https:\/\/plexo.edu.uy\/wp-content\/uploads\/2025\/09\/Las-cruzadas-vistas-por-los-arabes-Amin-Maalouf.jpg&#8221; enable_lightbox=&#8221;on&#8221; show_button=&#8221;on&#8221; button_text=&#8221;Descargar aqu\u00ed&#8221; button_url=&#8221;https:\/\/drive.google.com\/file\/d\/1WvhsU5fxMy6dak7MoXsWACSyJ5EP3J6g\/view?usp=drive_link&#8221; content_custom_padding=&#8221;8px|0px|0px|0px|false|true&#8221; module_class=&#8221;lecturas-uniformes&#8221; _builder_version=&#8221;4.27.4&#8243; _module_preset=&#8221;default&#8221; title_font=&#8221;&#8211;et_global_body_font||||||||&#8221; title_font_size=&#8221;14px&#8221; custom_button=&#8221;on&#8221; button_text_size=&#8221;13px&#8221; button_icon=&#8221;&#xe092;||divi||400&#8243; button_alignment=&#8221;center&#8221; global_colors_info=&#8221;{}&#8221;][\/dipl_image_card][\/et_pb_column][et_pb_column type=&#8221;1_6&#8243; _builder_version=&#8221;4.27.4&#8243; _module_preset=&#8221;default&#8221; global_colors_info=&#8221;{}&#8221;][dipl_image_card title=&#8221;Leon el Africano &#8211; Amin Maalouf&#8221; image=&#8221;https:\/\/plexo.edu.uy\/wp-content\/uploads\/2025\/09\/Leon-el-Africano-Amin-Maalouf.jpg&#8221; enable_lightbox=&#8221;on&#8221; show_button=&#8221;on&#8221; button_text=&#8221;Descargar aqu\u00ed&#8221; button_url=&#8221;https:\/\/drive.google.com\/file\/d\/1W1SXJzIT4pmGeYvGBMYRRMsc4KDm-GhA\/view?usp=drive_link&#8221; content_custom_padding=&#8221;8px|0px|0px|0px|false|true&#8221; module_class=&#8221;lecturas-uniformes&#8221; _builder_version=&#8221;4.27.4&#8243; _module_preset=&#8221;default&#8221; title_font=&#8221;&#8211;et_global_body_font||||||||&#8221; title_font_size=&#8221;14px&#8221; custom_button=&#8221;on&#8221; button_text_size=&#8221;13px&#8221; button_icon=&#8221;&#xe092;||divi||400&#8243; button_alignment=&#8221;center&#8221; global_colors_info=&#8221;{}&#8221;][\/dipl_image_card][\/et_pb_column][et_pb_column type=&#8221;1_6&#8243; _builder_version=&#8221;4.27.4&#8243; _module_preset=&#8221;default&#8221; global_colors_info=&#8221;{}&#8221;][dipl_image_card title=&#8221;Los cuentos siniestros &#8211; Kobo Abe&#8221; image=&#8221;https:\/\/plexo.edu.uy\/wp-content\/uploads\/2025\/09\/Los-cuentos-siniestros-Kobo-Abe.jpg&#8221; enable_lightbox=&#8221;on&#8221; show_button=&#8221;on&#8221; button_text=&#8221;Descargar aqu\u00ed&#8221; button_url=&#8221;https:\/\/drive.google.com\/file\/d\/1IhyJ0ct1Ng06KmoZDJEU1cCc0xcQNprO\/view?usp=drive_link&#8221; content_custom_padding=&#8221;8px|0px|0px|0px|false|true&#8221; module_class=&#8221;lecturas-uniformes&#8221; _builder_version=&#8221;4.27.4&#8243; _module_preset=&#8221;default&#8221; title_font=&#8221;&#8211;et_global_body_font||||||||&#8221; title_font_size=&#8221;14px&#8221; custom_button=&#8221;on&#8221; button_text_size=&#8221;13px&#8221; button_icon=&#8221;&#xe092;||divi||400&#8243; button_alignment=&#8221;center&#8221; global_colors_info=&#8221;{}&#8221;][\/dipl_image_card][\/et_pb_column][\/et_pb_row][et_pb_row column_structure=&#8221;1_6,1_6,1_6,1_6,1_6,1_6&#8243; use_custom_gutter=&#8221;on&#8221; gutter_width=&#8221;2&#8243; make_equal=&#8221;on&#8221; _builder_version=&#8221;4.27.4&#8243; _module_preset=&#8221;default&#8221; max_width=&#8221;2560px&#8221; global_colors_info=&#8221;{}&#8221;][et_pb_column type=&#8221;1_6&#8243; _builder_version=&#8221;4.27.4&#8243; _module_preset=&#8221;default&#8221; global_colors_info=&#8221;{}&#8221;][dipl_image_card title=&#8221;Los desorientados &#8211; Amin Maalouf&#8221; image=&#8221;https:\/\/plexo.edu.uy\/wp-content\/uploads\/2025\/09\/Los-desorientados-Amin-Maalouf.jpg&#8221; enable_lightbox=&#8221;on&#8221; show_button=&#8221;on&#8221; button_text=&#8221;Descargar aqu\u00ed&#8221; button_url=&#8221;https:\/\/drive.google.com\/file\/d\/1ZASjR3VFXsOUu8FD8imPWnvdXkMfw0bq\/view?usp=drive_link&#8221; content_custom_padding=&#8221;8px|0px|0px|0px|false|true&#8221; module_class=&#8221;lecturas-uniformes&#8221; _builder_version=&#8221;4.27.4&#8243; _module_preset=&#8221;default&#8221; title_font=&#8221;&#8211;et_global_body_font||||||||&#8221; title_font_size=&#8221;14px&#8221; custom_button=&#8221;on&#8221; button_text_size=&#8221;13px&#8221; button_icon=&#8221;&#xe092;||divi||400&#8243; button_alignment=&#8221;center&#8221; global_colors_info=&#8221;{}&#8221;][\/dipl_image_card][\/et_pb_column][et_pb_column type=&#8221;1_6&#8243; _builder_version=&#8221;4.27.4&#8243; _module_preset=&#8221;default&#8221; global_colors_info=&#8221;{}&#8221;][dipl_image_card title=&#8221;Los hombres que no amaban a las mujeres &#8211; Stieg Larsson&#8221; image=&#8221;https:\/\/plexo.edu.uy\/wp-content\/uploads\/2025\/09\/Los-hombres-que-no-amaban-a-las-mujeres-Stieg-Larsson.jpg&#8221; enable_lightbox=&#8221;on&#8221; show_button=&#8221;on&#8221; button_text=&#8221;Descargar aqu\u00ed&#8221; button_url=&#8221;https:\/\/drive.google.com\/file\/d\/1UVSY1AvNfcOTWj6m9e638TFdn_81FHtp\/view?usp=drive_link&#8221; content_custom_padding=&#8221;8px|0px|0px|0px|false|true&#8221; module_class=&#8221;lecturas-uniformes&#8221; _builder_version=&#8221;4.27.4&#8243; _module_preset=&#8221;default&#8221; title_font=&#8221;&#8211;et_global_body_font||||||||&#8221; title_font_size=&#8221;14px&#8221; custom_button=&#8221;on&#8221; button_text_size=&#8221;13px&#8221; button_icon=&#8221;&#xe092;||divi||400&#8243; button_alignment=&#8221;center&#8221; global_colors_info=&#8221;{}&#8221;][\/dipl_image_card][\/et_pb_column][et_pb_column type=&#8221;1_6&#8243; _builder_version=&#8221;4.27.4&#8243; _module_preset=&#8221;default&#8221; global_colors_info=&#8221;{}&#8221;][dipl_image_card title=&#8221;Los jardines de luz &#8211; Amin Maalouf&#8221; image=&#8221;https:\/\/plexo.edu.uy\/wp-content\/uploads\/2025\/09\/Los-jardines-de-luz-Amin-Maalouf.jpg&#8221; enable_lightbox=&#8221;on&#8221; show_button=&#8221;on&#8221; button_text=&#8221;Descargar aqu\u00ed&#8221; button_url=&#8221;https:\/\/drive.google.com\/file\/d\/1ig6_YrpwHqcLKQKYtwZ16r3kS27B2Tog\/view?usp=drive_link&#8221; content_custom_padding=&#8221;8px|0px|0px|0px|false|true&#8221; module_class=&#8221;lecturas-uniformes&#8221; _builder_version=&#8221;4.27.4&#8243; _module_preset=&#8221;default&#8221; title_font=&#8221;&#8211;et_global_body_font||||||||&#8221; title_font_size=&#8221;14px&#8221; custom_button=&#8221;on&#8221; button_text_size=&#8221;13px&#8221; button_icon=&#8221;&#xe092;||divi||400&#8243; button_alignment=&#8221;center&#8221; global_colors_info=&#8221;{}&#8221;][\/dipl_image_card][\/et_pb_column][et_pb_column type=&#8221;1_6&#8243; _builder_version=&#8221;4.27.4&#8243; _module_preset=&#8221;default&#8221; global_colors_info=&#8221;{}&#8221;][dipl_image_card title=&#8221;Los Miserables &#8211; Victor Hugo&#8221; image=&#8221;https:\/\/plexo.edu.uy\/wp-content\/uploads\/2025\/09\/Los-Miserables-Victor-Hugo.jpg&#8221; enable_lightbox=&#8221;on&#8221; show_button=&#8221;on&#8221; button_text=&#8221;Descargar aqu\u00ed&#8221; button_url=&#8221;https:\/\/drive.google.com\/file\/d\/1Zh59Ob5ceyH5hBaDa9FRJiM8o65V1SLH\/view?usp=drive_link&#8221; content_custom_padding=&#8221;8px|0px|0px|0px|false|true&#8221; module_class=&#8221;lecturas-uniformes&#8221; _builder_version=&#8221;4.27.4&#8243; _module_preset=&#8221;default&#8221; title_font=&#8221;&#8211;et_global_body_font||||||||&#8221; title_font_size=&#8221;14px&#8221; custom_button=&#8221;on&#8221; button_text_size=&#8221;13px&#8221; button_icon=&#8221;&#xe092;||divi||400&#8243; button_alignment=&#8221;center&#8221; global_colors_info=&#8221;{}&#8221;][\/dipl_image_card][\/et_pb_column][et_pb_column type=&#8221;1_6&#8243; _builder_version=&#8221;4.27.4&#8243; _module_preset=&#8221;default&#8221; global_colors_info=&#8221;{}&#8221;][dipl_image_card title=&#8221;Los Pilares de la Tierra &#8211; Ken Follett&#8221; image=&#8221;https:\/\/plexo.edu.uy\/wp-content\/uploads\/2025\/09\/Los-Pilares-de-la-Tierra-Ken-Follett.jpg&#8221; enable_lightbox=&#8221;on&#8221; show_button=&#8221;on&#8221; button_text=&#8221;Descargar aqu\u00ed&#8221; button_url=&#8221;https:\/\/drive.google.com\/file\/d\/1eWteRrs_vZf7c-uZGq9antIVDs2sqMmn\/view?usp=drive_link&#8221; content_custom_padding=&#8221;8px|0px|0px|0px|false|true&#8221; module_class=&#8221;lecturas-uniformes&#8221; _builder_version=&#8221;4.27.4&#8243; _module_preset=&#8221;default&#8221; title_font=&#8221;&#8211;et_global_body_font||||||||&#8221; title_font_size=&#8221;14px&#8221; custom_button=&#8221;on&#8221; button_text_size=&#8221;13px&#8221; button_icon=&#8221;&#xe092;||divi||400&#8243; button_alignment=&#8221;center&#8221; global_colors_info=&#8221;{}&#8221;][\/dipl_image_card][\/et_pb_column][et_pb_column type=&#8221;1_6&#8243; _builder_version=&#8221;4.27.4&#8243; _module_preset=&#8221;default&#8221; global_colors_info=&#8221;{}&#8221;][dipl_image_card title=&#8221;Los pilotos de altura &#8211; Pio Baroja&#8221; image=&#8221;https:\/\/plexo.edu.uy\/wp-content\/uploads\/2025\/09\/Los-pilotos-de-altura-Pio-Baroja.jpg&#8221; enable_lightbox=&#8221;on&#8221; show_button=&#8221;on&#8221; button_text=&#8221;Descargar aqu\u00ed&#8221; button_url=&#8221;https:\/\/drive.google.com\/file\/d\/1rDUXYQiel44uDm5bBu4krOa7sVRNrlJa\/view?usp=drive_link&#8221; content_custom_padding=&#8221;8px|0px|0px|0px|false|true&#8221; module_class=&#8221;lecturas-uniformes&#8221; _builder_version=&#8221;4.27.4&#8243; _module_preset=&#8221;default&#8221; title_font=&#8221;&#8211;et_global_body_font||||||||&#8221; title_font_size=&#8221;14px&#8221; custom_button=&#8221;on&#8221; button_text_size=&#8221;13px&#8221; button_icon=&#8221;&#xe092;||divi||400&#8243; button_alignment=&#8221;center&#8221; global_colors_info=&#8221;{}&#8221;][\/dipl_image_card][\/et_pb_column][\/et_pb_row][et_pb_row column_structure=&#8221;1_6,1_6,1_6,1_6,1_6,1_6&#8243; use_custom_gutter=&#8221;on&#8221; gutter_width=&#8221;2&#8243; make_equal=&#8221;on&#8221; _builder_version=&#8221;4.27.4&#8243; _module_preset=&#8221;default&#8221; max_width=&#8221;2560px&#8221; global_colors_info=&#8221;{}&#8221;][et_pb_column type=&#8221;1_6&#8243; _builder_version=&#8221;4.27.4&#8243; _module_preset=&#8221;default&#8221; global_colors_info=&#8221;{}&#8221;][dipl_image_card title=&#8221;Los postigos verdes &#8211; Georges Simenon&#8221; image=&#8221;https:\/\/plexo.edu.uy\/wp-content\/uploads\/2025\/09\/Los-postigos-verdes-Georges-Simenon.jpg&#8221; enable_lightbox=&#8221;on&#8221; show_button=&#8221;on&#8221; button_text=&#8221;Descargar aqu\u00ed&#8221; button_url=&#8221;https:\/\/drive.google.com\/file\/d\/1h_u7DKPKXqn1MR7O2s-B64QLcfchhsY0\/view?usp=drive_link&#8221; content_custom_padding=&#8221;8px|0px|0px|0px|false|true&#8221; module_class=&#8221;lecturas-uniformes&#8221; _builder_version=&#8221;4.27.4&#8243; _module_preset=&#8221;default&#8221; title_font=&#8221;&#8211;et_global_body_font||||||||&#8221; title_font_size=&#8221;14px&#8221; custom_button=&#8221;on&#8221; button_text_size=&#8221;13px&#8221; button_icon=&#8221;&#xe092;||divi||400&#8243; button_alignment=&#8221;center&#8221; global_colors_info=&#8221;{}&#8221;][\/dipl_image_card][\/et_pb_column][et_pb_column type=&#8221;1_6&#8243; _builder_version=&#8221;4.27.4&#8243; _module_preset=&#8221;default&#8221; global_colors_info=&#8221;{}&#8221;][dipl_image_card title=&#8221;Mas alla del olvido &#8211; Patrick Modiano&#8221; image=&#8221;https:\/\/plexo.edu.uy\/wp-content\/uploads\/2025\/09\/Mas-alla-del-olvido-Patrick-Modiano.jpg&#8221; enable_lightbox=&#8221;on&#8221; show_button=&#8221;on&#8221; button_text=&#8221;Descargar aqu\u00ed&#8221; button_url=&#8221;https:\/\/drive.google.com\/file\/d\/1HHpBK17odbyzr99-XQxQ0AQR1irANKG7\/view?usp=drive_link&#8221; content_custom_padding=&#8221;8px|0px|0px|0px|false|true&#8221; module_class=&#8221;lecturas-uniformes&#8221; _builder_version=&#8221;4.27.4&#8243; _module_preset=&#8221;default&#8221; title_font=&#8221;&#8211;et_global_body_font||||||||&#8221; title_font_size=&#8221;14px&#8221; custom_button=&#8221;on&#8221; button_text_size=&#8221;13px&#8221; button_icon=&#8221;&#xe092;||divi||400&#8243; button_alignment=&#8221;center&#8221; global_colors_info=&#8221;{}&#8221;][\/dipl_image_card][\/et_pb_column][et_pb_column type=&#8221;1_6&#8243; _builder_version=&#8221;4.27.4&#8243; _module_preset=&#8221;default&#8221; global_colors_info=&#8221;{}&#8221;][dipl_image_card title=&#8221;Me llamo Rojo &#8211; Orhan Pamuk&#8221; image=&#8221;https:\/\/plexo.edu.uy\/wp-content\/uploads\/2025\/09\/Me-llamo-Rojo-Orhan-Pamuk.jpg&#8221; enable_lightbox=&#8221;on&#8221; show_button=&#8221;on&#8221; button_text=&#8221;Descargar aqu\u00ed&#8221; button_url=&#8221;https:\/\/drive.google.com\/file\/d\/1ict4XupTabpm07rgSZK73HxYtnYb38jn\/view?usp=drive_link&#8221; content_custom_padding=&#8221;8px|0px|0px|0px|false|true&#8221; module_class=&#8221;lecturas-uniformes&#8221; _builder_version=&#8221;4.27.4&#8243; _module_preset=&#8221;default&#8221; title_font=&#8221;&#8211;et_global_body_font||||||||&#8221; title_font_size=&#8221;14px&#8221; custom_button=&#8221;on&#8221; button_text_size=&#8221;13px&#8221; button_icon=&#8221;&#xe092;||divi||400&#8243; button_alignment=&#8221;center&#8221; global_colors_info=&#8221;{}&#8221;][\/dipl_image_card][\/et_pb_column][et_pb_column type=&#8221;1_6&#8243; _builder_version=&#8221;4.27.4&#8243; _module_preset=&#8221;default&#8221; global_colors_info=&#8221;{}&#8221;][dipl_image_card title=&#8221;Mercaderes del espacio &#8211; Frederik Pohl&#8221; image=&#8221;https:\/\/plexo.edu.uy\/wp-content\/uploads\/2025\/09\/Mercaderes-del-espacio-Frederik-Pohl.jpg&#8221; enable_lightbox=&#8221;on&#8221; show_button=&#8221;on&#8221; button_text=&#8221;Descargar aqu\u00ed&#8221; button_url=&#8221;https:\/\/drive.google.com\/file\/d\/1Vi8HOpxqFJJaBosXFKKUh5q82A-2Pgd6\/view?usp=drive_link&#8221; content_custom_padding=&#8221;8px|0px|0px|0px|false|true&#8221; module_class=&#8221;lecturas-uniformes&#8221; _builder_version=&#8221;4.27.4&#8243; _module_preset=&#8221;default&#8221; title_font=&#8221;&#8211;et_global_body_font||||||||&#8221; title_font_size=&#8221;14px&#8221; custom_button=&#8221;on&#8221; button_text_size=&#8221;13px&#8221; button_icon=&#8221;&#xe092;||divi||400&#8243; button_alignment=&#8221;center&#8221; global_colors_info=&#8221;{}&#8221;][\/dipl_image_card][\/et_pb_column][et_pb_column type=&#8221;1_6&#8243; _builder_version=&#8221;4.27.4&#8243; _module_preset=&#8221;default&#8221; global_colors_info=&#8221;{}&#8221;][dipl_image_card title=&#8221;Mil soles esplendidos &#8211; Khaled Hosseini&#8221; image=&#8221;https:\/\/plexo.edu.uy\/wp-content\/uploads\/2025\/09\/Mil-soles-esplendidos-Khaled-Hosseini.jpg&#8221; enable_lightbox=&#8221;on&#8221; show_button=&#8221;on&#8221; button_text=&#8221;Descargar aqu\u00ed&#8221; button_url=&#8221;https:\/\/drive.google.com\/file\/d\/1qVUid-7z-eY3StKdeySogCVRch_pbx6j\/view?usp=drive_link&#8221; content_custom_padding=&#8221;8px|0px|0px|0px|false|true&#8221; module_class=&#8221;lecturas-uniformes&#8221; _builder_version=&#8221;4.27.4&#8243; _module_preset=&#8221;default&#8221; title_font=&#8221;&#8211;et_global_body_font||||||||&#8221; title_font_size=&#8221;14px&#8221; custom_button=&#8221;on&#8221; button_text_size=&#8221;13px&#8221; button_icon=&#8221;&#xe092;||divi||400&#8243; button_alignment=&#8221;center&#8221; global_colors_info=&#8221;{}&#8221;][\/dipl_image_card][\/et_pb_column][et_pb_column type=&#8221;1_6&#8243; _builder_version=&#8221;4.27.4&#8243; _module_preset=&#8221;default&#8221; global_colors_info=&#8221;{}&#8221;][dipl_image_card title=&#8221;Pan, educacion, libertad &#8211; Petros Markaris&#8221; image=&#8221;https:\/\/plexo.edu.uy\/wp-content\/uploads\/2025\/09\/Pan-educacion-libertad-Petros-Markaris.jpg&#8221; enable_lightbox=&#8221;on&#8221; show_button=&#8221;on&#8221; button_text=&#8221;Descargar aqu\u00ed&#8221; button_url=&#8221;https:\/\/drive.google.com\/file\/d\/1MjuwL8KgXOQA6F3umhUxCGRM6HeZnYl9\/view?usp=drive_link&#8221; content_custom_padding=&#8221;8px|0px|0px|0px|false|true&#8221; module_class=&#8221;lecturas-uniformes&#8221; _builder_version=&#8221;4.27.4&#8243; _module_preset=&#8221;default&#8221; title_font=&#8221;&#8211;et_global_body_font||||||||&#8221; title_font_size=&#8221;14px&#8221; custom_button=&#8221;on&#8221; button_text_size=&#8221;13px&#8221; button_icon=&#8221;&#xe092;||divi||400&#8243; button_alignment=&#8221;center&#8221; global_colors_info=&#8221;{}&#8221;][\/dipl_image_card][\/et_pb_column][\/et_pb_row][et_pb_row column_structure=&#8221;1_6,1_6,1_6,1_6,1_6,1_6&#8243; use_custom_gutter=&#8221;on&#8221; gutter_width=&#8221;2&#8243; make_equal=&#8221;on&#8221; _builder_version=&#8221;4.27.4&#8243; _module_preset=&#8221;default&#8221; max_width=&#8221;2560px&#8221; global_colors_info=&#8221;{}&#8221;][et_pb_column type=&#8221;1_6&#8243; _builder_version=&#8221;4.27.4&#8243; _module_preset=&#8221;default&#8221; global_colors_info=&#8221;{}&#8221;][dipl_image_card title=&#8221;Pasaje a la India &#8211; E. M. Forster&#8221; image=&#8221;https:\/\/plexo.edu.uy\/wp-content\/uploads\/2025\/09\/Pasaje-a-la-India-E.-M.-Forster.jpg&#8221; enable_lightbox=&#8221;on&#8221; show_button=&#8221;on&#8221; button_text=&#8221;Descargar aqu\u00ed&#8221; button_url=&#8221;https:\/\/drive.google.com\/file\/d\/1FlbSYbJ1_2zFB5kVJf2h7lSeHx3eVGlE\/view?usp=drive_link&#8221; content_custom_padding=&#8221;8px|0px|0px|0px|false|true&#8221; module_class=&#8221;lecturas-uniformes&#8221; _builder_version=&#8221;4.27.4&#8243; _module_preset=&#8221;default&#8221; title_font=&#8221;&#8211;et_global_body_font||||||||&#8221; title_font_size=&#8221;14px&#8221; custom_button=&#8221;on&#8221; button_text_size=&#8221;13px&#8221; button_icon=&#8221;&#xe092;||divi||400&#8243; button_alignment=&#8221;center&#8221; global_colors_info=&#8221;{}&#8221;][\/dipl_image_card][\/et_pb_column][et_pb_column type=&#8221;1_6&#8243; _builder_version=&#8221;4.27.4&#8243; _module_preset=&#8221;default&#8221; global_colors_info=&#8221;{}&#8221;][dipl_image_card title=&#8221;Poeta en Nueva York &#8211; Federico Garcia Lorca&#8221; image=&#8221;https:\/\/plexo.edu.uy\/wp-content\/uploads\/2025\/09\/Poeta-en-Nueva-York-Federico-Garcia-Lorca.jpg&#8221; enable_lightbox=&#8221;on&#8221; show_button=&#8221;on&#8221; button_text=&#8221;Descargar aqu\u00ed&#8221; button_url=&#8221;https:\/\/drive.google.com\/file\/d\/1k0QVcdz_LrdxeJDTuEWA-Cxb5kPu4SPY\/view?usp=drive_link&#8221; content_custom_padding=&#8221;8px|0px|0px|0px|false|true&#8221; module_class=&#8221;lecturas-uniformes&#8221; _builder_version=&#8221;4.27.4&#8243; _module_preset=&#8221;default&#8221; title_font=&#8221;&#8211;et_global_body_font||||||||&#8221; title_font_size=&#8221;14px&#8221; custom_button=&#8221;on&#8221; button_text_size=&#8221;13px&#8221; button_icon=&#8221;&#xe092;||divi||400&#8243; button_alignment=&#8221;center&#8221; global_colors_info=&#8221;{}&#8221;][\/dipl_image_card][\/et_pb_column][et_pb_column type=&#8221;1_6&#8243; _builder_version=&#8221;4.27.4&#8243; _module_preset=&#8221;default&#8221; global_colors_info=&#8221;{}&#8221;][dipl_image_card title=&#8221;Puerto humano &#8211; John Ajvide Lindqvist&#8221; image=&#8221;https:\/\/plexo.edu.uy\/wp-content\/uploads\/2025\/09\/Puerto-humano-John-Ajvide-Lindqvist.jpg&#8221; enable_lightbox=&#8221;on&#8221; show_button=&#8221;on&#8221; button_text=&#8221;Descargar aqu\u00ed&#8221; button_url=&#8221;https:\/\/drive.google.com\/file\/d\/1TwX3uRrk7zmVOMz_8THMfWZQSJlfVk38\/view?usp=drive_link&#8221; content_custom_padding=&#8221;8px|0px|0px|0px|false|true&#8221; module_class=&#8221;lecturas-uniformes&#8221; _builder_version=&#8221;4.27.4&#8243; _module_preset=&#8221;default&#8221; title_font=&#8221;&#8211;et_global_body_font||||||||&#8221; title_font_size=&#8221;14px&#8221; custom_button=&#8221;on&#8221; button_text_size=&#8221;13px&#8221; button_icon=&#8221;&#xe092;||divi||400&#8243; button_alignment=&#8221;center&#8221; global_colors_info=&#8221;{}&#8221;][\/dipl_image_card][\/et_pb_column][et_pb_column type=&#8221;1_6&#8243; _builder_version=&#8221;4.27.4&#8243; _module_preset=&#8221;default&#8221; global_colors_info=&#8221;{}&#8221;][dipl_image_card title=&#8221;Rashomon y otros cuentos &#8211; Ryunosuke Akutagawa&#8221; image=&#8221;https:\/\/plexo.edu.uy\/wp-content\/uploads\/2025\/09\/Rashomon-y-otros-cuentos-Ryunosuke-Akutagawa.jpg&#8221; enable_lightbox=&#8221;on&#8221; show_button=&#8221;on&#8221; button_text=&#8221;Descargar aqu\u00ed&#8221; button_url=&#8221;https:\/\/drive.google.com\/file\/d\/1b9htO-x0AMgPqivGDmUFGVr8tpMiIUKo\/view?usp=drive_link&#8221; content_custom_padding=&#8221;8px|0px|0px|0px|false|true&#8221; module_class=&#8221;lecturas-uniformes&#8221; _builder_version=&#8221;4.27.4&#8243; _module_preset=&#8221;default&#8221; title_font=&#8221;&#8211;et_global_body_font||||||||&#8221; title_font_size=&#8221;14px&#8221; custom_button=&#8221;on&#8221; button_text_size=&#8221;13px&#8221; button_icon=&#8221;&#xe092;||divi||400&#8243; button_alignment=&#8221;center&#8221; global_colors_info=&#8221;{}&#8221;][\/dipl_image_card][\/et_pb_column][et_pb_column type=&#8221;1_6&#8243; _builder_version=&#8221;4.27.4&#8243; _module_preset=&#8221;default&#8221; global_colors_info=&#8221;{}&#8221;][dipl_image_card title=&#8221;Roma eterna &#8211; Robert Silverberg&#8221; image=&#8221;https:\/\/plexo.edu.uy\/wp-content\/uploads\/2025\/09\/Roma-eterna-Robert-Silverberg.jpg&#8221; enable_lightbox=&#8221;on&#8221; show_button=&#8221;on&#8221; button_text=&#8221;Descargar aqu\u00ed&#8221; button_url=&#8221;https:\/\/drive.google.com\/file\/d\/1wYNP69YFW8CvcwmmIiBAkou0OldqkKT3\/view?usp=drive_link&#8221; content_custom_padding=&#8221;8px|0px|0px|0px|false|true&#8221; module_class=&#8221;lecturas-uniformes&#8221; _builder_version=&#8221;4.27.4&#8243; _module_preset=&#8221;default&#8221; title_font=&#8221;&#8211;et_global_body_font||||||||&#8221; title_font_size=&#8221;14px&#8221; custom_button=&#8221;on&#8221; button_text_size=&#8221;13px&#8221; button_icon=&#8221;&#xe092;||divi||400&#8243; button_alignment=&#8221;center&#8221; global_colors_info=&#8221;{}&#8221;][\/dipl_image_card][\/et_pb_column][et_pb_column type=&#8221;1_6&#8243; _builder_version=&#8221;4.27.4&#8243; _module_preset=&#8221;default&#8221; global_colors_info=&#8221;{}&#8221;][dipl_image_card title=&#8221;Ruta de gloria &#8211; Robert A. Heinlein&#8221; image=&#8221;https:\/\/plexo.edu.uy\/wp-content\/uploads\/2025\/09\/Ruta-de-gloria-Robert-A.-Heinlein.jpg&#8221; enable_lightbox=&#8221;on&#8221; show_button=&#8221;on&#8221; button_text=&#8221;Descargar aqu\u00ed&#8221; button_url=&#8221;https:\/\/drive.google.com\/file\/d\/1Chb8leWCfOjpPdt8-WNTmrTYCrPpFe8w\/view?usp=drive_link&#8221; content_custom_padding=&#8221;8px|0px|0px|0px|false|true&#8221; module_class=&#8221;lecturas-uniformes&#8221; _builder_version=&#8221;4.27.4&#8243; _module_preset=&#8221;default&#8221; title_font=&#8221;&#8211;et_global_body_font||||||||&#8221; title_font_size=&#8221;14px&#8221; custom_button=&#8221;on&#8221; button_text_size=&#8221;13px&#8221; button_icon=&#8221;&#xe092;||divi||400&#8243; button_alignment=&#8221;center&#8221; global_colors_info=&#8221;{}&#8221;][\/dipl_image_card][\/et_pb_column][\/et_pb_row][et_pb_row column_structure=&#8221;1_6,1_6,1_6,1_6,1_6,1_6&#8243; use_custom_gutter=&#8221;on&#8221; gutter_width=&#8221;2&#8243; make_equal=&#8221;on&#8221; _builder_version=&#8221;4.27.4&#8243; _module_preset=&#8221;default&#8221; max_width=&#8221;2560px&#8221; global_colors_info=&#8221;{}&#8221;][et_pb_column type=&#8221;1_6&#8243; _builder_version=&#8221;4.27.4&#8243; _module_preset=&#8221;default&#8221; global_colors_info=&#8221;{}&#8221;][dipl_image_card title=&#8221;Siddhartha &#8211; Hermann Hesse&#8221; image=&#8221;https:\/\/plexo.edu.uy\/wp-content\/uploads\/2025\/09\/Siddhartha-Hermann-Hesse.jpg&#8221; enable_lightbox=&#8221;on&#8221; show_button=&#8221;on&#8221; button_text=&#8221;Descargar aqu\u00ed&#8221; button_url=&#8221;https:\/\/drive.google.com\/file\/d\/1Uz8eoDNvAHkWdh6qjU18t84mnWS7AGM-\/view?usp=drive_link&#8221; content_custom_padding=&#8221;8px|0px|0px|0px|false|true&#8221; module_class=&#8221;lecturas-uniformes&#8221; _builder_version=&#8221;4.27.4&#8243; _module_preset=&#8221;default&#8221; title_font=&#8221;&#8211;et_global_body_font||||||||&#8221; title_font_size=&#8221;14px&#8221; custom_button=&#8221;on&#8221; button_text_size=&#8221;13px&#8221; button_icon=&#8221;&#xe092;||divi||400&#8243; button_alignment=&#8221;center&#8221; global_colors_info=&#8221;{}&#8221;][\/dipl_image_card][\/et_pb_column][et_pb_column type=&#8221;1_6&#8243; _builder_version=&#8221;4.27.4&#8243; _module_preset=&#8221;default&#8221; global_colors_info=&#8221;{}&#8221;][dipl_image_card title=&#8221;Soy leyenda &#8211; Richard Matheson&#8221; image=&#8221;https:\/\/plexo.edu.uy\/wp-content\/uploads\/2025\/09\/Soy-leyenda-Richard-Matheson.jpg&#8221; enable_lightbox=&#8221;on&#8221; show_button=&#8221;on&#8221; button_text=&#8221;Descargar aqu\u00ed&#8221; button_url=&#8221;https:\/\/drive.google.com\/file\/d\/1HlDsy-5vXBzO7Z4fPZilsMMdj-XvdGRG\/view?usp=drive_link&#8221; content_custom_padding=&#8221;8px|0px|0px|0px|false|true&#8221; module_class=&#8221;lecturas-uniformes&#8221; _builder_version=&#8221;4.27.4&#8243; _module_preset=&#8221;default&#8221; title_font=&#8221;&#8211;et_global_body_font||||||||&#8221; title_font_size=&#8221;14px&#8221; custom_button=&#8221;on&#8221; button_text_size=&#8221;13px&#8221; button_icon=&#8221;&#xe092;||divi||400&#8243; button_alignment=&#8221;center&#8221; global_colors_info=&#8221;{}&#8221;][\/dipl_image_card][\/et_pb_column][et_pb_column type=&#8221;1_6&#8243; _builder_version=&#8221;4.27.4&#8243; _module_preset=&#8221;default&#8221; global_colors_info=&#8221;{}&#8221;][dipl_image_card title=&#8221;Soy un gato &#8211; Natsume Soseki&#8221; image=&#8221;https:\/\/plexo.edu.uy\/wp-content\/uploads\/2025\/09\/Soy-un-gato-Natsume-Soseki.jpg&#8221; enable_lightbox=&#8221;on&#8221; show_button=&#8221;on&#8221; button_text=&#8221;Descargar aqu\u00ed&#8221; button_url=&#8221;https:\/\/drive.google.com\/file\/d\/1zIbpe8rXy6xi4mwyjgRvtvt_SIQ2pVhC\/view?usp=drive_link&#8221; content_custom_padding=&#8221;8px|0px|0px|0px|false|true&#8221; module_class=&#8221;lecturas-uniformes&#8221; _builder_version=&#8221;4.27.4&#8243; _module_preset=&#8221;default&#8221; title_font=&#8221;&#8211;et_global_body_font||||||||&#8221; title_font_size=&#8221;14px&#8221; custom_button=&#8221;on&#8221; button_text_size=&#8221;13px&#8221; button_icon=&#8221;&#xe092;||divi||400&#8243; button_alignment=&#8221;center&#8221; global_colors_info=&#8221;{}&#8221;][\/dipl_image_card][\/et_pb_column][et_pb_column type=&#8221;1_6&#8243; _builder_version=&#8221;4.27.4&#8243; _module_preset=&#8221;default&#8221; global_colors_info=&#8221;{}&#8221;][dipl_image_card title=&#8221;Sue\u00f1an los androides con ovejas electricas &#8211; Philip K. Dick&#8221; image=&#8221;https:\/\/plexo.edu.uy\/wp-content\/uploads\/2025\/09\/Suenan-los-androides-con-ovejas-electricas-Philip-K.-Dick.jpg&#8221; enable_lightbox=&#8221;on&#8221; show_button=&#8221;on&#8221; button_text=&#8221;Descargar aqu\u00ed&#8221; button_url=&#8221;https:\/\/drive.google.com\/file\/d\/1X5hNKjUSKU6jTSEZO_Z6UgNwz1w4l3rZ\/view?usp=drive_link&#8221; content_custom_padding=&#8221;8px|0px|0px|0px|false|true&#8221; module_class=&#8221;lecturas-uniformes&#8221; _builder_version=&#8221;4.27.4&#8243; _module_preset=&#8221;default&#8221; title_font=&#8221;&#8211;et_global_body_font||||||||&#8221; title_font_size=&#8221;14px&#8221; custom_button=&#8221;on&#8221; button_text_size=&#8221;13px&#8221; button_icon=&#8221;&#xe092;||divi||400&#8243; button_alignment=&#8221;center&#8221; global_colors_info=&#8221;{}&#8221;][\/dipl_image_card][\/et_pb_column][et_pb_column type=&#8221;1_6&#8243; _builder_version=&#8221;4.27.4&#8243; _module_preset=&#8221;default&#8221; global_colors_info=&#8221;{}&#8221;][dipl_image_card title=&#8221;Suites imperiales &#8211; Bret Easton Ellis&#8221; image=&#8221;https:\/\/plexo.edu.uy\/wp-content\/uploads\/2025\/09\/Suites-imperiales-Bret-Easton-Ellis.jpg&#8221; enable_lightbox=&#8221;on&#8221; show_button=&#8221;on&#8221; button_text=&#8221;Descargar aqu\u00ed&#8221; button_url=&#8221;https:\/\/drive.google.com\/file\/d\/155XqRz1EvP-g&#8211;fRjOQt5mM1G1JcQyGg\/view?usp=drive_link&#8221; content_custom_padding=&#8221;8px|0px|0px|0px|false|true&#8221; module_class=&#8221;lecturas-uniformes&#8221; _builder_version=&#8221;4.27.4&#8243; _module_preset=&#8221;default&#8221; title_font=&#8221;&#8211;et_global_body_font||||||||&#8221; title_font_size=&#8221;14px&#8221; custom_button=&#8221;on&#8221; button_text_size=&#8221;13px&#8221; button_icon=&#8221;&#xe092;||divi||400&#8243; button_alignment=&#8221;center&#8221; global_colors_info=&#8221;{}&#8221;][\/dipl_image_card][\/et_pb_column][et_pb_column type=&#8221;1_6&#8243; _builder_version=&#8221;4.27.4&#8243; _module_preset=&#8221;default&#8221; global_colors_info=&#8221;{}&#8221;][dipl_image_card title=&#8221;Todas las almas &#8211; Javier Marias&#8221; image=&#8221;https:\/\/plexo.edu.uy\/wp-content\/uploads\/2025\/09\/Todas-las-almas-Javier-Marias.jpg&#8221; enable_lightbox=&#8221;on&#8221; show_button=&#8221;on&#8221; button_text=&#8221;Descargar aqu\u00ed&#8221; button_url=&#8221;https:\/\/drive.google.com\/file\/d\/1-8lSoV-J-V7zAfuNC9u-L5amFr6Y5zG-\/view?usp=drive_link&#8221; content_custom_padding=&#8221;8px|0px|0px|0px|false|true&#8221; module_class=&#8221;lecturas-uniformes&#8221; _builder_version=&#8221;4.27.4&#8243; _module_preset=&#8221;default&#8221; title_font=&#8221;&#8211;et_global_body_font||||||||&#8221; title_font_size=&#8221;14px&#8221; custom_button=&#8221;on&#8221; button_text_size=&#8221;13px&#8221; button_icon=&#8221;&#xe092;||divi||400&#8243; button_alignment=&#8221;center&#8221; global_colors_info=&#8221;{}&#8221;][\/dipl_image_card][\/et_pb_column][\/et_pb_row][et_pb_row column_structure=&#8221;1_6,1_6,1_6,1_6,1_6,1_6&#8243; use_custom_gutter=&#8221;on&#8221; gutter_width=&#8221;2&#8243; make_equal=&#8221;on&#8221; _builder_version=&#8221;4.27.4&#8243; _module_preset=&#8221;default&#8221; max_width=&#8221;2560px&#8221; global_colors_info=&#8221;{}&#8221;][et_pb_column type=&#8221;1_6&#8243; _builder_version=&#8221;4.27.4&#8243; _module_preset=&#8221;default&#8221; global_colors_info=&#8221;{}&#8221;][dipl_image_card title=&#8221;Tokio Blues &#8211; Haruki Murakami&#8221; image=&#8221;https:\/\/plexo.edu.uy\/wp-content\/uploads\/2025\/09\/Tokio-Blues-Haruki-Murakami.jpg&#8221; enable_lightbox=&#8221;on&#8221; show_button=&#8221;on&#8221; button_text=&#8221;Descargar aqu\u00ed&#8221; button_url=&#8221;https:\/\/drive.google.com\/file\/d\/1-XT1F_sbQY2b6mmtEuXibUvd-TDyKBHj\/view?usp=drive_link&#8221; content_custom_padding=&#8221;8px|0px|0px|0px|false|true&#8221; module_class=&#8221;lecturas-uniformes&#8221; _builder_version=&#8221;4.27.4&#8243; _module_preset=&#8221;default&#8221; title_font=&#8221;&#8211;et_global_body_font||||||||&#8221; title_font_size=&#8221;14px&#8221; custom_button=&#8221;on&#8221; button_text_size=&#8221;13px&#8221; button_icon=&#8221;&#xe092;||divi||400&#8243; button_alignment=&#8221;center&#8221; global_colors_info=&#8221;{}&#8221;][\/dipl_image_card][\/et_pb_column][et_pb_column type=&#8221;1_6&#8243; _builder_version=&#8221;4.27.4&#8243; _module_preset=&#8221;default&#8221; global_colors_info=&#8221;{}&#8221;][dipl_image_card title=&#8221;Tu, el inmortal &#8211; Roger Zelazny&#8221; image=&#8221;https:\/\/plexo.edu.uy\/wp-content\/uploads\/2025\/09\/Tu-el-inmortal-Roger-Zelazny.jpg&#8221; enable_lightbox=&#8221;on&#8221; show_button=&#8221;on&#8221; button_text=&#8221;Descargar aqu\u00ed&#8221; button_url=&#8221;https:\/\/drive.google.com\/file\/d\/1RNIFAflrwrQHdxw-ymGkqR82Z66Mrb0E\/view?usp=drive_link&#8221; content_custom_padding=&#8221;8px|0px|0px|0px|false|true&#8221; module_class=&#8221;lecturas-uniformes&#8221; _builder_version=&#8221;4.27.4&#8243; _module_preset=&#8221;default&#8221; title_font=&#8221;&#8211;et_global_body_font||||||||&#8221; title_font_size=&#8221;14px&#8221; custom_button=&#8221;on&#8221; button_text_size=&#8221;13px&#8221; button_icon=&#8221;&#xe092;||divi||400&#8243; button_alignment=&#8221;center&#8221; global_colors_info=&#8221;{}&#8221;][\/dipl_image_card][\/et_pb_column][et_pb_column type=&#8221;1_6&#8243; _builder_version=&#8221;4.27.4&#8243; _module_preset=&#8221;default&#8221; global_colors_info=&#8221;{}&#8221;][dipl_image_card title=&#8221;Ulises &#8211; James Joyce&#8221; image=&#8221;https:\/\/plexo.edu.uy\/wp-content\/uploads\/2025\/09\/Ulises-James-Joyce.jpg&#8221; enable_lightbox=&#8221;on&#8221; show_button=&#8221;on&#8221; button_text=&#8221;Descargar aqu\u00ed&#8221; button_url=&#8221;https:\/\/drive.google.com\/file\/d\/1k8ZfCm89VqK9e0C3FsIP4oQ5YZVEZy7H\/view?usp=drive_link&#8221; content_custom_padding=&#8221;8px|0px|0px|0px|false|true&#8221; module_class=&#8221;lecturas-uniformes&#8221; _builder_version=&#8221;4.27.4&#8243; _module_preset=&#8221;default&#8221; title_font=&#8221;&#8211;et_global_body_font||||||||&#8221; title_font_size=&#8221;14px&#8221; custom_button=&#8221;on&#8221; button_text_size=&#8221;13px&#8221; button_icon=&#8221;&#xe092;||divi||400&#8243; button_alignment=&#8221;center&#8221; global_colors_info=&#8221;{}&#8221;][\/dipl_image_card][\/et_pb_column][et_pb_column type=&#8221;1_6&#8243; _builder_version=&#8221;4.27.4&#8243; _module_preset=&#8221;default&#8221; global_colors_info=&#8221;{}&#8221;][dipl_image_card title=&#8221;Ultima Roma &#8211; Leon Arsenal&#8221; image=&#8221;https:\/\/plexo.edu.uy\/wp-content\/uploads\/2025\/09\/Ultima-Roma-Leon-Arsenal.jpg&#8221; enable_lightbox=&#8221;on&#8221; show_button=&#8221;on&#8221; button_text=&#8221;Descargar aqu\u00ed&#8221; button_url=&#8221;https:\/\/drive.google.com\/file\/d\/1b9nLbwRkQSd2ELWuxZpRx4KzugRIKN1S\/view?usp=drive_link&#8221; content_custom_padding=&#8221;8px|0px|0px|0px|false|true&#8221; module_class=&#8221;lecturas-uniformes&#8221; _builder_version=&#8221;4.27.4&#8243; _module_preset=&#8221;default&#8221; title_font=&#8221;&#8211;et_global_body_font||||||||&#8221; title_font_size=&#8221;14px&#8221; custom_button=&#8221;on&#8221; button_text_size=&#8221;13px&#8221; button_icon=&#8221;&#xe092;||divi||400&#8243; button_alignment=&#8221;center&#8221; global_colors_info=&#8221;{}&#8221;][\/dipl_image_card][\/et_pb_column][et_pb_column type=&#8221;1_6&#8243; _builder_version=&#8221;4.27.4&#8243; _module_preset=&#8221;default&#8221; global_colors_info=&#8221;{}&#8221;][dipl_image_card title=&#8221;Un mundo feliz &#8211; Aldous Huxley&#8221; image=&#8221;https:\/\/plexo.edu.uy\/wp-content\/uploads\/2025\/09\/Un-mundo-feliz-Aldous-Huxley.jpg&#8221; enable_lightbox=&#8221;on&#8221; show_button=&#8221;on&#8221; button_text=&#8221;Descargar aqu\u00ed&#8221; button_url=&#8221;https:\/\/drive.google.com\/file\/d\/1-MSFZa0DZNtjHXbMKaly1CuRR-uuhXg_\/view?usp=drive_link&#8221; content_custom_padding=&#8221;8px|0px|0px|0px|false|true&#8221; module_class=&#8221;lecturas-uniformes&#8221; _builder_version=&#8221;4.27.4&#8243; _module_preset=&#8221;default&#8221; title_font=&#8221;&#8211;et_global_body_font||||||||&#8221; title_font_size=&#8221;14px&#8221; custom_button=&#8221;on&#8221; button_text_size=&#8221;13px&#8221; button_icon=&#8221;&#xe092;||divi||400&#8243; button_alignment=&#8221;center&#8221; transform_scale_linked=&#8221;off&#8221; global_colors_info=&#8221;{}&#8221;][\/dipl_image_card][\/et_pb_column][et_pb_column type=&#8221;1_6&#8243; _builder_version=&#8221;4.27.4&#8243; _module_preset=&#8221;default&#8221; global_colors_info=&#8221;{}&#8221;][dipl_image_card title=&#8221;Y las montanas hablaron &#8211; Khaled Hosseini&#8221; image=&#8221;https:\/\/plexo.edu.uy\/wp-content\/uploads\/2025\/09\/Y-las-montanas-hablaron-Khaled-Hosseini.jpg&#8221; enable_lightbox=&#8221;on&#8221; show_button=&#8221;on&#8221; button_text=&#8221;Descargar aqu\u00ed&#8221; button_url=&#8221;https:\/\/drive.google.com\/file\/d\/1BVVg4rZ3c3exdnYBpLeVadhEgJJfYYOv\/view?usp=drive_link&#8221; content_custom_padding=&#8221;8px|0px|0px|0px|false|true&#8221; module_class=&#8221;lecturas-uniformes&#8221; _builder_version=&#8221;4.27.4&#8243; _module_preset=&#8221;default&#8221; title_font=&#8221;&#8211;et_global_body_font||||||||&#8221; title_font_size=&#8221;14px&#8221; custom_button=&#8221;on&#8221; button_text_size=&#8221;13px&#8221; button_icon=&#8221;&#xe092;||divi||400&#8243; button_alignment=&#8221;center&#8221; global_colors_info=&#8221;{}&#8221;][\/dipl_image_card][\/et_pb_column][\/et_pb_row][\/et_pb_section]<\/p>\n","protected":false},"excerpt":{"rendered":"<p>LECTURAS RECOMENDADAS<div class=\"et_pb_module dipl_breadcrumb dipl_breadcrumb_0\">\n\t\t\t\t\n\t\t\t\t\n\t\t\t\t\n\t\t\t\t\n\t\t\t\t\n\t\t\t\t\n\t\t\t\t<div class=\"et_pb_module_inner\">\n\t\t\t\t\t<div class=\"dipl-breadcrumb-wrapper layout2\">\n\t\t\t\t<ol class=\"dipl-breadcrumb-inner\" vocab=\"https:\/\/schema.org\/\" typeof=\"BreadcrumbList\">\n\t\t\t\t\t<li property=\"itemListElement\" typeof=\"ListItem\" data-icon=\"&#x24;\">\n\t\t\t\t\t\t\t\t<a class=\"breadcrumb-item dipl-home-page\" href=\"https:\/\/plexo.edu.uy\" property=\"item\" typeof=\"WebPage\" >\n\t\t\t\t\t\t\t\t\t<span class=\"breadcrumb-page\" property=\"name\">Home<\/span>\n\t\t\t\t\t\t\t\t<\/a>\n\t\t\t\t\t\t\t\t<meta property=\"position\" content=\"1\" \/>\n\t\t\t\t\t\t\t<\/li>\n\t\t\t\t<\/ol>\n\t\t\t<\/div>\n\t\t\t\t<\/div>\n\t\t\t<\/div>Todas las lecturas est\u00e1n disponibles para descargar en formato EPUB. Este formato puede abrirse en la mayor\u00eda de lectores de libros electr\u00f3nicos, as\u00ed como en computadoras, tablets y tel\u00e9fonos mediante aplicaciones compatibles como Calibre, Apple Books o Google Play Books. Para acceder a cada lectura, solo es necesario [&hellip;]<\/p>\n","protected":false},"author":5,"featured_media":0,"parent":0,"menu_order":0,"comment_status":"closed","ping_status":"closed","template":"","meta":{"_et_pb_use_builder":"on","_et_pb_old_content":"","_et_gb_content_width":"","footnotes":""},"class_list":["post-11855","page","type-page","status-publish","hentry"],"_links":{"self":[{"href":"https:\/\/plexo.edu.uy\/index.php\/wp-json\/wp\/v2\/pages\/11855","targetHints":{"allow":["GET"]}}],"collection":[{"href":"https:\/\/plexo.edu.uy\/index.php\/wp-json\/wp\/v2\/pages"}],"about":[{"href":"https:\/\/plexo.edu.uy\/index.php\/wp-json\/wp\/v2\/types\/page"}],"author":[{"embeddable":true,"href":"https:\/\/plexo.edu.uy\/index.php\/wp-json\/wp\/v2\/users\/5"}],"replies":[{"embeddable":true,"href":"https:\/\/plexo.edu.uy\/index.php\/wp-json\/wp\/v2\/comments?post=11855"}],"version-history":[{"count":0,"href":"https:\/\/plexo.edu.uy\/index.php\/wp-json\/wp\/v2\/pages\/11855\/revisions"}],"wp:attachment":[{"href":"https:\/\/plexo.edu.uy\/index.php\/wp-json\/wp\/v2\/media?parent=11855"}],"curies":[{"name":"wp","href":"https:\/\/api.w.org\/{rel}","templated":true}]}}