{"id":12510,"date":"2025-10-13T17:51:19","date_gmt":"2025-10-13T17:51:19","guid":{"rendered":"https:\/\/plexo.edu.uy\/?page_id=12510"},"modified":"2025-10-21T17:05:53","modified_gmt":"2025-10-21T17:05:53","slug":"sobre-plexo","status":"publish","type":"page","link":"https:\/\/plexo.edu.uy\/index.php\/sobre-plexo\/","title":{"rendered":"SOBRE PLEXO"},"content":{"rendered":"<p>[et_pb_section fb_built=&#8221;1&#8243; _builder_version=&#8221;4.27.4&#8243; _module_preset=&#8221;default&#8221; background_color=&#8221;rgba(0,0,0,0.5)&#8221; background_image=&#8221;https:\/\/plexo.edu.uy\/wp-content\/uploads\/2025\/09\/PLEXO_Hipersticiones_Latentes_Proximamente.webp&#8221; background_blend=&#8221;overlay&#8221; global_colors_info=&#8221;{}&#8221;][et_pb_row _builder_version=&#8221;4.27.4&#8243; _module_preset=&#8221;default&#8221; max_width=&#8221;2560px&#8221; custom_margin=&#8221;75px||-50px||false|false&#8221; custom_padding=&#8221;||0px||false|false&#8221; global_colors_info=&#8221;{}&#8221;][et_pb_column type=&#8221;4_4&#8243; _builder_version=&#8221;4.27.4&#8243; _module_preset=&#8221;default&#8221; global_colors_info=&#8221;{}&#8221;][et_pb_text _builder_version=&#8221;4.27.4&#8243; _module_preset=&#8221;default&#8221; header_font=&#8221;&#8211;et_global_body_font||||||||&#8221; header_text_align=&#8221;left&#8221; header_text_color=&#8221;#FFFFFF&#8221; header_font_size=&#8221;80px&#8221; global_colors_info=&#8221;{}&#8221;]<\/p>\n<h1>SOBRE PLEXO<\/h1>\n<p>[\/et_pb_text][\/et_pb_column][\/et_pb_row][\/et_pb_section][et_pb_section fb_built=&#8221;1&#8243; admin_label=&#8221;antecedentes&#8221; module_id=&#8221;antecedentes&#8221; _builder_version=&#8221;4.27.4&#8243; use_background_color_gradient=&#8221;on&#8221; background_color_gradient_stops=&#8221;#f4f4f4 6%|rgba(241,214,67,0.12) 100%&#8221; background_color_gradient_overlays_image=&#8221;on&#8221; background_color_gradient_start=&#8221;#f4f4f4&#8243; background_color_gradient_start_position=&#8221;6%&#8221; background_color_gradient_end=&#8221;rgba(241,214,67,0.12)&#8221; background_image=&#8221;https:\/\/plexo.edu.uy\/wp-content\/uploads\/2022\/03\/Nueva-York-EEUU.-Angel-Armagno-3-scaled-1.jpg&#8221; custom_margin=&#8221;||||false|false&#8221; custom_padding=&#8221;40px||10%||false|false&#8221; collapsed=&#8221;off&#8221; global_colors_info=&#8221;{}&#8221;][et_pb_row _builder_version=&#8221;4.27.4&#8243; _module_preset=&#8221;default&#8221; max_width=&#8221;2560px&#8221; global_colors_info=&#8221;{}&#8221;][et_pb_column type=&#8221;4_4&#8243; _builder_version=&#8221;4.16&#8243; _module_preset=&#8221;default&#8221; global_colors_info=&#8221;{}&#8221;][et_pb_text _builder_version=&#8221;4.27.4&#8243; _module_preset=&#8221;default&#8221; header_font=&#8221;&#8211;et_global_body_font||||||||&#8221; header_text_align=&#8221;center&#8221; header_text_color=&#8221;#000000&#8243; global_colors_info=&#8221;{}&#8221;]<\/p>\n<h1 style=\"text-align: left;\">ANTECEDENTES<\/h1>\n<p>[\/et_pb_text][dipl_timeline global_timeline_icon_color=&#8221;#e44b5b&#8221; global_icon_fill_color=&#8221;#e44b5b&#8221; global_icon_shape=&#8221;use_circle&#8221; global_icon_shape_color=&#8221;RGBA(255,255,255,0)&#8221; global_icon_shape_fill_color=&#8221;RGBA(255,255,255,0)&#8221; global_item_image_size=&#8221;34px&#8221; timeline_bar_color=&#8221;#e44b5b&#8221; timeline_bar_fill_color=&#8221;#e44b5b&#8221; timeline_custom_padding=&#8221;||||false|false&#8221; global_timeline_background_color=&#8221;rgba(255,255,255,0.85)&#8221; module_class=&#8221;mi-timeline&#8221; _builder_version=&#8221;4.27.4&#8243; _module_preset=&#8221;default&#8221; global_timeline_header_text_color=&#8221;#e44b5b&#8221; global_timeline_text_text_color=&#8221;#383838&#8243; global_timeline_date_font=&#8221;|700|||||||&#8221; global_timeline_date_text_color=&#8221;#e44b5b&#8221; hover_enabled=&#8221;0&#8243; global_colors_info=&#8221;{}&#8221; sticky_enabled=&#8221;0&#8243;][dipl_timeline_item display_time=&#8221;on&#8221; timeline_custom_time=&#8221;2010&#8243; use_timeline_icon=&#8221;on&#8221; select_timeline_icon=&#8221;&#x5c;||divi||400&#8243; _builder_version=&#8221;4.27.4&#8243; _module_preset=&#8221;default&#8221; background_enable_color=&#8221;off&#8221; sticky_limit_top=&#8221;none&#8221; scroll_horizontal_motion_enable=&#8221;on&#8221; scroll_horizontal_motion=&#8221;0|50|50|100|4|0|0&#8243; global_colors_info=&#8221;{}&#8221;]<\/p>\n<p><strong>Elecci\u00f3n como Equipo Docente Director de la Gen2004.<\/strong><br \/>Proyecto Acad\u00e9mico &#8220;Viaje 2.0&#8221;<\/p>\n<p><strong>Primera curricularizaci\u00f3n del Viaje de Arquitectura.<\/strong><br \/>Curso &#8220;Claves operativas del Viaje de Arquitectura&#8221;.<\/p>\n<p>[\/dipl_timeline_item][dipl_timeline_item display_time=&#8221;on&#8221; timeline_custom_time=&#8221;2011&#8243; use_timeline_icon=&#8221;on&#8221; select_timeline_icon=&#8221;&#x5c;||divi||400&#8243; single_icon_shape=&#8221;use_circle&#8221; single_icon_shape_color=&#8221;RGBA(255,255,255,0)&#8221; _builder_version=&#8221;4.27.4&#8243; _module_preset=&#8221;default&#8221; scroll_horizontal_motion_enable=&#8221;on&#8221; scroll_horizontal_motion=&#8221;0|50|50|100|-4|0|0&#8243; global_colors_info=&#8221;{}&#8221;]<\/p>\n<p><strong>Lanzamiento plataforma web de Viaje 2.0<\/strong><\/p>\n<p><strong>Geolocalizaci\u00f3n de obras.<\/strong><br \/>Primera experiencia de uso de GPS personalizados por camioneta, con todos los destinos geolocalizados.<\/p>\n<p>[\/dipl_timeline_item][dipl_timeline_item display_time=&#8221;on&#8221; timeline_custom_time=&#8221;2013&#8243; use_timeline_icon=&#8221;on&#8221; select_timeline_icon=&#8221;&#x5c;||divi||400&#8243; single_icon_shape=&#8221;use_circle&#8221; single_icon_shape_color=&#8221;RGBA(255,255,255,0)&#8221; _builder_version=&#8221;4.27.4&#8243; _module_preset=&#8221;default&#8221; scroll_horizontal_motion_enable=&#8221;on&#8221; scroll_horizontal_motion=&#8221;0|50|50|100|4|0|0&#8243; global_colors_info=&#8221;{}&#8221;]<strong>Publicaci\u00f3n del libro &#8220;Viaje 2.0 Primera curricularizaci\u00f3n del Viaje de Arquitectura&#8221;.<\/strong><br \/>\nCompilaci\u00f3n del trabajo acad\u00e9mico realizado durante el viaje de 2011<br \/>\n[\/dipl_timeline_item][dipl_timeline_item display_time=&#8221;on&#8221; timeline_custom_time=&#8221;2014&#8243; use_timeline_icon=&#8221;on&#8221; select_timeline_icon=&#8221;&#x5c;||divi||400&#8243; single_icon_shape=&#8221;use_circle&#8221; single_icon_shape_color=&#8221;RGBA(255,255,255,0)&#8221; _builder_version=&#8221;4.27.4&#8243; _module_preset=&#8221;default&#8221; scroll_horizontal_motion_enable=&#8221;on&#8221; scroll_horizontal_motion=&#8221;0|50|50|100|-4|0|0&#8243; global_colors_info=&#8221;{}&#8221;]<\/p>\n<p><strong>Elecci\u00f3n como Equipo Docente Director de la Gen 2008.<\/strong><br \/>Proyecto Acad\u00e9mico &#8220;Plexo &#8211; Una traves\u00eda multisensorial&#8221;.<\/p>\n<p><strong>Lanzamiento curricularizaci\u00f3n correspondiente al Viaje 2015.<\/strong><br \/>Curso &#8220;Claves operativas del Viaje de Arquitectura&#8221;<\/p>\n<p>[\/dipl_timeline_item][dipl_timeline_item display_time=&#8221;on&#8221; timeline_custom_time=&#8221;2015&#8243; use_timeline_icon=&#8221;on&#8221; select_timeline_icon=&#8221;&#x5c;||divi||400&#8243; single_icon_shape=&#8221;use_circle&#8221; single_icon_shape_color=&#8221;RGBA(255,255,255,0)&#8221; _builder_version=&#8221;4.27.4&#8243; _module_preset=&#8221;default&#8221; scroll_horizontal_motion_enable=&#8221;on&#8221; scroll_horizontal_motion=&#8221;0|50|50|100|4|0|0&#8243; global_colors_info=&#8221;{}&#8221;]<\/p>\n<p><strong>Lanzamiento de la plataforma web Plexo: www.plexo.edu.uy.<\/strong><br \/>Trabajo en gu\u00edas y geolocalizaciones<\/p>\n<p><strong>Lanzamiento de gu\u00edas 100% digitales.<\/strong><\/p>\n<p><strong>Lanzamiento del libro &#8220;Moleskine\/ 1 &#8211; Metalecturas de Viaje&#8221;.<\/strong><\/p>\n<p><strong>Donaci\u00f3n a Facultad y a los Grupos de Viaje el Dossier Plexo.<\/strong><br \/>Recopilaci\u00f3n de material digitalizado conteniendo gu\u00edas, georreferencias y dem\u00e1s insumos generados durante el proyecto. Base de la aplicaci\u00f3n N\u00f3mada.<\/p>\n<p>[\/dipl_timeline_item][dipl_timeline_item display_time=&#8221;on&#8221; timeline_custom_time=&#8221;2016&#8243; use_timeline_icon=&#8221;on&#8221; select_timeline_icon=&#8221;&#x5c;||divi||400&#8243; single_icon_shape=&#8221;use_circle&#8221; single_icon_shape_color=&#8221;RGBA(255,255,255,0)&#8221; _builder_version=&#8221;4.27.4&#8243; _module_preset=&#8221;default&#8221; scroll_horizontal_motion_enable=&#8221;on&#8221; scroll_horizontal_motion=&#8221;0|50|50|100|-4|0|0&#8243; global_colors_info=&#8221;{}&#8221;]<\/p>\n<p><strong>Donaci\u00f3n al Departamento de Biblioteca.<\/strong><br \/>Distintas publicaciones incorporadas durante el Viaje para enriquecer el patrimonio bibliogr\u00e1fico de la Facultad.<\/p>\n<p><strong>Donaci\u00f3n de fotograf\u00edas al Servicio de Medios Audiovisuales (SMA).<\/strong><br \/>Donaci\u00f3n de 500 fotos al SMA, contemplando el registro de obras sin documentaci\u00f3n propia de los \u00a0grupos de viaje.<\/p>\n<p>[\/dipl_timeline_item][dipl_timeline_item display_time=&#8221;on&#8221; timeline_custom_time=&#8221;2017&#8243; use_timeline_icon=&#8221;on&#8221; select_timeline_icon=&#8221;&#x5c;||divi||400&#8243; single_icon_shape=&#8221;use_circle&#8221; single_icon_shape_color=&#8221;RGBA(255,255,255,0)&#8221; _builder_version=&#8221;4.27.4&#8243; _module_preset=&#8221;default&#8221; scroll_horizontal_motion_enable=&#8221;on&#8221; scroll_horizontal_motion=&#8221;0|50|50|100|4|0|0&#8243; global_colors_info=&#8221;{}&#8221;]<\/p>\n<p><strong>Conformaci\u00f3n del Espacio de Formaci\u00f3n Integral (EFI).<\/strong><br \/>Equipo Docente Plexo se constituye como espacio integral dentro dela FADU.<\/p>\n<p><strong>Avant-premiere del documental &#8220;Plexo-Una traves\u00eda multisensocial&#8221;.<\/strong><br \/>Audiovisual testimonial del Viaje de Arquitectura del a\u00f1o 2015 y sus repercusiones.<\/p>\n<p><strong>Elecci\u00f3n como Equipo Docente Director de la Gen 2011.<\/strong><\/p>\n<p>[\/dipl_timeline_item][dipl_timeline_item display_time=&#8221;on&#8221; timeline_custom_time=&#8221;2018&#8243; use_timeline_icon=&#8221;on&#8221; select_timeline_icon=&#8221;&#x5c;||divi||400&#8243; single_icon_shape=&#8221;use_circle&#8221; single_icon_shape_color=&#8221;RGBA(255,255,255,0)&#8221; _builder_version=&#8221;4.27.4&#8243; _module_preset=&#8221;default&#8221; scroll_horizontal_motion_enable=&#8221;on&#8221; scroll_horizontal_motion=&#8221;0|50|50|100|-4|0|0&#8243; global_colors_info=&#8221;{}&#8221;]<strong>Viaje con la Gen 2011.<\/strong><br \/>\nPLEXO &#8211; Territorios l\u00fadicos<\/p>\n<p>&nbsp;<br \/>\n[\/dipl_timeline_item][dipl_timeline_item display_time=&#8221;on&#8221; timeline_custom_time=&#8221;2019&#8243; use_timeline_icon=&#8221;on&#8221; select_timeline_icon=&#8221;&#x5c;||divi||400&#8243; single_icon_shape=&#8221;use_circle&#8221; single_icon_shape_color=&#8221;RGBA(255,255,255,0)&#8221; _builder_version=&#8221;4.27.4&#8243; _module_preset=&#8221;default&#8221; scroll_horizontal_motion_enable=&#8221;on&#8221; scroll_horizontal_motion=&#8221;0|50|50|100|4|0|0&#8243; global_colors_info=&#8221;{}&#8221;]<\/p>\n<p><strong>Publicaci\u00f3n del libro #regram PLEXO.<\/strong><br \/>Publicaci\u00f3n que narra, a trav\u00e9s de un viaje, la experiencia global de los viajes de Arquitectura contempor\u00e1neos.<\/p>\n<p><strong>Creaci\u00f3n de WikiPlexo.<\/strong><br \/>Plataforma colaborativa del Viaje de Arquitectura.<\/p>\n<p><strong>Estreno del documental \u201cPLEXO &#8211; Una traves\u00eda multisensorial\u201d, en Sala Zitarrosa.<\/strong><br \/>Impulsado por la Gen 13<\/p>\n<p>[\/dipl_timeline_item][dipl_timeline_item display_time=&#8221;on&#8221; timeline_custom_time=&#8221;2021&#8243; use_timeline_icon=&#8221;on&#8221; select_timeline_icon=&#8221;&#x5c;||divi||400&#8243; single_icon_shape=&#8221;use_circle&#8221; single_icon_shape_color=&#8221;RGBA(255,255,255,0)&#8221; _builder_version=&#8221;4.27.4&#8243; _module_preset=&#8221;default&#8221; scroll_horizontal_motion_enable=&#8221;on&#8221; scroll_horizontal_motion=&#8221;0|50|50|100|-4|0|0&#8243; hover_enabled=&#8221;0&#8243; global_colors_info=&#8221;{}&#8221; sticky_enabled=&#8221;0&#8243;]<\/p>\n<p><strong>Re-estreno del documental \u201cPLEXO &#8211; Una traves\u00eda multisensorial\u201d, en Sala Zitarrosa.<\/strong><br \/>Impulsado por la Gen 14<\/p>\n<p>&nbsp;<\/p>\n<p>[\/dipl_timeline_item][dipl_timeline_item display_time=&#8221;on&#8221; timeline_custom_time=&#8221;2022&#8243; use_timeline_icon=&#8221;on&#8221; select_timeline_icon=&#8221;&#x5c;||divi||400&#8243; single_icon_shape=&#8221;use_circle&#8221; single_icon_shape_color=&#8221;RGBA(255,255,255,0)&#8221; _builder_version=&#8221;4.27.4&#8243; _module_preset=&#8221;default&#8221; scroll_horizontal_motion_enable=&#8221;on&#8221; scroll_horizontal_motion=&#8221;0|50|50|100|4|0|0&#8243; global_colors_info=&#8221;{}&#8221;]<strong>Liberaci\u00f3n del documental \u201cPLEXO &#8211; Una traves\u00eda multisensorial\u201d<br \/>\n<\/strong>En plataforma Vimeo impulsado por la Gen\u2019 15. <a href=\"https:\/\/vimeo.com\/455312213\">https:\/\/vimeo.com\/455312213\u00a0<\/a><br \/>\n[\/dipl_timeline_item][dipl_timeline_item display_time=&#8221;on&#8221; timeline_custom_time=&#8221;2023&#8243; use_timeline_icon=&#8221;on&#8221; select_timeline_icon=&#8221;&#x5c;||divi||400&#8243; single_icon_shape=&#8221;use_circle&#8221; single_icon_shape_color=&#8221;RGBA(255,255,255,0)&#8221; _builder_version=&#8221;4.27.4&#8243; _module_preset=&#8221;default&#8221; scroll_horizontal_motion_enable=&#8221;on&#8221; scroll_horizontal_motion=&#8221;0|50|50|100|4|0|0&#8243; hover_enabled=&#8221;0&#8243; global_colors_info=&#8221;{}&#8221; sticky_enabled=&#8221;0&#8243;]<\/p>\n<p><strong>Viaje de Arquitectura de la Gen 2015<br \/><\/strong>PLEXO &#8211; Futuros posibles<\/p>\n<p>[\/dipl_timeline_item][\/dipl_timeline][\/et_pb_column][\/et_pb_row][\/et_pb_section]<\/p>\n","protected":false},"excerpt":{"rendered":"<p>SOBRE PLEXO ANTECEDENTES <div class=\"et_pb_module dipl_timeline dipl_timeline_0 mi-timeline\">\n\t\t\t\t\n\t\t\t\t\n\t\t\t\t\n\t\t\t\t\n\t\t\t\t\n\t\t\t\t\n\t\t\t\t<div class=\"et_pb_module_inner\">\n\t\t\t\t\t<div class=\"dipl_timeline_alternate\"><div class=\"dipl_timeline_wrapper\">\n                            \n                        <\/div><div class=\"dipl_timeline_alternate_stem dipl_icon_tree_stem\"><div class=\"dipl_stem_wrapper\"><div class=\"dipl_stem\"><\/div><\/div><\/div><\/div>\n\t\t\t\t<\/div>\n\t\t\t<\/div><div class=\"et_pb_module dipl_timeline_item dipl_timeline_item_0\">\n\t\t\t\t<div class=\"dipl_icon_tree dipl_timeline_item_wrapper\">        \n                                <div class=\"dipl_stem_center\"><div class=\"dipl_icon_wrapper\"><span class=\"dipl_item_icon et-pb-icon\">&#x5c;<\/span><\/div><\/div>\n                                <div class=\"dipl_item_content\">\n                                \t<div class=\"dipl_item_content_inner\">\n\t                                    <div class=\"dipl_item_time\">2010<\/div>\n\t                                    <h3 class=\"dipl_item_title\"><\/h3>\n\t                                    \n\t                                  \t<span class=\"dipl_triangle\"><\/span>\n\t                                <\/div>\n                                <\/div>\n                                <div class=\"dipl_date_container\"><\/div>\n                            <\/div>\n\t\t\t<\/div>Elecci\u00f3n como Equipo Docente Director de la Gen2004.Proyecto Acad\u00e9mico &#8220;Viaje 2.0&#8221; Primera curricularizaci\u00f3n del Viaje de Arquitectura.Curso &#8220;Claves operativas del Viaje [&hellip;]<\/p>\n","protected":false},"author":5,"featured_media":0,"parent":0,"menu_order":0,"comment_status":"closed","ping_status":"closed","template":"","meta":{"_et_pb_use_builder":"on","_et_pb_old_content":"","_et_gb_content_width":"","footnotes":""},"class_list":["post-12510","page","type-page","status-publish","hentry"],"_links":{"self":[{"href":"https:\/\/plexo.edu.uy\/index.php\/wp-json\/wp\/v2\/pages\/12510","targetHints":{"allow":["GET"]}}],"collection":[{"href":"https:\/\/plexo.edu.uy\/index.php\/wp-json\/wp\/v2\/pages"}],"about":[{"href":"https:\/\/plexo.edu.uy\/index.php\/wp-json\/wp\/v2\/types\/page"}],"author":[{"embeddable":true,"href":"https:\/\/plexo.edu.uy\/index.php\/wp-json\/wp\/v2\/users\/5"}],"replies":[{"embeddable":true,"href":"https:\/\/plexo.edu.uy\/index.php\/wp-json\/wp\/v2\/comments?post=12510"}],"version-history":[{"count":0,"href":"https:\/\/plexo.edu.uy\/index.php\/wp-json\/wp\/v2\/pages\/12510\/revisions"}],"wp:attachment":[{"href":"https:\/\/plexo.edu.uy\/index.php\/wp-json\/wp\/v2\/media?parent=12510"}],"curies":[{"name":"wp","href":"https:\/\/api.w.org\/{rel}","templated":true}]}}