{"id":8009,"date":"2021-05-17T02:16:42","date_gmt":"2021-05-17T02:16:42","guid":{"rendered":"https:\/\/www.plexo.edu.uy\/?page_id=8009"},"modified":"2025-06-03T00:11:14","modified_gmt":"2025-06-03T00:11:14","slug":"inicio-v4","status":"publish","type":"page","link":"https:\/\/plexo.edu.uy\/index.php\/inicio-v4\/","title":{"rendered":"INICIO"},"content":{"rendered":"<p>[et_pb_section fb_built=&#8221;1&#8243; fullwidth=&#8221;on&#8221; admin_label=&#8221;portada home slider&#8221; module_id=&#8221;inicio&#8221; _builder_version=&#8221;4.19.5&#8243; _module_preset=&#8221;default&#8221; global_colors_info=&#8221;{}&#8221;][et_pb_fullwidth_slider _builder_version=&#8221;4.20.2&#8243; _module_preset=&#8221;default&#8221; auto=&#8221;on&#8221; auto_speed=&#8221;4000&#8243; global_colors_info=&#8221;{}&#8221;][et_pb_slide button_text=&#8221;Novedades&#8221; button_link=&#8221;https:\/\/plexo.edu.uy\/#novedades&#8221; _builder_version=&#8221;4.20.2&#8243; _module_preset=&#8221;default&#8221; background_enable_color=&#8221;off&#8221; background_image=&#8221;https:\/\/plexo.edu.uy\/wp-content\/uploads\/2023\/01\/Pagoda-Chureito-Florencia-Diaz-1_WEBb-scaled.jpg&#8221; background_enable_image=&#8221;on&#8221; custom_button=&#8221;on&#8221; button_text_color=&#8221;#dd763b&#8221; button_bg_color=&#8221;rgba(255,255,255,0.9)&#8221; button_border_width=&#8221;2px&#8221; button_border_color=&#8221;#dd763b&#8221; button_font=&#8221;|600|||||||&#8221; button_alignment=&#8221;left&#8221; button_custom_margin=&#8221;||||false|false&#8221; global_colors_info=&#8221;{}&#8221; sticky_transition=&#8221;on&#8221;]<\/p>\n<p>&nbsp;<\/p>\n<p>&nbsp;<\/p>\n<p>&nbsp;<\/p>\n<p>&nbsp;<\/p>\n<p>&nbsp;<\/p>\n<p>[\/et_pb_slide][et_pb_slide button_text=&#8221;Curricularizaci\u00f3n&#8221; button_link=&#8221;https:\/\/plexo.edu.uy\/index.php\/curricularizacion\/&#8221; _builder_version=&#8221;4.19.5&#8243; _module_preset=&#8221;default&#8221; background_enable_color=&#8221;off&#8221; background_image=&#8221;https:\/\/plexo.edu.uy\/wp-content\/uploads\/2023\/01\/2-scaled.jpg&#8221; background_enable_image=&#8221;on&#8221; custom_button=&#8221;on&#8221; button_text_color=&#8221;#dd763b&#8221; button_bg_color=&#8221;rgba(255,255,255,0.9)&#8221; button_border_width=&#8221;2px&#8221; button_border_color=&#8221;#dd763b&#8221; button_font=&#8221;|600|||||||&#8221; button_alignment=&#8221;center&#8221; global_colors_info=&#8221;{}&#8221; sticky_transition=&#8221;on&#8221;]<\/p>\n<p>&nbsp;<\/p>\n<p>&nbsp;<\/p>\n<p>&nbsp;<\/p>\n<p>&nbsp;<\/p>\n<p>&nbsp;<\/p>\n<p>[\/et_pb_slide][et_pb_slide button_text=&#8221;Contacto&#8221; button_link=&#8221;https:\/\/plexo.edu.uy\/#contacto&#8221; _builder_version=&#8221;4.19.5&#8243; _module_preset=&#8221;default&#8221; background_enable_color=&#8221;off&#8221; background_image=&#8221;https:\/\/plexo.edu.uy\/wp-content\/uploads\/2023\/01\/3-scaled.jpg&#8221; background_enable_image=&#8221;on&#8221; custom_button=&#8221;on&#8221; button_text_color=&#8221;#dd763b&#8221; button_bg_color=&#8221;rgba(255,255,255,0.9)&#8221; button_border_width=&#8221;2px&#8221; button_border_color=&#8221;#dd763b&#8221; button_font=&#8221;|600|||||||&#8221; button_alignment=&#8221;right&#8221; global_colors_info=&#8221;{}&#8221; sticky_transition=&#8221;on&#8221;]<\/p>\n<p>&nbsp;<\/p>\n<p>&nbsp;<\/p>\n<p>&nbsp;<\/p>\n<p>&nbsp;<\/p>\n<p>&nbsp;<\/p>\n<p>[\/et_pb_slide][\/et_pb_fullwidth_slider][\/et_pb_section][et_pb_section fb_built=&#8221;1&#8243; admin_label=&#8221;Section Proyecto Acad\u00e9mico&#8221; module_id=&#8221;proyecto&#8221; _builder_version=&#8221;4.18.0&#8243; _module_preset=&#8221;default&#8221; collapsed=&#8221;on&#8221; global_colors_info=&#8221;{}&#8221;][et_pb_row module_class=&#8221; et_pb_row_fullwidth&#8221; _builder_version=&#8221;4.16&#8243; width_last_edited=&#8221;off|tablet&#8221; max_width=&#8221;100%&#8221; max_width_tablet=&#8221;&#8221; max_width_phone=&#8221;&#8221; max_width_last_edited=&#8221;on|desktop&#8221; custom_padding=&#8221;||||false|false&#8221; make_fullwidth=&#8221;on&#8221; global_colors_info=&#8221;{}&#8221;][et_pb_column type=&#8221;4_4&#8243; _builder_version=&#8221;4.16&#8243; custom_padding=&#8221;||||false|false&#8221; global_colors_info=&#8221;{}&#8221; custom_padding__hover=&#8221;|||&#8221;][et_pb_text admin_label=&#8221;Texto&#8221; _builder_version=&#8221;4.18.0&#8243; _module_preset=&#8221;5ac73559-1b47-46c3-a72e-fccb043a34d8&#8243; text_font=&#8221;||||&#8221; text_text_color=&#8221;#1a1a1a&#8221; header_font=&#8221;||||||||&#8221; header_text_align=&#8221;left&#8221; header_font_size=&#8221;35px&#8221; header_line_height=&#8221;1.3em&#8221; custom_margin=&#8221;|||&#8221; custom_padding=&#8221;|||&#8221; animation_style=&#8221;slide&#8221; animation_direction=&#8221;top&#8221; animation_intensity_slide=&#8221;10%&#8221; header_font_size_tablet=&#8221;55px&#8221; header_font_size_phone=&#8221;40px&#8221; header_font_size_last_edited=&#8221;on|phone&#8221; locked=&#8221;off&#8221; global_colors_info=&#8221;{}&#8221;]<\/p>\n<h1>Proyecto Acad\u00e9mico Gen 15<\/h1>\n<p>[\/et_pb_text][et_pb_divider color=&#8221;#dd763b&#8221; divider_position=&#8221;center&#8221; divider_weight=&#8221;5px&#8221; disabled_on=&#8221;off|off|off&#8221; admin_label=&#8221;Separador&#8221; _builder_version=&#8221;4.17.4&#8243; max_width=&#8221;150px&#8221; height=&#8221;false&#8221; custom_margin=&#8221;||||false|false&#8221; animation_style=&#8221;slide&#8221; animation_direction=&#8221;top&#8221; animation_delay=&#8221;100ms&#8221; animation_intensity_slide=&#8221;10%&#8221; locked=&#8221;off&#8221; global_colors_info=&#8221;{}&#8221;][\/et_pb_divider][\/et_pb_column][\/et_pb_row][et_pb_row column_structure=&#8221;3_4,1_4&#8243; use_custom_gutter=&#8221;on&#8221; gutter_width=&#8221;2&#8243; _builder_version=&#8221;4.17.4&#8243; _module_preset=&#8221;default&#8221; global_colors_info=&#8221;{}&#8221;][et_pb_column type=&#8221;3_4&#8243; _builder_version=&#8221;4.17.4&#8243; _module_preset=&#8221;default&#8221; global_colors_info=&#8221;{}&#8221;][et_pb_code _builder_version=&#8221;4.17.4&#8243; _module_preset=&#8221;default&#8221; global_colors_info=&#8221;{}&#8221;]<div class=\"_df_book df-lite\" id=\"df_9130\"  _slug=\"plexo-futuros-posibles\" data-title=\"plexo-futuros-posibles\" wpoptions=\"true\" thumbtype=\"\" ><\/div><script class=\"df-shortcode-script\" nowprocket type=\"application\/javascript\">window.option_df_9130 = {\"outline\":[],\"backgroundColor\":\"ffffff\",\"autoEnableOutline\":\"false\",\"autoEnableThumbnail\":\"false\",\"overwritePDFOutline\":\"false\",\"direction\":\"1\",\"pageSize\":\"0\",\"source\":\"https:\\\/\\\/plexo.edu.uy\\\/wp-content\\\/uploads\\\/2022\\\/07\\\/PLEXO-2023_Futuros-posibles-1.pdf\",\"wpOptions\":\"true\"}; if(window.DFLIP && window.DFLIP.parseBooks){window.DFLIP.parseBooks();}<\/script>[\/et_pb_code][\/et_pb_column][et_pb_column type=&#8221;1_4&#8243; _builder_version=&#8221;4.17.4&#8243; _module_preset=&#8221;default&#8221; global_colors_info=&#8221;{}&#8221;][et_pb_button button_url=&#8221;https:\/\/plexo.edu.uy\/wp-content\/uploads\/2022\/07\/PLEXO-2023_Futuros-posibles-1.pdf&#8221; url_new_window=&#8221;on&#8221; button_text=&#8221;DESCARGAR&#8221; button_alignment=&#8221;center&#8221; _builder_version=&#8221;4.17.4&#8243; _module_preset=&#8221;default&#8221; custom_button=&#8221;on&#8221; button_text_color=&#8221;#FFFFFF&#8221; button_bg_color=&#8221;#dd763b&#8221; button_border_width=&#8221;0px&#8221; button_border_radius=&#8221;5px&#8221; global_colors_info=&#8221;{}&#8221;][\/et_pb_button][\/et_pb_column][\/et_pb_row][\/et_pb_section][et_pb_section fb_built=&#8221;1&#8243; admin_label=&#8221;Section Novedades&#8221; module_id=&#8221;novedades&#8221; _builder_version=&#8221;4.18.0&#8243; _module_preset=&#8221;default&#8221; background_color=&#8221;#efefef&#8221; collapsed=&#8221;on&#8221; global_colors_info=&#8221;{}&#8221;][et_pb_row module_class=&#8221; et_pb_row_fullwidth&#8221; _builder_version=&#8221;4.16&#8243; width_last_edited=&#8221;off|tablet&#8221; max_width=&#8221;100%&#8221; max_width_tablet=&#8221;&#8221; max_width_phone=&#8221;&#8221; max_width_last_edited=&#8221;on|desktop&#8221; custom_padding=&#8221;||||false|false&#8221; make_fullwidth=&#8221;on&#8221; global_colors_info=&#8221;{}&#8221;][et_pb_column type=&#8221;4_4&#8243; _builder_version=&#8221;4.16&#8243; custom_padding=&#8221;||||false|false&#8221; global_colors_info=&#8221;{}&#8221; custom_padding__hover=&#8221;|||&#8221;][et_pb_text admin_label=&#8221;Texto&#8221; _builder_version=&#8221;4.18.0&#8243; _module_preset=&#8221;5ac73559-1b47-46c3-a72e-fccb043a34d8&#8243; text_font=&#8221;||||&#8221; text_text_color=&#8221;#1a1a1a&#8221; header_font=&#8221;||||||||&#8221; header_text_align=&#8221;left&#8221; header_font_size=&#8221;35px&#8221; header_line_height=&#8221;1.3em&#8221; custom_margin=&#8221;|||&#8221; custom_padding=&#8221;|||&#8221; animation_style=&#8221;slide&#8221; animation_direction=&#8221;top&#8221; animation_intensity_slide=&#8221;10%&#8221; header_font_size_tablet=&#8221;55px&#8221; header_font_size_phone=&#8221;40px&#8221; header_font_size_last_edited=&#8221;on|phone&#8221; locked=&#8221;off&#8221; global_colors_info=&#8221;{}&#8221;]<\/p>\n<h1>Novedades<\/h1>\n<p>[\/et_pb_text][et_pb_divider color=&#8221;#dd763b&#8221; divider_position=&#8221;center&#8221; divider_weight=&#8221;5px&#8221; disabled_on=&#8221;off|off|off&#8221; admin_label=&#8221;Separador&#8221; _builder_version=&#8221;4.17.4&#8243; max_width=&#8221;150px&#8221; height=&#8221;false&#8221; custom_margin=&#8221;||||false|false&#8221; animation_style=&#8221;slide&#8221; animation_direction=&#8221;top&#8221; animation_delay=&#8221;100ms&#8221; animation_intensity_slide=&#8221;10%&#8221; locked=&#8221;off&#8221; global_colors_info=&#8221;{}&#8221;][\/et_pb_divider][\/et_pb_column][\/et_pb_row][et_pb_row module_class=&#8221; et_pb_row_fullwidth&#8221; _builder_version=&#8221;4.16&#8243; width_last_edited=&#8221;off|tablet&#8221; max_width=&#8221;100%&#8221; max_width_tablet=&#8221;&#8221; max_width_phone=&#8221;&#8221; max_width_last_edited=&#8221;on|desktop&#8221; custom_padding=&#8221;||||false|false&#8221; make_fullwidth=&#8221;on&#8221; global_colors_info=&#8221;{}&#8221;][et_pb_column type=&#8221;4_4&#8243; _builder_version=&#8221;4.16&#8243; custom_padding=&#8221;||||false|false&#8221; global_colors_info=&#8221;{}&#8221; custom_padding__hover=&#8221;|||&#8221;][dipl_blog_slider slider_layout=&#8221;layout3&#8243; posts_number=&#8221;24&#8243; include_categories=&#8221;12&#8243; show_author=&#8221;off&#8221; show_comments=&#8221;off&#8221; read_more_text=&#8221;Leer m\u00e1s&#8221; post_content_wrapper_background_color=&#8221;#FFFFFF&#8221; autoplay=&#8221;off&#8221; post_per_slide_tablet=&#8221;2&#8243; post_per_slide_phone=&#8221;1&#8243; _builder_version=&#8221;4.20.2&#8243; _module_preset=&#8221;default&#8221; custom_read_more=&#8221;on&#8221; read_more_text_size=&#8221;16px&#8221; read_more_text_color=&#8221;#FFFFFF&#8221; read_more_bg_color=&#8221;#000000&#8243; global_colors_info=&#8221;{}&#8221;][\/dipl_blog_slider][\/et_pb_column][\/et_pb_row][\/et_pb_section][et_pb_section fb_built=&#8221;1&#8243; admin_label=&#8221;Section Equipo Docente 2023&#8243; module_id=&#8221;equipo2023&#8243; _builder_version=&#8221;4.19.5&#8243; _module_preset=&#8221;default&#8221; collapsed=&#8221;off&#8221; global_colors_info=&#8221;{}&#8221;][et_pb_row admin_label=&#8221;Subt\u00edtulo&#8221; module_class=&#8221; et_pb_row_fullwidth&#8221; _builder_version=&#8221;4.16&#8243; width_last_edited=&#8221;off|tablet&#8221; max_width=&#8221;100%&#8221; max_width_tablet=&#8221;&#8221; max_width_phone=&#8221;&#8221; max_width_last_edited=&#8221;on|desktop&#8221; custom_padding=&#8221;||||false|false&#8221; make_fullwidth=&#8221;on&#8221; global_colors_info=&#8221;{}&#8221;][et_pb_column type=&#8221;4_4&#8243; _builder_version=&#8221;4.16&#8243; custom_padding=&#8221;||||false|false&#8221; global_colors_info=&#8221;{}&#8221; custom_padding__hover=&#8221;|||&#8221;][et_pb_text admin_label=&#8221;Texto Equipo Docente&#8221; _builder_version=&#8221;4.18.0&#8243; _module_preset=&#8221;5ac73559-1b47-46c3-a72e-fccb043a34d8&#8243; text_font=&#8221;||||&#8221; text_text_color=&#8221;#1a1a1a&#8221; header_font=&#8221;||||||||&#8221; header_text_align=&#8221;left&#8221; header_font_size=&#8221;35px&#8221; header_line_height=&#8221;1.3em&#8221; custom_margin=&#8221;|||&#8221; custom_padding=&#8221;|||&#8221; animation_style=&#8221;slide&#8221; animation_direction=&#8221;top&#8221; animation_intensity_slide=&#8221;10%&#8221; header_font_size_tablet=&#8221;55px&#8221; header_font_size_phone=&#8221;40px&#8221; header_font_size_last_edited=&#8221;on|phone&#8221; locked=&#8221;off&#8221; global_colors_info=&#8221;{}&#8221;]<\/p>\n<h1>Equipo Docente<\/h1>\n<p>[\/et_pb_text][et_pb_divider color=&#8221;#dd763b&#8221; divider_position=&#8221;center&#8221; divider_weight=&#8221;5px&#8221; disabled_on=&#8221;off|off|off&#8221; admin_label=&#8221;Separador&#8221; _builder_version=&#8221;4.17.4&#8243; max_width=&#8221;150px&#8221; height=&#8221;false&#8221; custom_margin=&#8221;||||false|false&#8221; animation_style=&#8221;slide&#8221; animation_direction=&#8221;top&#8221; animation_delay=&#8221;100ms&#8221; animation_intensity_slide=&#8221;10%&#8221; locked=&#8221;off&#8221; global_colors_info=&#8221;{}&#8221;][\/et_pb_divider][\/et_pb_column][\/et_pb_row][et_pb_row column_structure=&#8221;1_3,1_3,1_3&#8243; _builder_version=&#8221;4.18.0&#8243; _module_preset=&#8221;default&#8221; global_colors_info=&#8221;{}&#8221;][et_pb_column type=&#8221;1_3&#8243; _builder_version=&#8221;4.18.0&#8243; _module_preset=&#8221;default&#8221; global_colors_info=&#8221;{}&#8221;][et_pb_blurb image=&#8221;https:\/\/plexo.edu.uy\/wp-content\/uploads\/2023\/02\/Fernando-1.jpg&#8221; admin_label=&#8221;Blurb Fernando&#8221; _builder_version=&#8221;4.27.4&#8243; _module_preset=&#8221;default&#8221; header_level=&#8221;h3&#8243; header_font=&#8221;|||on|||||&#8221; header_text_align=&#8221;left&#8221; header_text_color=&#8221;#000000&#8243; body_font=&#8221;Actor||||||||&#8221; body_text_align=&#8221;justify&#8221; body_font_size=&#8221;12px&#8221; hover_enabled=&#8221;0&#8243; border_width_all_image=&#8221;5px&#8221; border_color_all_image=&#8221;#000000&#8243; global_colors_info=&#8221;{}&#8221; sticky_enabled=&#8221;0&#8243;]<\/p>\n<h4 style=\"text-align: left;\"><strong>Dr. Arq. Fernando Garc\u00eda Amen<\/strong><\/h4>\n<hr \/>\n<h6>Coordinador Acad\u00e9mico General<\/h6>\n<p>Arquitecto egresado de la Facultad de Arquitectura de la Universidad de la Rep\u00fablica (FADU-UDELAR\/Uruguay). M\u00e1ster en Direcci\u00f3n Estrat\u00e9gica en Tecnolog\u00edas de la Informaci\u00f3n (UEMC\/Espa\u00f1a). Doctor en Arquitectura (FADU-UDELAR\/Uruguay). Profesor Agregado (s) y Coordinador del Centro de Integraci\u00f3n Digital (CID). Miembro de los comit\u00e9s cient\u00edficos internacionales de la SIGraDi, CAADRIA e eCAADe, as\u00ed como de varias revistas cient\u00edficas de Iberoam\u00e9rica, Italia y Turqu\u00eda. Integrante del Comit\u00e9 Ejecutivo Internacional de SIGraDi desde 2017 hasta 2021. Integrante del Sistema Nacional de Investigadores (SNI) desde 2019 a 2022.<br \/>Experiencia en viaje como estudiante: 2002.<br \/>Experiencia en viaje como docente: 2011, 2015, 2018.<\/p>\n<p>[\/et_pb_blurb][\/et_pb_column][et_pb_column type=&#8221;1_3&#8243; _builder_version=&#8221;4.18.0&#8243; _module_preset=&#8221;default&#8221; global_colors_info=&#8221;{}&#8221;][et_pb_blurb image=&#8221;https:\/\/plexo.edu.uy\/wp-content\/uploads\/2023\/02\/Alvaro.jpg&#8221; admin_label=&#8221;Blurb Alvaro&#8221; _builder_version=&#8221;4.19.5&#8243; _module_preset=&#8221;default&#8221; body_font=&#8221;Actor||||||||&#8221; body_font_size=&#8221;12px&#8221; border_width_all_image=&#8221;5px&#8221; border_color_all_image=&#8221;#dd763b&#8221; global_colors_info=&#8221;{}&#8221;]<\/p>\n<h4 style=\"text-align: left;\"><strong>Mg. Arq. \u00c1lvaro M\u00e1rques<\/strong><\/h4>\n<hr \/>\n<p>Arquitecto (2006, FADU, UdelaR). Magister desde 2020 en Historia y Cultura de la Arquitectura y la Ciudad (Escuela Estudios Urbanos, UTDT, Buenos Aires). Posgrado aprobado en Urbanismo Metropolitano (2020, UBA, Buenos Aires). Programa aprobado de Formaci\u00f3n Gerencial (2020, FCEA, UdelaR). Profesor Adjunto (subrrogante) en la Unidad Curricular Historia de la Arquitectura Occidental, y Arquitectura Moderna y Reciente en Am\u00e9rica Latina (desde 2010, FADU, UdelaR). Arquitecto en la Intendencia de Montevideo (desde 2009) y Director (interino) del Servicio de Regulaci\u00f3n Territorial del Departamento de Planificaci\u00f3n (desde 2018).<br \/>Experiencia en viaje como estudiante: 2004.<\/p>\n<p>[\/et_pb_blurb][\/et_pb_column][et_pb_column type=&#8221;1_3&#8243; _builder_version=&#8221;4.18.0&#8243; _module_preset=&#8221;default&#8221; global_colors_info=&#8221;{}&#8221;][et_pb_blurb image=&#8221;https:\/\/plexo.edu.uy\/wp-content\/uploads\/2023\/02\/Helena.jpg&#8221; admin_label=&#8221;Blurb Helena&#8221; _builder_version=&#8221;4.19.5&#8243; _module_preset=&#8221;default&#8221; body_font=&#8221;Actor||||||||&#8221; body_font_size=&#8221;12px&#8221; border_width_all_image=&#8221;5px&#8221; border_color_all_image=&#8221;#dd763b&#8221; global_colors_info=&#8221;{}&#8221;]<\/p>\n<h4 style=\"text-align: left;\"><strong>Arq. Helena Rinaldi<\/strong><\/h4>\n<hr \/>\n<p>Arquitecta (2017, FADU, UdelaR). Actualmente en etapa de elaboraci\u00f3n de tesis del Diploma en Estudios Urbanos e Intervenciones Territoriales (2018, FCS, UdelaR). Maestranda en Arquitectura en trayecto H\u00e1bitat y Vivienda (2020, FADU, UdelaR). Docente G1 en cursos de Proyecto Edilicio y Tema Espec\u00edfico en Taller Schelotto. Formaci\u00f3n en Bellas Artes y fotograf\u00eda.<br \/>Experiencia en viaje como estudiante: 2015.<\/p>\n<p>[\/et_pb_blurb][\/et_pb_column][\/et_pb_row][et_pb_row column_structure=&#8221;1_3,1_3,1_3&#8243; _builder_version=&#8221;4.18.0&#8243; _module_preset=&#8221;default&#8221; global_colors_info=&#8221;{}&#8221;][et_pb_column type=&#8221;1_3&#8243; _builder_version=&#8221;4.18.0&#8243; _module_preset=&#8221;default&#8221; global_colors_info=&#8221;{}&#8221;][et_pb_blurb image=&#8221;https:\/\/plexo.edu.uy\/wp-content\/uploads\/2023\/02\/Javier.jpg&#8221; admin_label=&#8221;Blurb Javier &#8221; _builder_version=&#8221;4.19.5&#8243; _module_preset=&#8221;default&#8221; header_level=&#8221;h3&#8243; header_font=&#8221;|||on|||||&#8221; header_text_align=&#8221;left&#8221; header_text_color=&#8221;#000000&#8243; body_font=&#8221;Actor||||||||&#8221; body_text_align=&#8221;justify&#8221; body_font_size=&#8221;12px&#8221; border_width_all_image=&#8221;5px&#8221; border_color_all_image=&#8221;#dd763b&#8221; global_colors_info=&#8221;{}&#8221;]<\/p>\n<h4 style=\"text-align: left;\"><strong>Arq. Javier Fag\u00fandez<\/strong><\/h4>\n<hr \/>\n<p>Arquitecto (2016, FADU, UdelaR). Maestrando en Ordenamiento Territorial (2017, FADU \u2013 UdelaR). Diplomando en Intervenci\u00f3n en el Patrimonio Arquitect\u00f3nico (2018, FADU &#8211; UdelaR) Coordinador (Prof Adj. G3) del Servicio de Ense\u00f1anza de Posgrado y Educaci\u00f3n Permanente de FADU y docente G1 de Taller Apolo.<br \/>Experiencia en viaje como estudiante: 2009.<\/p>\n<p>[\/et_pb_blurb][\/et_pb_column][et_pb_column type=&#8221;1_3&#8243; _builder_version=&#8221;4.18.0&#8243; _module_preset=&#8221;default&#8221; global_colors_info=&#8221;{}&#8221;][et_pb_blurb image=&#8221;https:\/\/plexo.edu.uy\/wp-content\/uploads\/2023\/02\/Raul-Buzo.jpg&#8221; admin_label=&#8221;Blurb Ra\u00fal &#8221; _builder_version=&#8221;4.21.0&#8243; _module_preset=&#8221;default&#8221; body_font=&#8221;Actor||||||||&#8221; body_font_size=&#8221;12px&#8221; border_width_all_image=&#8221;5px&#8221; border_color_all_image=&#8221;#dd763b&#8221; global_colors_info=&#8221;{}&#8221;]<\/p>\n<h4 style=\"text-align: left;\"><strong>Mg. Arq. Ra\u00fal Buz\u00f3<\/strong><\/h4>\n<hr \/>\n<p>Arquitecto (2013, FADU, UdelaR). Magister en Informaci\u00f3n y Comunicaci\u00f3n (FIC, UdelaR). Docente e investigador en el Centro de Integraci\u00f3n Digital (CID), ex Departamento de Inform\u00e1tica Aplicada al Dise\u00f1o, y colaborador del Laboratorio de Visualizaci\u00f3n Digital Avanzada (VidiaLab) y el Laboratorio de Fabricaci\u00f3n Digital (LabFab). Integrante del EDD Plexo desde el a\u00f1o 2014.<br \/>Experiencia en viaje como estudiante: 2011.<br \/>Experiencia en viaje como docente: 2015, 2018<\/p>\n<p>[\/et_pb_blurb][\/et_pb_column][et_pb_column type=&#8221;1_3&#8243; _builder_version=&#8221;4.18.0&#8243; _module_preset=&#8221;default&#8221; global_colors_info=&#8221;{}&#8221;][et_pb_blurb image=&#8221;https:\/\/plexo.edu.uy\/wp-content\/uploads\/2023\/02\/Angel.jpg&#8221; admin_label=&#8221;Blurb \u00c1ngel&#8221; _builder_version=&#8221;4.21.0&#8243; _module_preset=&#8221;default&#8221; body_font=&#8221;Actor||||||||&#8221; body_font_size=&#8221;12px&#8221; border_width_all_image=&#8221;5px&#8221; border_color_all_image=&#8221;#dd763b&#8221; global_colors_info=&#8221;{}&#8221;]<\/p>\n<h4 style=\"text-align: left;\"><strong>Mg. Arq. \u00c1ngel Armagno Gentile<\/strong><\/h4>\n<hr \/>\n<p>Arquitecto (2014, FADU, UdelaR). Magister en Informaci\u00f3n y Comunicaci\u00f3n (FIC, UdelaR). Docente del Centro de Integraci\u00f3n Digital (CID) en tareas de investigaci\u00f3n y extensi\u00f3n relacionadas a la visualizaci\u00f3n, dise\u00f1o gr\u00e1fico, fabricaci\u00f3n digital y producci\u00f3n audiovisual. Docente G\u00ba2 (subrrogante) de Proyecto y Representaci\u00f3n en los talleres Comerci y Danza. Integrante del colectivo PLEXO desde el a\u00f1o 2014.<br \/>Experiencia en viaje como estudiante: 2011.<br \/>Experiencia en viaje como docente: 2015, 2018.<\/p>\n<p>[\/et_pb_blurb][\/et_pb_column][\/et_pb_row][et_pb_row column_structure=&#8221;1_3,1_3,1_3&#8243; _builder_version=&#8221;4.18.0&#8243; _module_preset=&#8221;default&#8221; global_colors_info=&#8221;{}&#8221;][et_pb_column type=&#8221;1_3&#8243; _builder_version=&#8221;4.18.0&#8243; _module_preset=&#8221;default&#8221; global_colors_info=&#8221;{}&#8221;][et_pb_blurb image=&#8221;https:\/\/plexo.edu.uy\/wp-content\/uploads\/2023\/02\/Juan-Pablo.jpg&#8221; admin_label=&#8221;Blurb JP&#8221; _builder_version=&#8221;4.19.5&#8243; _module_preset=&#8221;default&#8221; header_level=&#8221;h3&#8243; header_font=&#8221;|||on|||||&#8221; header_text_align=&#8221;left&#8221; header_text_color=&#8221;#000000&#8243; body_font=&#8221;Actor||||||||&#8221; body_text_align=&#8221;justify&#8221; body_font_size=&#8221;12px&#8221; border_width_all_image=&#8221;5px&#8221; border_color_all_image=&#8221;#dd763b&#8221; global_colors_info=&#8221;{}&#8221;]<\/p>\n<h4 style=\"text-align: left;\"><strong>Mg. Arq. Juan Pablo Portillo<\/strong><\/h4>\n<hr \/>\n<p>Arquitecto (2001, FARQ, UdelaR). Magister (2018). Maestr\u00eda en Construcci\u00f3n de obras de Arquitectura edici\u00f3n 2013 (FADU\/UdelaR). Profesor Adjunto del Centro de Integraci\u00f3n Digital y Profesor Asistente del Departamento de Representaci\u00f3n del Instituto de Proyecto. Especializado en BIM (Revit y ArchiCAD) y modelado Digital CAD. Integra el EDD Plexo desde los viajes 2011, 2015 y 2018. Candidato a Doctor en Arquitectura (FADU &#8211; UDELAR \/ Uruguay).<br \/>Experiencia en viaje como estudiante: 1997.<br \/>Experiencia en viaje como docente: 2011.<\/p>\n<p>[\/et_pb_blurb][\/et_pb_column][et_pb_column type=&#8221;1_3&#8243; _builder_version=&#8221;4.18.0&#8243; _module_preset=&#8221;default&#8221; global_colors_info=&#8221;{}&#8221;][et_pb_blurb image=&#8221;https:\/\/plexo.edu.uy\/wp-content\/uploads\/2023\/02\/Nathalia.jpg&#8221; admin_label=&#8221;Blurb Nathalia&#8221; _builder_version=&#8221;4.19.5&#8243; _module_preset=&#8221;default&#8221; body_font=&#8221;Actor||||||||&#8221; body_font_size=&#8221;12px&#8221; border_width_all_image=&#8221;5px&#8221; border_color_all_image=&#8221;#dd763b&#8221; global_colors_info=&#8221;{}&#8221;]<\/p>\n<h4 style=\"text-align: left;\"><strong>Mg. Arq. Nathalia Bichinho<\/strong><\/h4>\n<hr \/>\n<p>Arquitecta (2013, FA-UFRGS, Brasil). Mag\u00edster en Teor\u00eda, Historia y Cr\u00edtica de la Arquitectura (2018, PROPAR &#8211; UFRGS, Brasil). Doctoranda en Arquitectura (en curso, FADU &#8211; UDELAR\/ ETSAB-UPC, Barcelona, Espa\u00f1a). Docente G\u00ba1 en el Taller Comerci y en el Centro Documental del IH. Practica el ejercicio libre de la profesi\u00f3n enfocada en Proyectos Ejecutivos en BIM.<br \/>Experiencia en viaje como estudiante: 2014.<\/p>\n<p>[\/et_pb_blurb][\/et_pb_column][et_pb_column type=&#8221;1_3&#8243; _builder_version=&#8221;4.18.0&#8243; _module_preset=&#8221;default&#8221; global_colors_info=&#8221;{}&#8221;][et_pb_blurb image=&#8221;https:\/\/plexo.edu.uy\/wp-content\/uploads\/2023\/02\/Jimena.jpg&#8221; admin_label=&#8221;Blurb Jimena &#8221; _builder_version=&#8221;4.19.5&#8243; _module_preset=&#8221;default&#8221; body_font=&#8221;Actor||||||||&#8221; body_font_size=&#8221;12px&#8221; border_width_all_image=&#8221;5px&#8221; border_color_all_image=&#8221;#dd763b&#8221; global_colors_info=&#8221;{}&#8221;]<\/p>\n<h4 style=\"text-align: left;\"><strong>Arq. Jimena Abraham Viera<\/strong><\/h4>\n<hr \/>\n<p>Arquitecta (2015, FADU, UdelaR). Maestranda en Ordenamiento Territorial y Desarrollo Urbano (2017, FADU, UdelaR). Diploma G\u00e9neros, Ciudades y Territorios: Herramientas para una Agenda P\u00fablica (2020-2021), Universidad Nacional de Tucum\u00e1n, Argentina. Docente G3 en el Taller Schelotto. Integrante del equipo docente del curso de Posgrado: Perspectiva de G\u00e9nero y Feminista. Otras formas de aproximaci\u00f3n a la investigaci\u00f3n, la pr\u00e1ctica arquitect\u00f3nica y urbana, FADU | UdelaR. Docente del proyecto acad\u00e9mico \u00abPLEXO \u2013 Territorios L\u00fadicos\u00bb (2018-2019).<br \/>Experiencia en viaje como estudiante: 2016.<br \/>Experiencia en viaje como docente: 2018.<\/p>\n<p>[\/et_pb_blurb][\/et_pb_column][\/et_pb_row][et_pb_row column_structure=&#8221;1_3,1_3,1_3&#8243; _builder_version=&#8221;4.18.0&#8243; _module_preset=&#8221;default&#8221; global_colors_info=&#8221;{}&#8221;][et_pb_column type=&#8221;1_3&#8243; _builder_version=&#8221;4.18.0&#8243; _module_preset=&#8221;default&#8221; global_colors_info=&#8221;{}&#8221;][et_pb_blurb image=&#8221;https:\/\/plexo.edu.uy\/wp-content\/uploads\/2023\/02\/Alberto.jpg&#8221; admin_label=&#8221;Blurb Alberto&#8221; _builder_version=&#8221;4.20.2&#8243; _module_preset=&#8221;default&#8221; header_level=&#8221;h3&#8243; header_font=&#8221;|||on|||||&#8221; header_text_align=&#8221;left&#8221; header_text_color=&#8221;#000000&#8243; body_font=&#8221;Actor||||||||&#8221; body_text_align=&#8221;justify&#8221; body_font_size=&#8221;12px&#8221; border_width_all_image=&#8221;5px&#8221; border_color_all_image=&#8221;#dd763b&#8221; global_colors_info=&#8221;{}&#8221;]<\/p>\n<h4 style=\"text-align: left;\"><strong>Mg. Arq. Alberto de Austria<\/strong><\/h4>\n<hr \/>\n<p>Llegado en 2015 a Uruguay desde su Andauc\u00eda natal, se incorpora como docente en el taller Articardi desde 2016 y en Historia desde 2019. Arquitecto por la ETSA de Sevilla e involucrado en los movimientos activos de la ciudad, Integrante del espacio autogestionado Tramallol y fundador del taller de investigaci\u00f3n \u201ccerojugadores\u201d. Desarrollador de proyectos apoyados en software y hardware libre. M\u00e1ster en Arquitectura Avanzada con investigaci\u00f3n sobre computaci\u00f3n aplicada a las ciudades como organismos de datos.<br \/>Experiencia en viaje como docente: 2018.<\/p>\n<p>[\/et_pb_blurb][\/et_pb_column][et_pb_column type=&#8221;1_3&#8243; _builder_version=&#8221;4.18.0&#8243; _module_preset=&#8221;default&#8221; global_colors_info=&#8221;{}&#8221;][et_pb_blurb image=&#8221;https:\/\/plexo.edu.uy\/wp-content\/uploads\/2024\/03\/Arq-Cecilia-Ameijenda.webp&#8221; admin_label=&#8221;Blurb Cecilia&#8221; _builder_version=&#8221;4.24.2&#8243; _module_preset=&#8221;default&#8221; body_font=&#8221;Actor||||||||&#8221; body_font_size=&#8221;12px&#8221; border_width_all_image=&#8221;5px&#8221; border_color_all_image=&#8221;#dd763b&#8221; global_colors_info=&#8221;{}&#8221;]<\/p>\n<h4 style=\"text-align: left;\"><strong>Arq. Cecilia Ameijenda<\/strong><\/h4>\n<hr \/>\n<p>Arquitecta (2016, FADU, UdelaR). Diploma en Investigaci\u00f3n Proyectual del SEPEP, FADU (en curso). Docente Ayudante G1. Instituto de Proyecto, DePau. Docente del Curso &#8220;Proyecto y Representaci\u00f3n&#8221; y &#8220;Proyecto Edilicio Avanzado&#8221; del Taller Schelotto. Docente del Curso &#8220;El Proyecto de Arquitectura y la Luz&#8221;, Optativa de inicio, FADU. Experiencia en el \u00e1mbito p\u00fablico en la Divisi\u00f3n Arquitectura y Mant. Edilicio, (OSE) y en el Sector de Arquitectura y Urbanismo, Municipio E (IM). Experiencia en el \u00e1mbito privado como Profesional independiente y participando en Estudios de Arquitectura.<br \/>Experiencia en viaje como estudiante: 2013.<\/p>\n<p>[\/et_pb_blurb][\/et_pb_column][et_pb_column type=&#8221;1_3&#8243; _builder_version=&#8221;4.18.0&#8243; _module_preset=&#8221;default&#8221; global_colors_info=&#8221;{}&#8221;][et_pb_blurb image=&#8221;https:\/\/plexo.edu.uy\/wp-content\/uploads\/2023\/02\/Andres.jpg&#8221; admin_label=&#8221;Blurb Andr\u00e9s&#8221; _builder_version=&#8221;4.19.5&#8243; _module_preset=&#8221;default&#8221; body_font=&#8221;Actor||||||||&#8221; body_font_size=&#8221;12px&#8221; border_width_all_image=&#8221;5px&#8221; border_color_all_image=&#8221;#dd763b&#8221; global_colors_info=&#8221;{}&#8221;]<\/p>\n<h4 style=\"text-align: left;\"><strong>Arq. Andr\u00e9s Sant\u00edn<\/strong><\/h4>\n<hr \/>\n<p>Arquitecto (2018, FADU, UdelaR), actualmente realizando cursos de educaci\u00f3n permanente en torno a la tem\u00e1tica de Investigaci\u00f3n en el proyecto de Arquitectura. Docente G\u00ba1 en los cursos de Proyecto y Representaci\u00f3n del Taller Schelotto, Docente G\u00ba1 en la Optativa de Inicio El Proyecto de la Arquitectura y la Luz. Experiencia en el \u00e1mbito p\u00fablico en la Divisi\u00f3n Arquitectura y Urbanismo, Municipio F (IM). Experiencia en el \u00e1mbito privado como Profesional independiente, integrante de equipos para presentaci\u00f3n de concursos.<br \/>Experiencia en viaje como estudiante: 2018.<br \/>Integrante de la Comisi\u00f3n Ejecutiva del Grupo de Viaje Gen 2011.<\/p>\n<p>[\/et_pb_blurb][\/et_pb_column][\/et_pb_row][et_pb_row column_structure=&#8221;1_3,1_3,1_3&#8243; _builder_version=&#8221;4.18.0&#8243; _module_preset=&#8221;default&#8221; global_colors_info=&#8221;{}&#8221;][et_pb_column type=&#8221;1_3&#8243; _builder_version=&#8221;4.18.0&#8243; _module_preset=&#8221;default&#8221; global_colors_info=&#8221;{}&#8221;][et_pb_blurb image=&#8221;https:\/\/plexo.edu.uy\/wp-content\/uploads\/2023\/02\/Camilo.jpg&#8221; admin_label=&#8221;Blurb Camilo&#8221; _builder_version=&#8221;4.19.5&#8243; _module_preset=&#8221;default&#8221; header_level=&#8221;h3&#8243; header_font=&#8221;|||on|||||&#8221; header_text_align=&#8221;left&#8221; header_text_color=&#8221;#000000&#8243; body_font=&#8221;Actor||||||||&#8221; body_text_align=&#8221;justify&#8221; body_font_size=&#8221;12px&#8221; border_width_all_image=&#8221;5px&#8221; border_color_all_image=&#8221;#dd763b&#8221; global_colors_info=&#8221;{}&#8221;]<\/p>\n<h4 style=\"text-align: left;\"><strong>Arq. Camilo \u00c1lvarez<\/strong><\/h4>\n<hr \/>\n<p>Arquitecto (2019, FADU, UdelaR). Diplomando desde 2020 en Especializaci\u00f3n en Intervenci\u00f3n en el Patrimonio Arquitect\u00f3nico (FADU, UdelaR). Maestrando (2022) en el M\u00e1ster Universitario en Estudios Avanzados en Arquitectura (ETSAB-UPC, Barcelona &#8211; Espa\u00f1a). Docente G1 en Taller Schelotto, y del Centro de Integraci\u00f3n Digital (CID). Forma parte del equipo de proyectos de extensi\u00f3n Wikiplexo.<br \/>Experiencia en viaje como estudiante: 2015.<\/p>\n<p>[\/et_pb_blurb][\/et_pb_column][et_pb_column type=&#8221;1_3&#8243; _builder_version=&#8221;4.18.0&#8243; _module_preset=&#8221;default&#8221; global_colors_info=&#8221;{}&#8221;][et_pb_blurb image=&#8221;https:\/\/plexo.edu.uy\/wp-content\/uploads\/2023\/02\/Pablo.jpg&#8221; admin_label=&#8221;Blurb Pablo&#8221; _builder_version=&#8221;4.19.5&#8243; _module_preset=&#8221;default&#8221; body_font=&#8221;Actor||||||||&#8221; body_font_size=&#8221;12px&#8221; border_width_all_image=&#8221;5px&#8221; border_color_all_image=&#8221;#000000&#8243; global_colors_info=&#8221;{}&#8221;]<\/p>\n<h4 style=\"text-align: left;\"><strong>Mg. Arq. Pablo Can\u00e9n<\/strong><\/h4>\n<hr \/>\n<p>Arquitecto (2013, FADU, UdelaR). Magister en Ordenamiento Territorial (2022, FADU \u2013 UdelaR). Docente G\u00ba3 (subrogante) en la Unidad Curricular de Iniciaci\u00f3n a la Arquitectura, Historia II y de proyecto urbano avanzado en Taller Apolo. Integra el EDD Plexo desde los Viajes 2015 y 2018.<br \/>Experiencia en viaje como estudiante: 2013.<br \/>Experiencia en viaje como docente: 2015, 2018.<\/p>\n<p>[\/et_pb_blurb][\/et_pb_column][et_pb_column type=&#8221;1_3&#8243; _builder_version=&#8221;4.18.0&#8243; _module_preset=&#8221;default&#8221; global_colors_info=&#8221;{}&#8221;][et_pb_blurb image=&#8221;https:\/\/plexo.edu.uy\/wp-content\/uploads\/2023\/02\/Gabriela.jpg&#8221; admin_label=&#8221;Blurb Gabriela&#8221; _builder_version=&#8221;4.19.5&#8243; _module_preset=&#8221;default&#8221; body_font=&#8221;Actor||||||||&#8221; body_font_size=&#8221;12px&#8221; border_width_all_image=&#8221;5px&#8221; border_color_all_image=&#8221;#000000&#8243; global_colors_info=&#8221;{}&#8221;]<\/p>\n<h4 style=\"text-align: left;\"><strong>Arq. Gabriela Barber<\/strong><\/h4>\n<hr \/>\n<p>Arquitecta egresada de la Facultad de Arquitectura, UdelaR. Master (c) en dise\u00f1o, gesti\u00f3n y direcci\u00f3n de proyectos de la Universidad Europea Miguel de Cervantes, Espa\u00f1a. Docente del Depinfo y del Vidialab (Farq). Co-fundadora del estudio de arquitectura Dominus Architects. Fot\u00f3grafa profesional.<br \/>Experiencia en viaje como estudiante: 2012.<br \/>Experiencia en viaje como docente: 2015.<\/p>\n<p>[\/et_pb_blurb][\/et_pb_column][\/et_pb_row][et_pb_row column_structure=&#8221;1_3,1_3,1_3&#8243; _builder_version=&#8221;4.18.0&#8243; _module_preset=&#8221;default&#8221; global_colors_info=&#8221;{}&#8221;][et_pb_column type=&#8221;1_3&#8243; _builder_version=&#8221;4.18.0&#8243; _module_preset=&#8221;default&#8221; global_colors_info=&#8221;{}&#8221;][et_pb_blurb image=&#8221;https:\/\/plexo.edu.uy\/wp-content\/uploads\/2023\/02\/Florencia.jpg&#8221; admin_label=&#8221;Blurb Florencia&#8221; _builder_version=&#8221;4.21.0&#8243; _module_preset=&#8221;default&#8221; header_level=&#8221;h3&#8243; header_font=&#8221;|||on|||||&#8221; header_text_align=&#8221;left&#8221; header_text_color=&#8221;#000000&#8243; body_font=&#8221;Actor||||||||&#8221; body_text_align=&#8221;justify&#8221; body_font_size=&#8221;12px&#8221; border_width_all_image=&#8221;5px&#8221; border_color_all_image=&#8221;#000000&#8243; global_colors_info=&#8221;{}&#8221;]<\/p>\n<h4 style=\"text-align: left;\"><strong>Arq. Florencia S\u00e1nchez<\/strong><\/h4>\n<hr \/>\n<p>Arquitecta egresada en 2019 de la Facultad de Arquitectura, Dise\u00f1o y Urbanismo, UdelaR. Maestranda en Estudios Contempor\u00e1neos de Am\u00e9rica Latina (FCS, UdelaR). Practica el ejercicio libre de la profesi\u00f3n. Docente en instituci\u00f3n privada especializada en Autocad e Illustrator desde 2014. Docente colaboradora del Laboratorio de Fabricaci\u00f3n Digital del CID desde 2020. Docente responsable del espacio de tutor\u00edas acad\u00e9micas de ense\u00f1anza media y media superior para proyecto de inclusi\u00f3n social desde 2021.<br \/>Experiencia en viaje como estudiante: 2018.<\/p>\n<p>[\/et_pb_blurb][\/et_pb_column][et_pb_column type=&#8221;1_3&#8243; _builder_version=&#8221;4.18.0&#8243; _module_preset=&#8221;default&#8221; global_colors_info=&#8221;{}&#8221;][et_pb_blurb image=&#8221;https:\/\/plexo.edu.uy\/wp-content\/uploads\/2023\/02\/Laura.jpg&#8221; admin_label=&#8221;Blurb Laura&#8221; _builder_version=&#8221;4.19.5&#8243; _module_preset=&#8221;default&#8221; body_font=&#8221;Actor||||||||&#8221; body_font_size=&#8221;12px&#8221; border_width_all_image=&#8221;5px&#8221; border_color_all_image=&#8221;#000000&#8243; global_colors_info=&#8221;{}&#8221;]<\/p>\n<h4 style=\"text-align: left;\"><strong>Arq. Laura Vizconde<\/strong><\/h4>\n<hr \/>\n<p>Arquitecta (1984 FARQ, UdelaR), Profesora Adjunta G\u00b03 en Taller Schelotto desde el 2000, y previamente en Taller Parodi (1985-2000). Coordinadora de Anteproyectos 1, docente de cursos Opcionales (2011-2016). Tutora de Iniciaci\u00f3n a la Investigaci\u00f3n. Integrante del Equipo Docente Director PLEXO en 2015 y Viaje 2.0 en 2018. Practica el ejercicio libre de la profesi\u00f3n en su estudio particular. Fot\u00f3grafa, participa de exposiciones nacionales e internacionales Jurado por Foto Club Uruguayo y por FADU en concursos de fotograf\u00eda.<\/p>\n<p>[\/et_pb_blurb][\/et_pb_column][et_pb_column type=&#8221;1_3&#8243; _builder_version=&#8221;4.18.0&#8243; _module_preset=&#8221;default&#8221; global_colors_info=&#8221;{}&#8221;][\/et_pb_column][\/et_pb_row][\/et_pb_section][et_pb_section fb_built=&#8221;1&#8243; prev_background_color=&#8221;#ffffff&#8221; admin_label=&#8221;pie&#8221; module_id=&#8221;contacto&#8221; _builder_version=&#8221;4.17.4&#8243; background_image=&#8221;https:\/\/plexo.edu.uy\/wp-content\/uploads\/2022\/03\/Desierto_-Preseleccion-Valerie-Outeiro-scaled-1.jpg&#8221; min_height_tablet=&#8221;&#8221; min_height_phone=&#8221;547px&#8221; min_height_last_edited=&#8221;on|phone&#8221; custom_margin=&#8221;|||&#8221; custom_padding=&#8221;0px|||&#8221; top_divider_style=&#8221;wave2&#8243; top_divider_height=&#8221;48px&#8221; top_divider_flip=&#8221;horizontal&#8221; collapsed=&#8221;off&#8221; global_colors_info=&#8221;{}&#8221;][et_pb_row use_custom_gutter=&#8221;on&#8221; gutter_width=&#8221;1&#8243; custom_padding_last_edited=&#8221;on|tablet&#8221; module_class=&#8221; et_pb_row_fullwidth&#8221; _builder_version=&#8221;4.16&#8243; width=&#8221;100%&#8221; width_tablet=&#8221;100%&#8221; width_phone=&#8221;&#8221; width_last_edited=&#8221;on|desktop&#8221; max_width=&#8221;100%&#8221; max_width_tablet=&#8221;100%&#8221; max_width_phone=&#8221;&#8221; max_width_last_edited=&#8221;on|desktop&#8221; custom_padding=&#8221;74px|0px|82px|0px||&#8221; custom_padding_tablet=&#8221;0px|||&#8221; custom_padding_phone=&#8221;&#8221; make_fullwidth=&#8221;on&#8221; collapsed=&#8221;on&#8221; global_colors_info=&#8221;{}&#8221;][et_pb_column type=&#8221;4_4&#8243; _builder_version=&#8221;4.16&#8243; custom_padding=&#8221;|||&#8221; global_colors_info=&#8221;{}&#8221; custom_padding__hover=&#8221;|||&#8221;][et_pb_text admin_label=&#8221;Texto&#8221; _builder_version=&#8221;4.17.4&#8243; text_font=&#8221;||||&#8221; text_text_color=&#8221;#fcdc54&#8243; text_line_height=&#8221;1em&#8221; header_font=&#8221;|700|||||||&#8221; header_text_align=&#8221;center&#8221; header_text_color=&#8221;#fcdc54&#8243; header_font_size=&#8221;40px&#8221; header_letter_spacing=&#8221;3px&#8221; header_line_height=&#8221;1.3em&#8221; module_alignment=&#8221;center&#8221; custom_margin=&#8221;2%||4.1%||false|false&#8221; custom_margin_tablet=&#8221;&#8221; custom_margin_phone=&#8221;26%||19%||false|false&#8221; custom_margin_last_edited=&#8221;on|phone&#8221; custom_padding=&#8221;||||false|false&#8221; animation_style=&#8221;slide&#8221; animation_direction=&#8221;top&#8221; animation_intensity_slide=&#8221;10%&#8221; locked=&#8221;off&#8221; global_colors_info=&#8221;{}&#8221;]<\/p>\n<h1>\u00bfviajamos?<\/h1>\n<p>[\/et_pb_text][et_pb_button button_url=&#8221;https:\/\/t.me\/+hHXAAoqBKDY1MTEx&#8221; url_new_window=&#8221;on&#8221; button_text=&#8221;Canal PLEXO en Telegram&#8221; button_alignment=&#8221;center&#8221; _builder_version=&#8221;4.18.0&#8243; _module_preset=&#8221;default&#8221; custom_button=&#8221;on&#8221; button_text_color=&#8221;#FFFFFF&#8221; button_bg_color=&#8221;#c15f19&#8243; button_border_width=&#8221;3px&#8221; button_border_radius=&#8221;10px&#8221; button_font=&#8221;|||on|||||&#8221; background_layout=&#8221;dark&#8221; global_colors_info=&#8221;{}&#8221;][\/et_pb_button][dipl_form_styler form_type=&#8221;contact_form_7&#8243; cf7_form_id=&#8221;8675&#8243; input_text_color=&#8221;#5b5b5b&#8221; submit_bg_color=&#8221;rgba(0,0,0,0.48)&#8221; _builder_version=&#8221;4.17.4&#8243; _module_preset=&#8221;default&#8221; label_font=&#8221;||||||||&#8221; label_text_color=&#8221;rgba(0,0,0,0.5)&#8221; label_font_size=&#8221;18px&#8221; input_font_size=&#8221;18px&#8221; placeholder_font=&#8221;||||||||&#8221; submit_button_text_font=&#8221;|||on|||||&#8221; submit_button_text_text_color=&#8221;#FFFFFF&#8221; submit_button_text_font_size=&#8221;22px&#8221; text_orientation=&#8221;center&#8221; custom_padding=&#8221;79px|30px|20px|30px|false|false&#8221; border_width_all_input=&#8221;0px&#8221; border_width_all_submit_button=&#8221;0px&#8221; border_color_all_submit_button=&#8221;RGBA(255,255,255,0)&#8221; box_shadow_style_input=&#8221;preset1&#8243; box_shadow_style_submit_button=&#8221;preset1&#8243; global_colors_info=&#8221;{}&#8221;][\/dipl_form_styler][\/et_pb_column][\/et_pb_row][\/et_pb_section]<\/p>\n","protected":false},"excerpt":{"rendered":"<p>PLEXO es un Think\/do Tank del Viaje de Arquitectura. Estudia de manera cr\u00edtica las implicancias del viaje, su perspectiva hist\u00f3rica, y sus potencialidades, desde la visi\u00f3n de la academia. PLEXO ha sido el equipo rector de los Viajes de Arquitectura en 2011, 2015 y 2018. <\/p>\n","protected":false},"author":1,"featured_media":9105,"parent":0,"menu_order":0,"comment_status":"closed","ping_status":"closed","template":"","meta":{"_et_pb_use_builder":"on","_et_pb_old_content":"","_et_gb_content_width":"","footnotes":""},"class_list":["post-8009","page","type-page","status-publish","has-post-thumbnail","hentry"],"_links":{"self":[{"href":"https:\/\/plexo.edu.uy\/index.php\/wp-json\/wp\/v2\/pages\/8009","targetHints":{"allow":["GET"]}}],"collection":[{"href":"https:\/\/plexo.edu.uy\/index.php\/wp-json\/wp\/v2\/pages"}],"about":[{"href":"https:\/\/plexo.edu.uy\/index.php\/wp-json\/wp\/v2\/types\/page"}],"author":[{"embeddable":true,"href":"https:\/\/plexo.edu.uy\/index.php\/wp-json\/wp\/v2\/users\/1"}],"replies":[{"embeddable":true,"href":"https:\/\/plexo.edu.uy\/index.php\/wp-json\/wp\/v2\/comments?post=8009"}],"version-history":[{"count":0,"href":"https:\/\/plexo.edu.uy\/index.php\/wp-json\/wp\/v2\/pages\/8009\/revisions"}],"wp:featuredmedia":[{"embeddable":true,"href":"https:\/\/plexo.edu.uy\/index.php\/wp-json\/wp\/v2\/media\/9105"}],"wp:attachment":[{"href":"https:\/\/plexo.edu.uy\/index.php\/wp-json\/wp\/v2\/media?parent=8009"}],"curies":[{"name":"wp","href":"https:\/\/api.w.org\/{rel}","templated":true}]}}